{"id":4471,"date":"2023-03-14T12:37:48","date_gmt":"2023-03-14T11:37:48","guid":{"rendered":"https:\/\/hotelisard.seoagil.com\/hotel\/"},"modified":"2026-03-19T14:37:44","modified_gmt":"2026-03-19T13:37:44","slug":"hotel","status":"publish","type":"page","link":"https:\/\/www.hotelisard.com\/ca\/hotel\/","title":{"rendered":"HOTEL"},"content":{"rendered":"\t\t<div data-elementor-type=\"wp-post\" data-elementor-id=\"4471\" class=\"elementor elementor-4471 elementor-653\" data-elementor-post-type=\"page\">\n\t\t\t\t\t\t<section class=\"elementor-section elementor-top-section elementor-element elementor-element-b4befea elementor-section-boxed elementor-section-height-default elementor-section-height-default\" data-id=\"b4befea\" data-element_type=\"section\" data-e-type=\"section\">\n\t\t\t\t\t\t<div class=\"elementor-container elementor-column-gap-default\">\n\t\t\t\t\t<div class=\"elementor-column elementor-col-100 elementor-top-column elementor-element elementor-element-e64d4e7\" data-id=\"e64d4e7\" data-element_type=\"column\" data-e-type=\"column\">\n\t\t\t<div class=\"elementor-widget-wrap elementor-element-populated\">\n\t\t\t\t\t\t<div class=\"elementor-element elementor-element-df1238c elementor-widget elementor-widget-heading\" data-id=\"df1238c\" data-element_type=\"widget\" data-e-type=\"widget\" data-widget_type=\"heading.default\">\n\t\t\t\t<div class=\"elementor-widget-container\">\n\t\t\t\t\t<h1 class=\"elementor-heading-title elementor-size-default\">HOTEL ISARD<\/h1>\t\t\t\t<\/div>\n\t\t\t\t<\/div>\n\t\t\t\t\t<\/div>\n\t\t<\/div>\n\t\t\t\t\t<\/div>\n\t\t<\/section>\n\t\t\t\t<section class=\"elementor-section elementor-top-section elementor-element elementor-element-2a7a37f elementor-section-height-min-height elementor-section-boxed elementor-section-height-default elementor-section-items-middle\" data-id=\"2a7a37f\" data-element_type=\"section\" data-e-type=\"section\">\n\t\t\t\t\t\t<div class=\"elementor-container elementor-column-gap-no\">\n\t\t\t\t\t<div class=\"elementor-column elementor-col-50 elementor-top-column elementor-element elementor-element-51e876b\" data-id=\"51e876b\" data-element_type=\"column\" data-e-type=\"column\">\n\t\t\t<div class=\"elementor-widget-wrap elementor-element-populated\">\n\t\t\t\t\t\t<div class=\"elementor-element elementor-element-8e7c741 elementor-widget elementor-widget-heading\" data-id=\"8e7c741\" data-element_type=\"widget\" data-e-type=\"widget\" data-widget_type=\"heading.default\">\n\t\t\t\t<div class=\"elementor-widget-container\">\n\t\t\t\t\t<h2 class=\"elementor-heading-title elementor-size-default\">Viu una experi\u00e8ncia completa al centre d'Andorra.<\/h2>\t\t\t\t<\/div>\n\t\t\t\t<\/div>\n\t\t\t\t\t<\/div>\n\t\t<\/div>\n\t\t\t\t<div class=\"elementor-column elementor-col-50 elementor-top-column elementor-element elementor-element-f19aaca\" data-id=\"f19aaca\" data-element_type=\"column\" data-e-type=\"column\" data-settings=\"{&quot;background_background&quot;:&quot;classic&quot;,&quot;background_motion_fx_motion_fx_scrolling&quot;:&quot;yes&quot;,&quot;background_motion_fx_translateX_effect&quot;:&quot;yes&quot;,&quot;background_motion_fx_translateX_speed&quot;:{&quot;unit&quot;:&quot;px&quot;,&quot;size&quot;:0.6,&quot;sizes&quot;:[]},&quot;background_motion_fx_devices&quot;:[&quot;desktop&quot;,&quot;tablet&quot;],&quot;background_motion_fx_translateX_affectedRange&quot;:{&quot;unit&quot;:&quot;%&quot;,&quot;size&quot;:&quot;&quot;,&quot;sizes&quot;:{&quot;start&quot;:0,&quot;end&quot;:100}}}\">\n\t\t\t<div class=\"elementor-widget-wrap elementor-element-populated\">\n\t\t\t\t\t\t<div class=\"elementor-element elementor-element-4dcef4c elementor-widget elementor-widget-image\" data-id=\"4dcef4c\" data-element_type=\"widget\" data-e-type=\"widget\" data-widget_type=\"image.default\">\n\t\t\t\t<div class=\"elementor-widget-container\">\n\t\t\t\t\t\t\t\t\t\t\t\t\t\t\t<img fetchpriority=\"high\" decoding=\"async\" width=\"544\" height=\"688\" src=\"https:\/\/www.hotelisard.com\/wp-content\/uploads\/2023\/03\/ISARD-2016-50@2x.png\" class=\"attachment-full size-full wp-image-1723\" alt=\"\" srcset=\"https:\/\/www.hotelisard.com\/wp-content\/uploads\/2023\/03\/ISARD-2016-50@2x.png 544w, https:\/\/www.hotelisard.com\/wp-content\/uploads\/2023\/03\/ISARD-2016-50@2x-237x300.png 237w\" sizes=\"(max-width: 544px) 100vw, 544px\" \/>\t\t\t\t\t\t\t\t\t\t\t\t\t\t\t<\/div>\n\t\t\t\t<\/div>\n\t\t\t\t\t<\/div>\n\t\t<\/div>\n\t\t\t\t\t<\/div>\n\t\t<\/section>\n\t\t\t\t<section class=\"elementor-section elementor-top-section elementor-element elementor-element-9f7de1a elementor-section-boxed elementor-section-height-default elementor-section-height-default\" data-id=\"9f7de1a\" data-element_type=\"section\" data-e-type=\"section\" data-settings=\"{&quot;background_background&quot;:&quot;classic&quot;}\">\n\t\t\t\t\t\t<div class=\"elementor-container elementor-column-gap-default\">\n\t\t\t\t\t<div class=\"elementor-column elementor-col-100 elementor-top-column elementor-element elementor-element-f5c06bc\" data-id=\"f5c06bc\" data-element_type=\"column\" data-e-type=\"column\">\n\t\t\t<div class=\"elementor-widget-wrap elementor-element-populated\">\n\t\t\t\t\t\t<div class=\"elementor-element elementor-element-96a5f54 elementor-widget elementor-widget-heading\" data-id=\"96a5f54\" data-element_type=\"widget\" data-e-type=\"widget\" data-widget_type=\"heading.default\">\n\t\t\t\t<div class=\"elementor-widget-container\">\n\t\t\t\t\t<h2 class=\"elementor-heading-title elementor-size-default\">HOTEL C\u00c8NTRIC:<\/h2>\t\t\t\t<\/div>\n\t\t\t\t<\/div>\n\t\t\t\t<div class=\"elementor-element elementor-element-ad5dbb0 elementor-widget elementor-widget-heading\" data-id=\"ad5dbb0\" data-element_type=\"widget\" data-e-type=\"widget\" data-widget_type=\"heading.default\">\n\t\t\t\t<div class=\"elementor-widget-container\">\n\t\t\t\t\t<h2 class=\"elementor-heading-title elementor-size-default\">Gaudeix de totes les activitats d'Andorra<\/h2>\t\t\t\t<\/div>\n\t\t\t\t<\/div>\n\t\t\t\t<div class=\"elementor-element elementor-element-74cbd24 elementor-widget elementor-widget-text-editor\" data-id=\"74cbd24\" data-element_type=\"widget\" data-e-type=\"widget\" data-widget_type=\"text-editor.default\">\n\t\t\t\t<div class=\"elementor-widget-container\">\n\t\t\t\t\t\t\t\t\t<p>Situat al centre comercial d&#8217;Andorra la Vella, el nostre hotel \u00e9s ideal per a tot tipus d&#8217;estades: compres, copes, viatges gastron\u00f2mics i de negocis, sense oblidar, evidentment, les del\u00edcies que ofereixen els centenars de quil\u00f2metres de pistes d&#8217;esqu\u00ed durant la temporada d&#8217;hivern i el turisme de natura que es pot gaudir al llarg dels estius. A Andorra es pot fer i participar en un gran ventall d&#8217;activitats diferents durant tot l&#8217;any i l&#8217;Hotel de l&#8217;Isard posa a la vostra disposici\u00f3 totes les comoditats perqu\u00e8 les pugueu fer.<\/p>\t\t\t\t\t\t\t\t<\/div>\n\t\t\t\t<\/div>\n\t\t\t\t<div class=\"elementor-element elementor-element-d02025a elementor-align-center NB1 elementor-widget elementor-widget-button\" data-id=\"d02025a\" data-element_type=\"widget\" data-e-type=\"widget\" id=\"NB1\" data-widget_type=\"button.default\">\n\t\t\t\t<div class=\"elementor-widget-container\">\n\t\t\t\t\t\t\t\t\t<div class=\"elementor-button-wrapper\">\n\t\t\t\t\t<a class=\"elementor-button elementor-button-link elementor-size-sm\" href=\"https:\/\/www.hotelisard.com\/ca\/que-fer-a-andorra\/\">\n\t\t\t\t\t\t<span class=\"elementor-button-content-wrapper\">\n\t\t\t\t\t\t\t\t\t<span class=\"elementor-button-text\">M\u00e9s informaci\u00f3 tur\u00edstica.<\/span>\n\t\t\t\t\t<\/span>\n\t\t\t\t\t<\/a>\n\t\t\t\t<\/div>\n\t\t\t\t\t\t\t\t<\/div>\n\t\t\t\t<\/div>\n\t\t\t\t<div class=\"elementor-element elementor-element-01f5aa1 elementor-widget elementor-widget-image\" data-id=\"01f5aa1\" data-element_type=\"widget\" data-e-type=\"widget\" data-widget_type=\"image.default\">\n\t\t\t\t<div class=\"elementor-widget-container\">\n\t\t\t\t\t\t\t\t\t\t\t\t\t\t\t<img decoding=\"async\" width=\"320\" height=\"322\" src=\"https:\/\/www.hotelisard.com\/wp-content\/uploads\/2023\/05\/Hotel-Isard-Andorra-1.jpg\" class=\"attachment-large size-large wp-image-4134\" alt=\"\" srcset=\"https:\/\/www.hotelisard.com\/wp-content\/uploads\/2023\/05\/Hotel-Isard-Andorra-1.jpg 320w, https:\/\/www.hotelisard.com\/wp-content\/uploads\/2023\/05\/Hotel-Isard-Andorra-1-298x300.jpg 298w, https:\/\/www.hotelisard.com\/wp-content\/uploads\/2023\/05\/Hotel-Isard-Andorra-1-150x150.jpg 150w\" sizes=\"(max-width: 320px) 100vw, 320px\" \/>\t\t\t\t\t\t\t\t\t\t\t\t\t\t\t<\/div>\n\t\t\t\t<\/div>\n\t\t\t\t\t<\/div>\n\t\t<\/div>\n\t\t\t\t\t<\/div>\n\t\t<\/section>\n\t\t\t\t<section class=\"elementor-section elementor-top-section elementor-element elementor-element-9d42494 elementor-section-boxed elementor-section-height-default elementor-section-height-default\" data-id=\"9d42494\" data-element_type=\"section\" data-e-type=\"section\">\n\t\t\t\t\t\t<div class=\"elementor-container elementor-column-gap-no\">\n\t\t\t\t\t<div class=\"elementor-column elementor-col-50 elementor-top-column elementor-element elementor-element-1bb5d8c\" data-id=\"1bb5d8c\" data-element_type=\"column\" data-e-type=\"column\">\n\t\t\t<div class=\"elementor-widget-wrap elementor-element-populated\">\n\t\t\t\t\t\t<div class=\"elementor-element elementor-element-ac178b1 elementor-widget elementor-widget-image\" data-id=\"ac178b1\" data-element_type=\"widget\" data-e-type=\"widget\" data-widget_type=\"image.default\">\n\t\t\t\t<div class=\"elementor-widget-container\">\n\t\t\t\t\t\t\t\t\t\t\t\t\t\t\t<img decoding=\"async\" width=\"666\" height=\"703\" src=\"https:\/\/www.hotelisard.com\/wp-content\/uploads\/2023\/03\/0064_HotelIsard_DavidVilanovaPhotography@2x.png\" class=\"attachment-full size-full wp-image-1726\" alt=\"\" srcset=\"https:\/\/www.hotelisard.com\/wp-content\/uploads\/2023\/03\/0064_HotelIsard_DavidVilanovaPhotography@2x.png 666w, https:\/\/www.hotelisard.com\/wp-content\/uploads\/2023\/03\/0064_HotelIsard_DavidVilanovaPhotography@2x-284x300.png 284w\" sizes=\"(max-width: 666px) 100vw, 666px\" \/>\t\t\t\t\t\t\t\t\t\t\t\t\t\t\t<\/div>\n\t\t\t\t<\/div>\n\t\t\t\t\t<\/div>\n\t\t<\/div>\n\t\t\t\t<div class=\"elementor-column elementor-col-50 elementor-top-column elementor-element elementor-element-bbdd135\" data-id=\"bbdd135\" data-element_type=\"column\" data-e-type=\"column\">\n\t\t\t<div class=\"elementor-widget-wrap elementor-element-populated\">\n\t\t\t\t\t\t<div class=\"elementor-element elementor-element-e1bd1eb elementor-widget elementor-widget-heading\" data-id=\"e1bd1eb\" data-element_type=\"widget\" data-e-type=\"widget\" data-widget_type=\"heading.default\">\n\t\t\t\t<div class=\"elementor-widget-container\">\n\t\t\t\t\t<h2 class=\"elementor-heading-title elementor-size-default\">EXPERI\u00c8NCIA I TRADICI\u00d3 HOTELERA<\/h2>\t\t\t\t<\/div>\n\t\t\t\t<\/div>\n\t\t\t\t<div class=\"elementor-element elementor-element-4d97c97 elementor-widget elementor-widget-text-editor\" data-id=\"4d97c97\" data-element_type=\"widget\" data-e-type=\"widget\" data-widget_type=\"text-editor.default\">\n\t\t\t\t<div class=\"elementor-widget-container\">\n\t\t\t\t\t\t\t\t\t<p>L&#8217;hotel Isard, situat al cor de la capital andorrana, \u00e9s un establiment de gesti\u00f3 familiar durant m\u00e9s de tres generacions. \u00c9s per aix\u00f2 que t&#8217;obrim les portes perqu\u00e8 assaboreixis el millor de la tradici\u00f3 d&#8217;Andorra i la seva gent, en un entorn tradicional i modern, on tots els detalls s&#8217;han tingut en compte perqu\u00e8 visquis una experi\u00e8ncia completa al centre d&#8217;Andorra . A l&#8217;Hotel Isard ens caracteritzem per oferir un servei de qualitat i un tracte personalitzat a tots els nostres hostes. Gaudeix de les millors ofertes <\/p>\t\t\t\t\t\t\t\t<\/div>\n\t\t\t\t<\/div>\n\t\t\t\t<div class=\"elementor-element elementor-element-fc233c5 elementor-align-left NB1 elementor-mobile-align-center elementor-widget elementor-widget-button\" data-id=\"fc233c5\" data-element_type=\"widget\" data-e-type=\"widget\" id=\"NB1\" data-widget_type=\"button.default\">\n\t\t\t\t<div class=\"elementor-widget-container\">\n\t\t\t\t\t\t\t\t\t<div class=\"elementor-button-wrapper\">\n\t\t\t\t\t<a class=\"elementor-button elementor-button-link elementor-size-sm\" href=\"http:\/\/www.restaurantisard.com\">\n\t\t\t\t\t\t<span class=\"elementor-button-content-wrapper\">\n\t\t\t\t\t\t\t\t\t<span class=\"elementor-button-text\">Restaurant de L'Isard<\/span>\n\t\t\t\t\t<\/span>\n\t\t\t\t\t<\/a>\n\t\t\t\t<\/div>\n\t\t\t\t\t\t\t\t<\/div>\n\t\t\t\t<\/div>\n\t\t\t\t\t<\/div>\n\t\t<\/div>\n\t\t\t\t\t<\/div>\n\t\t<\/section>\n\t\t\t\t<section class=\"elementor-section elementor-top-section elementor-element elementor-element-9b59a9a elementor-section-boxed elementor-section-height-default elementor-section-height-default\" data-id=\"9b59a9a\" data-element_type=\"section\" data-e-type=\"section\" data-settings=\"{&quot;background_background&quot;:&quot;classic&quot;}\">\n\t\t\t\t\t\t<div class=\"elementor-container elementor-column-gap-default\">\n\t\t\t\t\t<div class=\"elementor-column elementor-col-100 elementor-top-column elementor-element elementor-element-1442b27\" data-id=\"1442b27\" data-element_type=\"column\" data-e-type=\"column\">\n\t\t\t<div class=\"elementor-widget-wrap elementor-element-populated\">\n\t\t\t\t\t\t<div class=\"elementor-element elementor-element-3c04968 elementor-absolute elementor-widget elementor-widget-image\" data-id=\"3c04968\" data-element_type=\"widget\" data-e-type=\"widget\" id=\"restaurante\" data-settings=\"{&quot;_position&quot;:&quot;absolute&quot;}\" data-widget_type=\"image.default\">\n\t\t\t\t<div class=\"elementor-widget-container\">\n\t\t\t\t\t\t\t\t\t\t\t\t\t\t\t<img loading=\"lazy\" decoding=\"async\" width=\"774\" height=\"774\" src=\"https:\/\/www.hotelisard.com\/wp-content\/uploads\/2023\/03\/Grupo-162@2x.png\" class=\"attachment-full size-full wp-image-1633\" alt=\"\" srcset=\"https:\/\/www.hotelisard.com\/wp-content\/uploads\/2023\/03\/Grupo-162@2x.png 774w, https:\/\/www.hotelisard.com\/wp-content\/uploads\/2023\/03\/Grupo-162@2x-300x300.png 300w, https:\/\/www.hotelisard.com\/wp-content\/uploads\/2023\/03\/Grupo-162@2x-150x150.png 150w, https:\/\/www.hotelisard.com\/wp-content\/uploads\/2023\/03\/Grupo-162@2x-768x768.png 768w, https:\/\/www.hotelisard.com\/wp-content\/uploads\/2023\/03\/Grupo-162@2x-600x600.png 600w\" sizes=\"(max-width: 774px) 100vw, 774px\" \/>\t\t\t\t\t\t\t\t\t\t\t\t\t\t\t<\/div>\n\t\t\t\t<\/div>\n\t\t\t\t<div class=\"elementor-element elementor-element-5e4305b elementor-widget elementor-widget-image\" data-id=\"5e4305b\" data-element_type=\"widget\" data-e-type=\"widget\" data-widget_type=\"image.default\">\n\t\t\t\t<div class=\"elementor-widget-container\">\n\t\t\t\t\t\t\t\t\t\t\t\t\t\t\t<img decoding=\"async\" src=\"https:\/\/www.hotelisard.com\/wp-content\/uploads\/2023\/05\/vi_celistia.jpg\" class=\"attachment-full size-full wp-image-4138\" alt=\"\" \/>\t\t\t\t\t\t\t\t\t\t\t\t\t\t\t<\/div>\n\t\t\t\t<\/div>\n\t\t\t\t<div class=\"elementor-element elementor-element-cd45b30 elementor-widget elementor-widget-heading\" data-id=\"cd45b30\" data-element_type=\"widget\" data-e-type=\"widget\" data-widget_type=\"heading.default\">\n\t\t\t\t<div class=\"elementor-widget-container\">\n\t\t\t\t\t<h2 class=\"elementor-heading-title elementor-size-default\">LA MILLOR GASTRONOMIA<\/h2>\t\t\t\t<\/div>\n\t\t\t\t<\/div>\n\t\t\t\t<div class=\"elementor-element elementor-element-42a5899 elementor-widget elementor-widget-heading\" data-id=\"42a5899\" data-element_type=\"widget\" data-e-type=\"widget\" data-widget_type=\"heading.default\">\n\t\t\t\t<div class=\"elementor-widget-container\">\n\t\t\t\t\t<h2 class=\"elementor-heading-title elementor-size-default\">Andorrana, catalana i francesa en un sol establiment<\/h2>\t\t\t\t<\/div>\n\t\t\t\t<\/div>\n\t\t\t\t<div class=\"elementor-element elementor-element-9cb3c5c elementor-widget elementor-widget-text-editor\" data-id=\"9cb3c5c\" data-element_type=\"widget\" data-e-type=\"widget\" data-widget_type=\"text-editor.default\">\n\t\t\t\t<div class=\"elementor-widget-container\">\n\t\t\t\t\t\t\t\t\t<p>Situat a la planta baixa de l&#8217;hotel i amb capacitat per a 90 persones, al nostre restaurant oferim servei de men\u00fa i tamb\u00e9 de carta per tal d&#8217;adaptar-nos a les vostres necessitats i desitjos. Una cuina d&#8217;alta muntanya, rica, i plena de sabors diferents amb un toc tradicional, que no podia faltar als serveis que l&#8217;hotel posa a disposici\u00f3 dels seus clients, aix\u00ed com aquells visitants que vulguin passar una agradable vetllada gastron\u00f2mica entre nosaltres.<\/p>\t\t\t\t\t\t\t\t<\/div>\n\t\t\t\t<\/div>\n\t\t\t\t<section class=\"elementor-section elementor-inner-section elementor-element elementor-element-19c0950 elementor-section-boxed elementor-section-height-default elementor-section-height-default\" data-id=\"19c0950\" data-element_type=\"section\" data-e-type=\"section\">\n\t\t\t\t\t\t<div class=\"elementor-container elementor-column-gap-default\">\n\t\t\t\t\t<div class=\"elementor-column elementor-col-20 elementor-inner-column elementor-element elementor-element-063b9da\" data-id=\"063b9da\" data-element_type=\"column\" data-e-type=\"column\">\n\t\t\t<div class=\"elementor-widget-wrap\">\n\t\t\t\t\t\t\t<\/div>\n\t\t<\/div>\n\t\t\t\t<div class=\"elementor-column elementor-col-20 elementor-inner-column elementor-element elementor-element-251dfe7\" data-id=\"251dfe7\" data-element_type=\"column\" data-e-type=\"column\">\n\t\t\t<div class=\"elementor-widget-wrap elementor-element-populated\">\n\t\t\t\t\t\t<div class=\"elementor-element elementor-element-56ca3bb elementor-widget elementor-widget-image\" data-id=\"56ca3bb\" data-element_type=\"widget\" data-e-type=\"widget\" data-widget_type=\"image.default\">\n\t\t\t\t<div class=\"elementor-widget-container\">\n\t\t\t\t\t\t\t\t\t\t\t\t\t\t\t<img decoding=\"async\" src=\"https:\/\/www.hotelisard.com\/wp-content\/uploads\/2023\/05\/0040_HotelIsard_DavidVilanovaPhotography.jpg\" class=\"attachment-full size-full wp-image-4145\" alt=\"\" \/>\t\t\t\t\t\t\t\t\t\t\t\t\t\t\t<\/div>\n\t\t\t\t<\/div>\n\t\t\t\t\t<\/div>\n\t\t<\/div>\n\t\t\t\t<div class=\"elementor-column elementor-col-20 elementor-inner-column elementor-element elementor-element-5578175\" data-id=\"5578175\" data-element_type=\"column\" data-e-type=\"column\">\n\t\t\t<div class=\"elementor-widget-wrap elementor-element-populated\">\n\t\t\t\t\t\t<div class=\"elementor-element elementor-element-6d51bc5 elementor-widget elementor-widget-image\" data-id=\"6d51bc5\" data-element_type=\"widget\" data-e-type=\"widget\" data-widget_type=\"image.default\">\n\t\t\t\t<div class=\"elementor-widget-container\">\n\t\t\t\t\t\t\t\t\t\t\t\t\t\t\t<img loading=\"lazy\" decoding=\"async\" width=\"529\" height=\"663\" src=\"https:\/\/www.hotelisard.com\/wp-content\/uploads\/2023\/04\/amanida@2x.jpg\" class=\"attachment-full size-full wp-image-3364\" alt=\"\" srcset=\"https:\/\/www.hotelisard.com\/wp-content\/uploads\/2023\/04\/amanida@2x.jpg 529w, https:\/\/www.hotelisard.com\/wp-content\/uploads\/2023\/04\/amanida@2x-239x300.jpg 239w\" sizes=\"(max-width: 529px) 100vw, 529px\" \/>\t\t\t\t\t\t\t\t\t\t\t\t\t\t\t<\/div>\n\t\t\t\t<\/div>\n\t\t\t\t\t<\/div>\n\t\t<\/div>\n\t\t\t\t<div class=\"elementor-column elementor-col-20 elementor-inner-column elementor-element elementor-element-2081f7f\" data-id=\"2081f7f\" data-element_type=\"column\" data-e-type=\"column\">\n\t\t\t<div class=\"elementor-widget-wrap elementor-element-populated\">\n\t\t\t\t\t\t<div class=\"elementor-element elementor-element-eddb19a elementor-widget elementor-widget-image\" data-id=\"eddb19a\" data-element_type=\"widget\" data-e-type=\"widget\" data-widget_type=\"image.default\">\n\t\t\t\t<div class=\"elementor-widget-container\">\n\t\t\t\t\t\t\t\t\t\t\t\t\t\t\t<img loading=\"lazy\" decoding=\"async\" width=\"529\" height=\"663\" src=\"https:\/\/www.hotelisard.com\/wp-content\/uploads\/2023\/04\/cava@2x.jpg\" class=\"attachment-full size-full wp-image-3368\" alt=\"\" srcset=\"https:\/\/www.hotelisard.com\/wp-content\/uploads\/2023\/04\/cava@2x.jpg 529w, https:\/\/www.hotelisard.com\/wp-content\/uploads\/2023\/04\/cava@2x-239x300.jpg 239w\" sizes=\"(max-width: 529px) 100vw, 529px\" \/>\t\t\t\t\t\t\t\t\t\t\t\t\t\t\t<\/div>\n\t\t\t\t<\/div>\n\t\t\t\t\t<\/div>\n\t\t<\/div>\n\t\t\t\t<div class=\"elementor-column elementor-col-20 elementor-inner-column elementor-element elementor-element-15e2d0f\" data-id=\"15e2d0f\" data-element_type=\"column\" data-e-type=\"column\">\n\t\t\t<div class=\"elementor-widget-wrap\">\n\t\t\t\t\t\t\t<\/div>\n\t\t<\/div>\n\t\t\t\t\t<\/div>\n\t\t<\/section>\n\t\t\t\t<div class=\"elementor-element elementor-element-fa536fc elementor-widget elementor-widget-text-editor\" data-id=\"fa536fc\" data-element_type=\"widget\" data-e-type=\"widget\" data-widget_type=\"text-editor.default\">\n\t\t\t\t<div class=\"elementor-widget-container\">\n\t\t\t\t\t\t\t\t\t<p>El Restaurant de l&#8217;Isard tamb\u00e9 disposa de men\u00fas especials per a grups, convencions i esdeveniments en general. Aprofita tamb\u00e9 per informar-te sobre les tarifes especials per a grups que oferim tant en r\u00e8gim d&#8217;allotjament i esmorzar com completa i mitja pensi\u00f3. Saber m\u00e9s sobre la nostra oferta gastron\u00f2mica.<\/p>\t\t\t\t\t\t\t\t<\/div>\n\t\t\t\t<\/div>\n\t\t\t\t<div class=\"elementor-element elementor-element-40d8bc1 elementor-align-center NB1 elementor-widget elementor-widget-button\" data-id=\"40d8bc1\" data-element_type=\"widget\" data-e-type=\"widget\" id=\"NB1\" data-widget_type=\"button.default\">\n\t\t\t\t<div class=\"elementor-widget-container\">\n\t\t\t\t\t\t\t\t\t<div class=\"elementor-button-wrapper\">\n\t\t\t\t\t<a class=\"elementor-button elementor-button-link elementor-size-sm\" href=\"https:\/\/restaurantisard.com\/ca\/\" target=\"_blank\">\n\t\t\t\t\t\t<span class=\"elementor-button-content-wrapper\">\n\t\t\t\t\t\t\t\t\t<span class=\"elementor-button-text\">Restaurant de L'Isard<\/span>\n\t\t\t\t\t<\/span>\n\t\t\t\t\t<\/a>\n\t\t\t\t<\/div>\n\t\t\t\t\t\t\t\t<\/div>\n\t\t\t\t<\/div>\n\t\t\t\t\t<\/div>\n\t\t<\/div>\n\t\t\t\t\t<\/div>\n\t\t<\/section>\n\t\t\t\t<section class=\"elementor-section elementor-top-section elementor-element elementor-element-cf2cdfa elementor-section-boxed elementor-section-height-default elementor-section-height-default\" data-id=\"cf2cdfa\" data-element_type=\"section\" data-e-type=\"section\" data-settings=\"{&quot;background_background&quot;:&quot;classic&quot;}\">\n\t\t\t\t\t\t<div class=\"elementor-container elementor-column-gap-default\">\n\t\t\t\t\t<div class=\"elementor-column elementor-col-100 elementor-top-column elementor-element elementor-element-8f18128\" data-id=\"8f18128\" data-element_type=\"column\" data-e-type=\"column\">\n\t\t\t<div class=\"elementor-widget-wrap elementor-element-populated\">\n\t\t\t\t\t\t<section class=\"elementor-section elementor-inner-section elementor-element elementor-element-a7e2b76 elementor-section-boxed elementor-section-height-default elementor-section-height-default\" data-id=\"a7e2b76\" data-element_type=\"section\" data-e-type=\"section\">\n\t\t\t\t\t\t<div class=\"elementor-container elementor-column-gap-default\">\n\t\t\t\t\t<div class=\"elementor-column elementor-col-100 elementor-inner-column elementor-element elementor-element-132dd3c\" data-id=\"132dd3c\" data-element_type=\"column\" data-e-type=\"column\" data-settings=\"{&quot;background_background&quot;:&quot;classic&quot;}\">\n\t\t\t<div class=\"elementor-widget-wrap elementor-element-populated\">\n\t\t\t\t\t\t<div class=\"elementor-element elementor-element-bbb1d05 elementor-widget elementor-widget-heading\" data-id=\"bbb1d05\" data-element_type=\"widget\" data-e-type=\"widget\" data-widget_type=\"heading.default\">\n\t\t\t\t<div class=\"elementor-widget-container\">\n\t\t\t\t\t<h2 class=\"elementor-heading-title elementor-size-default\">T'AGRADA EL SHOPPING?<\/h2>\t\t\t\t<\/div>\n\t\t\t\t<\/div>\n\t\t\t\t<div class=\"elementor-element elementor-element-65f5f31 elementor-widget elementor-widget-heading\" data-id=\"65f5f31\" data-element_type=\"widget\" data-e-type=\"widget\" data-widget_type=\"heading.default\">\n\t\t\t\t<div class=\"elementor-widget-container\">\n\t\t\t\t\t<h2 class=\"elementor-heading-title elementor-size-default\">Tenim descomptes i ofertes especials als principals centres comercials<\/h2>\t\t\t\t<\/div>\n\t\t\t\t<\/div>\n\t\t\t\t<div class=\"elementor-element elementor-element-22764b1 elementor-widget elementor-widget-text-editor\" data-id=\"22764b1\" data-element_type=\"widget\" data-e-type=\"widget\" data-widget_type=\"text-editor.default\">\n\t\t\t\t<div class=\"elementor-widget-container\">\n\t\t\t\t\t\t\t\t\t<p>Si ets client de l&#8217;Isard et pots beneficiar de descomptes i ofertes especials als principals centres comercials del centre d&#8217;Andorra com ara Pyr\u00e9n\u00e9es, etc. Reserva amb nosaltres i informa&#8217;t a recepci\u00f3.<\/p>\t\t\t\t\t\t\t\t<\/div>\n\t\t\t\t<\/div>\n\t\t\t\t<div class=\"elementor-element elementor-element-8d43f41 elementor-align-center NB1 elementor-widget elementor-widget-button\" data-id=\"8d43f41\" data-element_type=\"widget\" data-e-type=\"widget\" id=\"NB1\" data-widget_type=\"button.default\">\n\t\t\t\t<div class=\"elementor-widget-container\">\n\t\t\t\t\t\t\t\t\t<div class=\"elementor-button-wrapper\">\n\t\t\t\t\t<a class=\"elementor-button elementor-size-sm\" role=\"button\">\n\t\t\t\t\t\t<span class=\"elementor-button-content-wrapper\">\n\t\t\t\t\t\t\t\t\t<span class=\"elementor-button-text\">M\u00e9s informaci\u00f3 sobre ofertes i descomptes<\/span>\n\t\t\t\t\t<\/span>\n\t\t\t\t\t<\/a>\n\t\t\t\t<\/div>\n\t\t\t\t\t\t\t\t<\/div>\n\t\t\t\t<\/div>\n\t\t\t\t\t<\/div>\n\t\t<\/div>\n\t\t\t\t\t<\/div>\n\t\t<\/section>\n\t\t\t\t\t<\/div>\n\t\t<\/div>\n\t\t\t\t\t<\/div>\n\t\t<\/section>\n\t\t\t\t<\/div>\n\t\t","protected":false},"excerpt":{"rendered":"<p>HOTEL ISARD Viu una experi\u00e8ncia completa al centre d&#8217;Andorra. HOTEL C\u00c8NTRIC: Gaudeix de totes les activitats d&#8217;Andorra Situat al centre comercial d&#8217;Andorra la Vella, el nostre hotel \u00e9s ideal per a tot tipus d&#8217;estades: compres, copes, viatges gastron\u00f2mics i de negocis, sense oblidar, evidentment, les del\u00edcies que ofereixen els centenars de quil\u00f2metres de pistes d&#8217;esqu\u00ed [&hellip;]<\/p>\n","protected":false},"author":4,"featured_media":0,"parent":0,"menu_order":0,"comment_status":"closed","ping_status":"closed","template":"","meta":{"ocean_post_layout":"","ocean_both_sidebars_style":"","ocean_both_sidebars_content_width":0,"ocean_both_sidebars_sidebars_width":0,"ocean_sidebar":"0","ocean_second_sidebar":"0","ocean_disable_margins":"on","ocean_add_body_class":"","ocean_shortcode_before_top_bar":"","ocean_shortcode_after_top_bar":"","ocean_shortcode_before_header":"","ocean_shortcode_after_header":"","ocean_has_shortcode":"","ocean_shortcode_after_title":"","ocean_shortcode_before_footer_widgets":"","ocean_shortcode_after_footer_widgets":"","ocean_shortcode_before_footer_bottom":"","ocean_shortcode_after_footer_bottom":"","ocean_display_top_bar":"default","ocean_display_header":"default","ocean_header_style":"","ocean_center_header_left_menu":"0","ocean_custom_header_template":"0","ocean_custom_logo":0,"ocean_custom_retina_logo":0,"ocean_custom_logo_max_width":0,"ocean_custom_logo_tablet_max_width":0,"ocean_custom_logo_mobile_max_width":0,"ocean_custom_logo_max_height":0,"ocean_custom_logo_tablet_max_height":0,"ocean_custom_logo_mobile_max_height":0,"ocean_header_custom_menu":"0","ocean_menu_typo_font_family":"0","ocean_menu_typo_font_subset":"","ocean_menu_typo_font_size":0,"ocean_menu_typo_font_size_tablet":0,"ocean_menu_typo_font_size_mobile":0,"ocean_menu_typo_font_size_unit":"px","ocean_menu_typo_font_weight":"","ocean_menu_typo_font_weight_tablet":"","ocean_menu_typo_font_weight_mobile":"","ocean_menu_typo_transform":"","ocean_menu_typo_transform_tablet":"","ocean_menu_typo_transform_mobile":"","ocean_menu_typo_line_height":0,"ocean_menu_typo_line_height_tablet":0,"ocean_menu_typo_line_height_mobile":0,"ocean_menu_typo_line_height_unit":"","ocean_menu_typo_spacing":0,"ocean_menu_typo_spacing_tablet":0,"ocean_menu_typo_spacing_mobile":0,"ocean_menu_typo_spacing_unit":"","ocean_menu_link_color":"","ocean_menu_link_color_hover":"","ocean_menu_link_color_active":"","ocean_menu_link_background":"","ocean_menu_link_hover_background":"","ocean_menu_link_active_background":"","ocean_menu_social_links_bg":"","ocean_menu_social_hover_links_bg":"","ocean_menu_social_links_color":"","ocean_menu_social_hover_links_color":"","ocean_disable_title":"on","ocean_disable_heading":"default","ocean_post_title":"","ocean_post_subheading":"","ocean_post_title_style":"","ocean_post_title_background_color":"","ocean_post_title_background":0,"ocean_post_title_bg_image_position":"","ocean_post_title_bg_image_attachment":"","ocean_post_title_bg_image_repeat":"","ocean_post_title_bg_image_size":"","ocean_post_title_height":0,"ocean_post_title_bg_overlay":0.5,"ocean_post_title_bg_overlay_color":"","ocean_disable_breadcrumbs":"default","ocean_breadcrumbs_color":"","ocean_breadcrumbs_separator_color":"","ocean_breadcrumbs_links_color":"","ocean_breadcrumbs_links_hover_color":"","ocean_display_footer_widgets":"default","ocean_display_footer_bottom":"default","ocean_custom_footer_template":"0","footnotes":""},"categoria_pagina":[],"class_list":["post-4471","page","type-page","status-publish","hentry","entry"],"yoast_head":"<!-- This site is optimized with the Yoast SEO Premium plugin v20.10 (Yoast SEO v27.5) - https:\/\/yoast.com\/product\/yoast-seo-premium-wordpress\/ -->\n<title>Hotel a Andorra la Vella | Hotel de l&#039;Isard<\/title>\n<meta name=\"description\" content=\"Situat en ple centre comercial d&#039;Andorra la Vella, el nostre hotel \u00e9s ideal per a tota mena d&#039;estades. M\u00e0xima comoditat. Reserva ara al millor preu!\" \/>\n<meta name=\"robots\" content=\"index, follow, max-snippet:-1, max-image-preview:large, max-video-preview:-1\" \/>\n<link rel=\"canonical\" href=\"https:\/\/www.hotelisard.com\/ca\/hotel\/\" \/>\n<meta property=\"og:locale\" content=\"ca_ES\" \/>\n<meta property=\"og:type\" content=\"article\" \/>\n<meta property=\"og:title\" content=\"HOTEL\" \/>\n<meta property=\"og:description\" content=\"Situat en ple centre comercial d&#039;Andorra la Vella, el nostre hotel \u00e9s ideal per a tota mena d&#039;estades. M\u00e0xima comoditat. Reserva ara al millor preu!\" \/>\n<meta property=\"og:url\" content=\"https:\/\/www.hotelisard.com\/ca\/hotel\/\" \/>\n<meta property=\"og:site_name\" content=\"Hotel Isard\" \/>\n<meta property=\"article:modified_time\" content=\"2026-03-19T13:37:44+00:00\" \/>\n<meta property=\"og:image\" content=\"https:\/\/www.hotelisard.com\/wp-content\/uploads\/2023\/03\/ISARD-2016-50@2x.png\" \/>\n\t<meta property=\"og:image:width\" content=\"544\" \/>\n\t<meta property=\"og:image:height\" content=\"688\" \/>\n\t<meta property=\"og:image:type\" content=\"image\/png\" \/>\n<meta name=\"twitter:card\" content=\"summary_large_image\" \/>\n<meta name=\"twitter:label1\" content=\"Temps estimat de lectura\" \/>\n\t<meta name=\"twitter:data1\" content=\"4 minuts\" \/>\n<script type=\"application\/ld+json\" class=\"yoast-schema-graph\">{\"@context\":\"https:\\\/\\\/schema.org\",\"@graph\":[{\"@type\":\"WebPage\",\"@id\":\"https:\\\/\\\/www.hotelisard.com\\\/ca\\\/hotel\\\/\",\"url\":\"https:\\\/\\\/www.hotelisard.com\\\/ca\\\/hotel\\\/\",\"name\":\"Hotel a Andorra la Vella | Hotel de l'Isard\",\"isPartOf\":{\"@id\":\"https:\\\/\\\/www.hotelisard.com\\\/ca\\\/#website\"},\"primaryImageOfPage\":{\"@id\":\"https:\\\/\\\/www.hotelisard.com\\\/ca\\\/hotel\\\/#primaryimage\"},\"image\":{\"@id\":\"https:\\\/\\\/www.hotelisard.com\\\/ca\\\/hotel\\\/#primaryimage\"},\"thumbnailUrl\":\"https:\\\/\\\/www.hotelisard.com\\\/wp-content\\\/uploads\\\/2023\\\/03\\\/ISARD-2016-50@2x.png\",\"datePublished\":\"2023-03-14T11:37:48+00:00\",\"dateModified\":\"2026-03-19T13:37:44+00:00\",\"description\":\"Situat en ple centre comercial d'Andorra la Vella, el nostre hotel \u00e9s ideal per a tota mena d'estades. M\u00e0xima comoditat. Reserva ara al millor preu!\",\"breadcrumb\":{\"@id\":\"https:\\\/\\\/www.hotelisard.com\\\/ca\\\/hotel\\\/#breadcrumb\"},\"inLanguage\":\"ca\",\"potentialAction\":[{\"@type\":\"ReadAction\",\"target\":[\"https:\\\/\\\/www.hotelisard.com\\\/ca\\\/hotel\\\/\"]}]},{\"@type\":\"ImageObject\",\"inLanguage\":\"ca\",\"@id\":\"https:\\\/\\\/www.hotelisard.com\\\/ca\\\/hotel\\\/#primaryimage\",\"url\":\"https:\\\/\\\/www.hotelisard.com\\\/wp-content\\\/uploads\\\/2023\\\/03\\\/ISARD-2016-50@2x.png\",\"contentUrl\":\"https:\\\/\\\/www.hotelisard.com\\\/wp-content\\\/uploads\\\/2023\\\/03\\\/ISARD-2016-50@2x.png\"},{\"@type\":\"BreadcrumbList\",\"@id\":\"https:\\\/\\\/www.hotelisard.com\\\/ca\\\/hotel\\\/#breadcrumb\",\"itemListElement\":[{\"@type\":\"ListItem\",\"position\":1,\"name\":\"Home\",\"item\":\"https:\\\/\\\/www.hotelisard.com\\\/ca\\\/\"},{\"@type\":\"ListItem\",\"position\":2,\"name\":\"HOTEL\"}]},{\"@type\":\"WebSite\",\"@id\":\"https:\\\/\\\/www.hotelisard.com\\\/ca\\\/#website\",\"url\":\"https:\\\/\\\/www.hotelisard.com\\\/ca\\\/\",\"name\":\"Hotel Isard\",\"description\":\"Hotel Isard\",\"publisher\":{\"@id\":\"https:\\\/\\\/www.hotelisard.com\\\/ca\\\/#organization\"},\"potentialAction\":[{\"@type\":\"SearchAction\",\"target\":{\"@type\":\"EntryPoint\",\"urlTemplate\":\"https:\\\/\\\/www.hotelisard.com\\\/ca\\\/?s={search_term_string}\"},\"query-input\":{\"@type\":\"PropertyValueSpecification\",\"valueRequired\":true,\"valueName\":\"search_term_string\"}}],\"inLanguage\":\"ca\"},{\"@type\":\"Organization\",\"@id\":\"https:\\\/\\\/www.hotelisard.com\\\/ca\\\/#organization\",\"name\":\"Hotel Isard\",\"url\":\"https:\\\/\\\/www.hotelisard.com\\\/ca\\\/\",\"logo\":{\"@type\":\"ImageObject\",\"inLanguage\":\"ca\",\"@id\":\"https:\\\/\\\/www.hotelisard.com\\\/ca\\\/#\\\/schema\\\/logo\\\/image\\\/\",\"url\":\"https:\\\/\\\/www.hotelisard.com\\\/wp-content\\\/uploads\\\/2023\\\/03\\\/LOGO-ISARD@2x.png\",\"contentUrl\":\"https:\\\/\\\/www.hotelisard.com\\\/wp-content\\\/uploads\\\/2023\\\/03\\\/LOGO-ISARD@2x.png\",\"width\":309,\"height\":118,\"caption\":\"Hotel Isard\"},\"image\":{\"@id\":\"https:\\\/\\\/www.hotelisard.com\\\/ca\\\/#\\\/schema\\\/logo\\\/image\\\/\"}}]}<\/script>\n<!-- \/ Yoast SEO Premium plugin. -->","yoast_head_json":{"title":"Hotel a Andorra la Vella | Hotel de l'Isard","description":"Situat en ple centre comercial d'Andorra la Vella, el nostre hotel \u00e9s ideal per a tota mena d'estades. M\u00e0xima comoditat. Reserva ara al millor preu!","robots":{"index":"index","follow":"follow","max-snippet":"max-snippet:-1","max-image-preview":"max-image-preview:large","max-video-preview":"max-video-preview:-1"},"canonical":"https:\/\/www.hotelisard.com\/ca\/hotel\/","og_locale":"ca_ES","og_type":"article","og_title":"HOTEL","og_description":"Situat en ple centre comercial d'Andorra la Vella, el nostre hotel \u00e9s ideal per a tota mena d'estades. M\u00e0xima comoditat. Reserva ara al millor preu!","og_url":"https:\/\/www.hotelisard.com\/ca\/hotel\/","og_site_name":"Hotel Isard","article_modified_time":"2026-03-19T13:37:44+00:00","og_image":[{"width":544,"height":688,"url":"https:\/\/www.hotelisard.com\/wp-content\/uploads\/2023\/03\/ISARD-2016-50@2x.png","type":"image\/png"}],"twitter_card":"summary_large_image","twitter_misc":{"Temps estimat de lectura":"4 minuts"},"schema":{"@context":"https:\/\/schema.org","@graph":[{"@type":"WebPage","@id":"https:\/\/www.hotelisard.com\/ca\/hotel\/","url":"https:\/\/www.hotelisard.com\/ca\/hotel\/","name":"Hotel a Andorra la Vella | Hotel de l'Isard","isPartOf":{"@id":"https:\/\/www.hotelisard.com\/ca\/#website"},"primaryImageOfPage":{"@id":"https:\/\/www.hotelisard.com\/ca\/hotel\/#primaryimage"},"image":{"@id":"https:\/\/www.hotelisard.com\/ca\/hotel\/#primaryimage"},"thumbnailUrl":"https:\/\/www.hotelisard.com\/wp-content\/uploads\/2023\/03\/ISARD-2016-50@2x.png","datePublished":"2023-03-14T11:37:48+00:00","dateModified":"2026-03-19T13:37:44+00:00","description":"Situat en ple centre comercial d'Andorra la Vella, el nostre hotel \u00e9s ideal per a tota mena d'estades. M\u00e0xima comoditat. Reserva ara al millor preu!","breadcrumb":{"@id":"https:\/\/www.hotelisard.com\/ca\/hotel\/#breadcrumb"},"inLanguage":"ca","potentialAction":[{"@type":"ReadAction","target":["https:\/\/www.hotelisard.com\/ca\/hotel\/"]}]},{"@type":"ImageObject","inLanguage":"ca","@id":"https:\/\/www.hotelisard.com\/ca\/hotel\/#primaryimage","url":"https:\/\/www.hotelisard.com\/wp-content\/uploads\/2023\/03\/ISARD-2016-50@2x.png","contentUrl":"https:\/\/www.hotelisard.com\/wp-content\/uploads\/2023\/03\/ISARD-2016-50@2x.png"},{"@type":"BreadcrumbList","@id":"https:\/\/www.hotelisard.com\/ca\/hotel\/#breadcrumb","itemListElement":[{"@type":"ListItem","position":1,"name":"Home","item":"https:\/\/www.hotelisard.com\/ca\/"},{"@type":"ListItem","position":2,"name":"HOTEL"}]},{"@type":"WebSite","@id":"https:\/\/www.hotelisard.com\/ca\/#website","url":"https:\/\/www.hotelisard.com\/ca\/","name":"Hotel Isard","description":"Hotel Isard","publisher":{"@id":"https:\/\/www.hotelisard.com\/ca\/#organization"},"potentialAction":[{"@type":"SearchAction","target":{"@type":"EntryPoint","urlTemplate":"https:\/\/www.hotelisard.com\/ca\/?s={search_term_string}"},"query-input":{"@type":"PropertyValueSpecification","valueRequired":true,"valueName":"search_term_string"}}],"inLanguage":"ca"},{"@type":"Organization","@id":"https:\/\/www.hotelisard.com\/ca\/#organization","name":"Hotel Isard","url":"https:\/\/www.hotelisard.com\/ca\/","logo":{"@type":"ImageObject","inLanguage":"ca","@id":"https:\/\/www.hotelisard.com\/ca\/#\/schema\/logo\/image\/","url":"https:\/\/www.hotelisard.com\/wp-content\/uploads\/2023\/03\/LOGO-ISARD@2x.png","contentUrl":"https:\/\/www.hotelisard.com\/wp-content\/uploads\/2023\/03\/LOGO-ISARD@2x.png","width":309,"height":118,"caption":"Hotel Isard"},"image":{"@id":"https:\/\/www.hotelisard.com\/ca\/#\/schema\/logo\/image\/"}}]}},"_links":{"self":[{"href":"https:\/\/www.hotelisard.com\/ca\/wp-json\/wp\/v2\/pages\/4471","targetHints":{"allow":["GET"]}}],"collection":[{"href":"https:\/\/www.hotelisard.com\/ca\/wp-json\/wp\/v2\/pages"}],"about":[{"href":"https:\/\/www.hotelisard.com\/ca\/wp-json\/wp\/v2\/types\/page"}],"author":[{"embeddable":true,"href":"https:\/\/www.hotelisard.com\/ca\/wp-json\/wp\/v2\/users\/4"}],"replies":[{"embeddable":true,"href":"https:\/\/www.hotelisard.com\/ca\/wp-json\/wp\/v2\/comments?post=4471"}],"version-history":[{"count":6,"href":"https:\/\/www.hotelisard.com\/ca\/wp-json\/wp\/v2\/pages\/4471\/revisions"}],"predecessor-version":[{"id":11394,"href":"https:\/\/www.hotelisard.com\/ca\/wp-json\/wp\/v2\/pages\/4471\/revisions\/11394"}],"wp:attachment":[{"href":"https:\/\/www.hotelisard.com\/ca\/wp-json\/wp\/v2\/media?parent=4471"}],"wp:term":[{"taxonomy":"categoria_pagina","embeddable":true,"href":"https:\/\/www.hotelisard.com\/ca\/wp-json\/wp\/v2\/categoria_pagina?post=4471"}],"curies":[{"name":"wp","href":"https:\/\/api.w.org\/{rel}","templated":true}]}}