{"id":4602,"date":"2023-04-25T17:22:37","date_gmt":"2023-04-25T15:22:37","guid":{"rendered":"https:\/\/hotelisard.seoagil.com\/condiciones-generales\/"},"modified":"2023-09-18T15:40:57","modified_gmt":"2023-09-18T13:40:57","slug":"condicions-generals","status":"publish","type":"page","link":"https:\/\/www.hotelisard.com\/ca\/condicions-generals\/","title":{"rendered":"Condicions generals"},"content":{"rendered":"\n<h2 class=\"wp-block-heading\" id=\"h-1-introduccio\"><strong>1. Introducci\u00f3<\/strong><\/h2>\n\n\n\n<p>El present document t\u00e9 per finalitat regular els TERMES o CONDICIONS GENERALS DE CONTRACTACI\u00d3 dels serveis de Pre-Reserva i Reserva on-line (d&#8217;ara endavant, i indistintament, els serveis de Pre-Reserva i Reserva on-line, o els serveis) d&#8217;HOTEL DE L\u2019ISARD S.L., amb domicili social a Andorra, Av Meritxell 34, constitu\u00efda mitjan\u00e7ant escriptura p\u00fablica atorgada davant el Notari Sr. Josep ESTA\u00d1OL, el dia 30 de juliol de 2002, amb n\u00fam. de protocol 2067 i inscrita en el Registri de Societats del M.I. Govern amb el *num 10409, llibre S-123 folis 137 a 144, i NRT L-705558-F. (d&#8217;ara endavant, Hotel de l\u2019Isard), Tel. +376876800. Els Termes &#8220;Vost\u00e8&#8221; i &#8220;Usuari&#8221; s&#8217;empren aqu\u00ed per a referir-se a tots els individus i\/o entitats que per qualsevol ra\u00f3 accedeixin a&nbsp;https:\/\/www.hotelisard.com o utilitzin els serveis.<\/p>\n\n\n\n<p>La utilitzaci\u00f3 d&#8217;aquests serveis, suposar\u00e0 l&#8217;acceptaci\u00f3 plena i sense reserves, i la validesa, de totes i cadascun dels Termes i\/o Condicions Generals -que es consideraran autom\u00e0ticament incorporades en el contracte que se subscrigui amb Hotel de l\u2019Isard, sense que sigui necess\u00e0ria la seva transcripci\u00f3 escrita en el mateix- recollides en l&#8217;\u00faltima versi\u00f3 actualitzada d&#8217;aquests Termes i\/o Condicions Generals.<\/p>\n\n\n\n<p>Mitjan\u00e7ant la contractaci\u00f3 del serveis disponibles a la p\u00e0gina web, Vost\u00e8 manifesta que \u00e9s una persona amb plena capacitat per contractar.<\/p>\n\n\n\n<h2 class=\"wp-block-heading\">2. Normativa aplicable:<\/h2>\n\n\n\n<p>Aquestes Condicions generals estan subjectes a la normativa andorrana i espec\u00edficament a la Llei 20\/2014, del 16 d\u2019octubre, reguladora de la contractaci\u00f3 electr\u00f2nica i dels operadors que desenvolupen la seva activitat econ\u00f2mica en un espai digital; a la Llei 13\/2013, del 13 de juny, de compet\u00e8ncia efectiva i protecci\u00f3 del consumidor i a la Llei 16\/2017, del 13 de juliol, general de l\u2019allotjament tur\u00edstic.<\/p>\n\n\n\n<h2 class=\"wp-block-heading\"><strong>3. \u00das del serveis de Pre-reserva i reserva on-line d\u2019Hotel de L\u2019Isard<\/strong><\/h2>\n\n\n\n<p>3.1. <a>Serveis de Pre-Reserva<\/a><a href=\"#_msocom_1\">[VR1]<\/a>&nbsp;<\/p>\n\n\n\n<p>Els serveis de Pre-Reserva on-line s\u00f3n merament informatius, i tenen per finalitat \u00fanicament oferir a l&#8217;usuari la possibilitat de consultar la disponibilitat d&#8217;habitaci\u00f3 a l&#8217;hotel. En 24 hores, l\u2019usuari rebr\u00e0 un E-mail confirmant si la seva reserva ha estat efectuada pel que \u00fanicament seran vinculats una vegada acceptats per l\u2019Hotel de L\u2019Isard mitjan\u00e7ant la confirmaci\u00f3 de la reserva per E-mail i posterior abonament de la mateixa per part de l\u2019usuari. L&#8217;usuari ha de verificar la confirmaci\u00f3 de la reserva i notificar a Hotel de l\u2019Isard, immediatament, per escrit, qualsevol error.<\/p>\n\n\n\n<p>3.2. Serveis de Reserva online<\/p>\n\n\n\n<p>a. Els serveis de reserva on-line tenen per finalitat la reserva d&#8217;una habitaci\u00f3 a l&#8217;Hotel de L\u2019Isard. La utilitzaci\u00f3 d\u2019aquests serveis, suposar\u00e0 l\u2019acceptaci\u00f3 plena sense reserves, i la validesa de tots i cadascun dels termes o condicions generals, que es consideraran autom\u00e0ticament incorporades en el contracte que se subscrigui amb l\u2019Hotel de L\u2019Isard, sense que sigui necess\u00e0ria la seva transcripci\u00f3 escrita en el mateix i recollides en l\u2019\u00faltima versi\u00f3 actualitzada d\u2019aquests termes i\/o condicions generals.<\/p>\n\n\n\n<p>b. Procediment de contractaci\u00f3: En utilitzar el servei l&#8217;usuari rebr\u00e0 un E-mail de confirmaci\u00f3 en el qual s&#8217;inclour\u00e0 la confirmaci\u00f3 que la seva ordre de compra es troba en proc\u00e9s de confirmaci\u00f3. Si vost\u00e8 \u00e9s consumidor, una vegada realitzat el c\u00e0rrec corresponent a la seva reserva, rebr\u00e0 un E-mail confirmant-li la mateixa, aquest E-mail li serveixen com a comprovant de la seva reserva. El titular de la targeta de cr\u00e8dit utilitzada per a reservar ha de correspondre a l&#8217;hoste que s&#8217;allotja en l&#8217;establiment. La targeta de cr\u00e8dit utilitzada en la reserva se sol\u00b7licitar\u00e0 a l&#8217;arribada per a verificar que les dades proporcionades siguin correctes. El titular de la targeta de cr\u00e8dit haur\u00e0 d&#8217;estar present en aquest moment.<\/p>\n\n\n\n<p>c. Garantia: La reserva queda confirmada i garantida tota la nit amb targeta de cr\u00e8dit. En cas de no presentar-se a l&#8217;hotel sense previ av\u00eds, es cobrar\u00e0 la primera nit (IGI i taxes incloses).<\/p>\n\n\n\n<p>d. Resoluci\u00f3 del contracte o cancel\u00b7laci\u00f3 de la reserva: La targeta de cr\u00e8dit \u00e9s nom\u00e9s un mitj\u00e0 de garantia. La cancel\u00b7laci\u00f3 de reserves per l&#8217;usuari no li ocasionar\u00e0 despeses de cancel\u00b7laci\u00f3 anticipada, sempre que aquesta s&#8217;efectu\u00ef abans de l&#8217;hora establerta com a l\u00edmit en cada pa\u00eds (hora local de l&#8217;hotel) del dia d&#8217;arribada. Passat aquest llindar, Hotel de l\u2019Isard cobrar\u00e0 en concepte d&#8217;indemnitzaci\u00f3 les despeses de cancel\u00b7laci\u00f3, que ascendiran a l&#8217;import de la primera nit (IGI i taxes incloses). Aquesta cl\u00e0usula no \u00e9s v\u00e0lida per a reserves realitzades amb tarifes especials. En aquest cas, s&#8217;aplicaran les respectives condicions establertes. L&#8217;hora l\u00edmit d&#8217;arribada a l&#8217;hotel \u00e9s les 18.00 h del dia d&#8217;arribada.<\/p>\n\n\n\n<p>e. Pol\u00edtica de menors.<br>Els menors de 18 anys hauran d&#8217;allotjar-se a l&#8217;Hotel acompanyats dels seus pares, tutors o adults degudament autoritzats per aquells. El personal de l&#8217;Hotel podr\u00e0 requerir la documentaci\u00f3 pertinent que identifiqui als adults com els seus pares\/tutors o persones autoritzades.<\/p>\n\n\n\n<p>f. Preus per habitaci\u00f3 i nit.<br>Els preus nom\u00e9s s\u00f3n v\u00e0lids per escrit i durant el termini que en ells s&#8217;indiqui. Quan existeixin raons justificables, Hotel de l\u2019Isard es reserva el dret de modificar aquestes tarifes sense previ av\u00eds. Els preus relatius a la reserva se li indiquessin durant el proc\u00e9s de reserva. Als preus se&#8217;ls aplica el IGI, sense perjudici que se&#8217;ls apliquin tamb\u00e9 impostos addicionals conforme a la regulaci\u00f3 local vigent en cadascun dels pa\u00efsos. Els referits impostos locals hauran de ser abonats directament a l&#8217;hotel.<\/p>\n\n\n\n<p><a>g.&nbsp;Els preus que es mostren en el moment de la reserva inclouen IGI segons la tarifa impositiva aplicable en el moment. En cas que la tarifa impositiva canvi\u00e9s entre la data de la reserva i la data de l\u2019inici dels serveis, generant una disparitat, d&#8217;acord amb les regulacions impositives, la tarifa impositiva que s&#8217;aplicar\u00e0 al preu final ser\u00e0 la que correspongui en el moment del lliurament dels serveis o l&#8217;acumulaci\u00f3 de l&#8217;impost, fins i tot en els casos en qu\u00e8 aix\u00f2 ocasion\u00e9s un augment en relaci\u00f3 amb el preu final indicat al client durant la reserva.<\/a><\/p>\n\n\n\n<p>3.3&nbsp;L&#8217;usuari es compromet a utilitzar els serveis de manera concorde a la Llei, moral, bons costums i ordre p\u00fablic, aix\u00ed com amb el que es disposa en els presents Termes i\/o Condicions Generals de contractaci\u00f3. En conseq\u00fc\u00e8ncia, queda obligat a no utilitzar els serveis, amb finalitats o efectes il\u00b7l\u00edcits i\/o contraris al que s&#8217;estableix en els presents Termes i\/o Condicions Generals de contractaci\u00f3, lesius de drets i\/o interessos de tercers o que, de qualsevol forma, puguin danyar els serveis, Hotel de l\u2019Isard i\/o la seva imatge.<\/p>\n\n\n\n<p>3.4&nbsp;Hotel de l\u2019Isard podr\u00e0, per a major agilitat i en benefici dels usuaris, modificar unilateralment, en qualsevol moment i sense previ av\u00eds, els serveis prestats, o les condicions d&#8217;operativitat, t\u00e8cniques i d&#8217;\u00fas dels serveis. De la mateixa manera, els usuaris, a fi de millorar el servei i establir un \u00f2ptim nivell de qualitat, objectiu \u00faltim d&#8217;Hotel de l\u2019Isard, podran suggerir aquelles modificacions que ells estimin \u00fatils, posant-se en contacte amb els responsables de la p\u00e0gina a trav\u00e9s de l&#8217;adre\u00e7a de correu electr\u00f2nic:&nbsp;<a href=\"mailto:reserves@hotelisard.com\">p.privacidad@hotelisard.com<\/a><\/p>\n\n\n\n<h2 class=\"wp-block-heading\"><strong>&nbsp;4. Condicions aplicables al proc\u00e9s del Check-out online de l\u2019Hotel de L\u2019Isard<\/strong><\/h2>\n\n\n\n<p>En cas que els usuaris optessin per seleccionar el proc\u00e9s de \u201cCheck-out online\u201d a l&#8217;hora de deixar lliure l&#8217;habitaci\u00f3 reservada a l&#8217;hotel Hotel de l\u2019Isard, els resultaran d&#8217;aplicaci\u00f3 les seg\u00fcents Condicions Particulars:<\/p>\n\n\n\n<p>4.1&nbsp;Funcionament&nbsp;del proc\u00e9s Check-out online<\/p>\n\n\n\n<p>a.&nbsp;Aquest proc\u00e9s permet als usuaris realitzar el check-out sense haver d&#8217;acudir personalment al lloc de recepci\u00f3 de l\u2019Hotel de L\u2019Isard a l&#8217;hora de deixar lliure la seva habitaci\u00f3.<\/p>\n\n\n\n<p>b.&nbsp;El proc\u00e9s Check-out funcionar\u00e0 de la seg\u00fcent manera:<\/p>\n\n\n\n<ul class=\"wp-block-list\">\n<li>El dia anterior a la sortida de l&#8217;usuari de l&#8217;Hotel de L\u2019Isard, rebr\u00e0 un e-mail per part d&#8217;Hotel de l&#8217;Isard on se li facilitar\u00e0 un enlla\u00e7 a les Condicions Generals d&#8217;aquest apartat 3. L&#8217;acceptaci\u00f3 d&#8217;aquest apartat 3 suposa autoritzar en el seu nom o en el de la resta d&#8217;usuaris acompanyants, l&#8217;acc\u00e9s a la informaci\u00f3 relacionada amb la seva estada a l&#8217;Hotel de l&#8217;Isard aix\u00ed com consentir la resta del contingut del referit apartat. Si les accepta, la p\u00e0gina li dirigir\u00e0 directament al formulari del Check-out online.<\/li>\n<\/ul>\n\n\n\n<ul class=\"wp-block-list\">\n<li>Una vegada l&#8217;usuari es trobi en el formulari del Check-out online podr\u00e0 visualitzar tota la informaci\u00f3 relacionada amb la seva estada a l&#8217;Hotel de L\u2019Isard: nombre de nits reservades, nombre d&#8217;hostes, data d&#8217;arribada i de sortida, n\u00famero de reserva, dades de facturaci\u00f3 i quantitat total a pagar pels serveis prestats (preu, IGI i taxes aplicables desglossades).<\/li>\n<\/ul>\n\n\n\n<ul class=\"wp-block-list\">\n<li>L&#8217;usuari podr\u00e0 realitzar el Check-out online fins a les 12.00 PM del mateix dia de sortida de l&#8217;usuari de l\u2019Hotel de L\u2019Isard, en cas contrari, haur\u00e0 de realitzar el Check-out en la recepci\u00f3 de l\u2019Hotel de L\u2019Isard.<\/li>\n<\/ul>\n\n\n\n<p>4.2&nbsp;Pagament en el procediment del Check-out online<\/p>\n\n\n\n<p>a.&nbsp;En el formulari del Check-out online s&#8217;indicar\u00e0 el preu total que ha de pagar l&#8217;usuari per la seva estada a l&#8217;hotel d&#8217;Hotel de l\u2019Isard.<\/p>\n\n\n\n<p>b.&nbsp;El preu que figuri en el Check-out online ser\u00e0 el preu total que es correspongui amb la contractaci\u00f3 de l&#8217;usuari dels serveis prestats per Hotel de l\u2019Isard (m\u00e9s el IGI i taxes aplicables) i, si escau, amb les despeses addicionals en els quals l&#8217;usuari hagu\u00e9s pogut inc\u00f3rrer des del dia de la seva entrada a l&#8217; Hotel de l\u2019Isard fins a la seva sortida de l&#8217;Hotel.<\/p>\n\n\n\n<p>c.&nbsp;Com a despesa addicional es consideraran tots aquells serveis gaudits per l&#8217;usuari durant la seva estada a l&#8217; Hotel de l\u2019Isard i que no estiguessin inclosos en el preu inicial de la reserva de l&#8217;habitaci\u00f3 que va contractar (a t\u00edtol enunciatiu per\u00f2 no limitatiu, el desdejuni si \u00e9s que no est\u00e0 incl\u00f2s en el preu inicial, menjar o sopar en el restaurant de l&#8217;hotel, adquisici\u00f3 de productes del minibar, aparcament del cotxe en el p\u00e0rquing&#8230;) d&#8217;ara endavant les Despeses Addicionals).<\/p>\n\n\n\n<p><a>d.&nbsp;En cas que l&#8217;usuari hagu\u00e9s incorregut en (i) despeses addicionals no conegudes per Hotel de l\u2019Isard a l&#8217;hora d&#8217;acceptar el Check-out online o en (ii) despeses addicionals posteriors a l&#8217;enviament de la confirmaci\u00f3 del Check-out per part Hotel de l\u2019Isard, Hotel de l\u2019Isard procedir\u00e0 a emetre una nova factura a l&#8217;usuari per a realitzar el cobrament d&#8217;aquestes Despeses Addicionals.<\/a><\/p>\n\n\n\n<p>4.3.&nbsp;Autoritzaci\u00f3 de l&#8217;usuari per al cobrament per part d&#8217;Hotel de l\u2019Isard en el moment del Check-out online.<\/p>\n\n\n\n<p>a. El cobrament de la quantitat que es reflecteixi en el formulari del Check-out online es realitzar\u00e0 de manera autom\u00e0tica per part d&#8217;Hotel de l\u2019Isard en el moment en qu\u00e8 l&#8217;usuari faci clic sobre el bot\u00f3 d&#8217;acceptar Check-out online.<\/p>\n\n\n\n<p>b.&nbsp;Mitjan\u00e7ant l&#8217;acceptaci\u00f3 de les presents Condicions Generals, l&#8217;usuari autoritza expressament Hotel de l\u2019Isard perqu\u00e8 pugui efectuar de manera autom\u00e0tica el cobrament per la prestaci\u00f3 dels seus serveis, per a aix\u00f2 podr\u00e0 utilitzar les dades de la targeta banc\u00e0ria que va facilitar l&#8217;usuari en el moment de la reserva de l&#8217;habitaci\u00f3 de l&#8217;hotel. Hotel de l\u2019Isard informar\u00e0 l&#8217;usuari sobre la quantitat exacta que li cobrar\u00e0 pr\u00e8viament a efectuar el cobrament (concretament en el formulari Check-out online apareixer\u00e0 reflectida aquesta informaci\u00f3).<\/p>\n\n\n\n<p><a>c.&nbsp;L&#8217;usuari declara que \u00e9s el titular de la targeta banc\u00e0ria que va facilitar per al pagament dels serveis prestats per Hotel de l\u2019Isard i\/o que \u00e9s d&#8217;un tercer que ho va autoritzar expressament per a la utilitzaci\u00f3 d&#8217;aquesta.<\/a><\/p>\n\n\n\n<p>4.4.&nbsp;Possibles errors o modificacions en les dades de facturaci\u00f3 del Check-out online<\/p>\n\n\n\n<p>a.&nbsp;En cas que les dades de facturaci\u00f3 que figurin en el formulari del Check-out online anessin erronis o l&#8217;usuari desitg\u00e9s realitzar una modificaci\u00f3 sobre aquests, aquest haur\u00e0 de dirigir-se directament a la recepci\u00f3 de l&#8217; &#8216;Hotel de l\u2019Isard a fi que es puguin esmenar els errors o efectuar els canvis sol\u00b7licitats.<\/p>\n\n\n\n<p>b.&nbsp;En aquests casos, el pagament es realitzar\u00e0 en la pr\u00f2pia recepci\u00f3 de l&#8217; Hotel l\u2019Isard.<\/p>\n\n\n\n<p>4.5.&nbsp;Obligacions i responsabilitats de l&#8217;usuari en relaci\u00f3 amb el proc\u00e9s de Check-out online<\/p>\n\n\n\n<p>a.&nbsp;L&#8217;usuari garanteix que les dades personals i de facturaci\u00f3 facilitats a Hotel de l\u2019Isard s\u00f3n veraces, exactes, actuals i complets i es fa responsable de comunicar a Hotel de l\u2019Isard qualsevol modificaci\u00f3 d&#8217;aquests, a fi que es pugui efectuar el corresponent cobrament.<\/p>\n\n\n\n<p>b.&nbsp;En cas que Hotel de l\u2019Isard pogu\u00e9s acreditar que l&#8217;usuari va cometre pr\u00e0ctiques fraudulentes en relaci\u00f3 amb la utilitzaci\u00f3 de la targeta banc\u00e0ria per al pagament dels serveis prestats a trav\u00e9s del proc\u00e9s Check-out online, Hotel de l\u2019Isard es reserva el dret a iniciar les accions legals que per dret li corresponguin.<\/p>\n\n\n\n<p>c.&nbsp;L&#8217;usuari es compromet a complir estrictament amb el procediment Check-out online i amb les obligacions previstes en les presents Condicions Particulars.<\/p>\n\n\n\n<h2 class=\"wp-block-heading\"><strong>5. \u00das correcte dels continguts de la website per l\u2019usuari<\/strong><\/h2>\n\n\n\n<p>5.1&nbsp;&nbsp;Hotel de l\u2019Isard declara que els drets de propietat industrial (Marques, Noms comercials, etc.) que apareixen en aquesta Web Site s\u00f3n de la seva propietat i\/o es troben leg\u00edtimament explotats en virtut d&#8217;acords o llic\u00e8ncies d&#8217;\u00fas, trobant-se degudament protegits. L&#8217;Usuari s&#8217;obliga a usar la Web Site de manera diligent, correcta i l\u00edcita i, en particular, es compromet a abstenir-se de:<\/p>\n\n\n\n<p>(a)&nbsp;Suprimir, eludir o manipular el &#8220;copyright&#8221;, marques i altres dades identificatives dels drets d&#8217;Hotel de l\u2019Isard o dels seus titulars incorporats als continguts i\/o productes comercialitzats des del Web Site d&#8217;Hotel de l\u2019Isard, aix\u00ed com els dispositius t\u00e8cnics de protecci\u00f3, les empremtes digitals o qualssevol mecanismes d&#8217;informaci\u00f3 que poguessin contenir els mateixos.<\/p>\n\n\n\n<p>(b)&nbsp;Emprar els continguts i, en particular, la informaci\u00f3 d&#8217;Hotel de l\u2019Isard obtinguda a trav\u00e9s del seu Web Site per a remetre publicitat, comunicacions amb finalitats de venda directa o amb qualsevol altra classe de finalitat comercial, missatges no sol\u00b7licitats dirigits a una pluralitat de persones.<\/p>\n\n\n\n<p>(c)&nbsp;Reproduir o copiar, distribuir, permetre l&#8217;acc\u00e9s del p\u00fablic a trav\u00e9s de qualsevol modalitat de comunicaci\u00f3 p\u00fablica, transformar o modificar els continguts, tret que es compti amb l&#8217;autoritzaci\u00f3 del titular dels corresponents drets o aix\u00f2 resulti legalment perm\u00e8s.<\/p>\n\n\n\n<p>(d)&nbsp;En general, utilitzar els continguts de forma, amb finalitats o efectes contraris a la llei, a la moral i als bons costums generalment acceptades o a l&#8217;ordre p\u00fablic. Hotel de l&#8217;Isard no concedeix cap llic\u00e8ncia o autoritzaci\u00f3 d&#8217;\u00fas de cap classe sobre els seus drets de propietat industrial i intel\u00b7lectual o sobre qualsevol altra propietat o dret relacionat amb el seu Web Site.<\/p>\n\n\n\n<p>5.2&nbsp;Procediment en cas de violaci\u00f3 de drets de propietat intel\u00b7lectual. En el cas que qualsevol Usuari o un tercer consideri que qualsevol dels continguts ha estat introdu\u00eft en el seu Web Site amb violaci\u00f3 dels seus drets de propietat intel\u00b7lectual haur\u00e0 d&#8217;enviar una notificaci\u00f3 a Hotel de l\u2019Isard amb indicaci\u00f3 completa i precisa de les seves dades i dels drets de propietat intel\u00b7lectual suposadament infringits aix\u00ed com la Website.<\/p>\n\n\n\n<h2 class=\"wp-block-heading\"><strong>6. Dret de modificaci\u00f3 dels termes i\/o condicions generals de contractaci\u00f3<\/strong><\/h2>\n\n\n\n<p>Hotel de l\u2019Isard es reserva el dret de modificar les presents Termes i\/o Condicions Generals de contractaci\u00f3, informant els usuaris de les modificacions efectuades a trav\u00e9s de&nbsp;<a href=\"https:\/\/www.hotelisard.com\/\">www.hotelisard.com<\/a>&nbsp;amb el teu usuari i contrasenya. En qualsevol cas es consideraran com a v\u00e0lides els Termes i Condicions Generals acceptats i vigents, en el moment de la contractaci\u00f3 dels serveis.<\/p>\n\n\n\n<p>6.1. Exclusi\u00f3 de garanties i de responsabilitat<\/p>\n\n\n\n<p>L\u2019Hotel de l\u2019Isard no garanteix la fiabilitat, disponibilitat o continu\u00eftat dels serveis posats a la disposici\u00f3 de l&#8217;usuari, per la qual cosa exclou qualsevol responsabilitat pels danys i\/o perjudicis que puguin deures a la falta de disponibilitat, fiabilitat o continu\u00eftat de la seva p\u00e0gina web o dels seus serveis, encara que intentar\u00e0 facilitar, en la mesura de les seves possibilitats, ajuda t\u00e8cnica a la persona afectada, aix\u00ed com intentar restablir immediatament la interrupci\u00f3, posant a la seva disposici\u00f3, en la mesura de les seves possibilitats, mitjans alternatius.<\/p>\n\n\n\n<p>6.2. hotel de l\u2019isard no s&#8217;obliga a controlar i no controla amb car\u00e0cter previ, l&#8217;abs\u00e8ncia de virus o elements en els continguts, que puguin produir alteracions en el programari o maquinari dels usuaris o persones que visitin les p\u00e0gines, per la qual cosa no respondr\u00e0 dels danys i perjudicis de qualsevol naturalesa que poguessin derivar-se d&#8217;aquests.<\/p>\n\n\n\n<p>6.3&nbsp;si hotel de l\u2019isard, malgrat actuar amb la previsi\u00f3 i dilig\u00e8ncia degudes, no pogu\u00e9s facilitar les habitacions contractades per raons que no els siguin imputables i si exist\u00eds impossibilitat de prestar els serveis en les condicions pactades, hotel de l\u2019isard oferir\u00e0 a l&#8217;usuari la possibilitat d&#8217;optar pel reemborsament total de l&#8217;import abonat o per la seva substituci\u00f3 per un altre de similars caracter\u00edstiques quant a categoria o qualitat. si de la substituci\u00f3 el servei result\u00e9s d&#8217;inferior categoria o qualitat, hotel de l\u2019isard deur\u00e0 reemborsar\u00e0 la difer\u00e8ncia.<\/p>\n\n\n\n<h2 class=\"wp-block-heading\"><strong>7. salvaguarda dels termes i\/o condicions generals de contractaci\u00f3<\/strong><\/h2>\n\n\n\n<p>Si una de les estipulacions dels presents Termes i\/o Condicions Generals de contractaci\u00f3 fos declarada nul\u00b7la o inoperant, la resta de les Termes o Condicions Generals es mantindran en els Termes acordats. Hotel de l\u2019Isard es comprometen a substituir l&#8217;estipulaci\u00f3 afectada per la nul\u00b7litat aproximant-se el m\u00e9s possible a la intenci\u00f3 inicialment perseguida per les parts. Cap estipulaci\u00f3 en aquest contracte afectar\u00e0 de cap manera les disposicions imperatives en mat\u00e8ria de consumidors. si vost\u00e8 no \u00e9s un consumidor, vost\u00e8 ren\u00fancia expressament al seu dret de desistiment.<\/p>\n\n\n\n<h2 class=\"wp-block-heading\"><strong>8. https:\/\/www.hotelisard.com i acceptaci\u00f3 de normes d&#8217;\u00fas<\/strong><\/h2>\n\n\n\n<p>L&#8217;usuari \u00e9s conscient que l&#8217;\u00fas dels serveis de Pre-Reserva i Reserva on-line, implica l&#8217;acceptaci\u00f3 plena i sense reserves de cadascuna de les cl\u00e0usules integrants de les Normes d&#8217;\u00das de&nbsp;<a href=\"https:\/\/www.hotelisard.com\/\">https:\/\/www.hotelisard.com<\/a>, en la versi\u00f3 publicada per Hotel de l\u2019Isard en el moment mateix en qu\u00e8 l&#8217;usuari contracti el servei. Aquestes normes d&#8217;\u00fas completen els presents Termes o Condicions Generals en tot all\u00f2 en el que a aquestes no s&#8217;oposin. Per aix\u00f2, l&#8217;usuari haur\u00e0 de ser conscient de la import\u00e0ncia de consultar les normes de la present p\u00e0gina, amb anterioritat a l&#8217;acc\u00e9s i\/o \u00fas d&#8217;aix\u00f2 serveis.<\/p>\n\n\n\n<h2 class=\"wp-block-heading\">&nbsp;<strong>9. Llei aplicable i jurisdicci\u00f3 competent<\/strong><\/h2>\n\n\n\n<p>Aquests Termes i\/o Condicions Generals de contractaci\u00f3 es regeixen per la Llei Andorrana. Hotel de l\u2019Isard i els usuaris, per a la resoluci\u00f3 de qualsevol controv\u00e8rsia que pogu\u00e9s sorgir, respecte a la seva validesa, execuci\u00f3, compliment o resoluci\u00f3, total o parcial, se sotmeten, amb ren\u00fancia expressa al seu fur propi o a qualsevol altre que, si escau, pogu\u00e9s correspondre&#8217;ls, a la compet\u00e8ncia dels Jutjats i Tribunals d&#8217;Andorra. Constitueix aquest contracte l&#8217;expressi\u00f3 completa i \u00edntegra de l&#8217;acord entre Hotel de l\u2019Isard i l&#8217;usuari, i substitueix tots els anteriors pactes, compromisos, manifestacions o acords, tant escrits com orals, que hagin existit pr\u00e8viament entre tots dos.<\/p>\n\n\n\n<p>En tots els casos, qualsevol controv\u00e8rsia que sorgeixi de la provisi\u00f3 de serveis a l&#8217;hotel en el qual el client s&#8217;allotja se sotmetr\u00e0 als tribunals del consumidor.<\/p>\n\n\n\n<p>Maig 2023<\/p>\n\n\n\n<p><\/p>\n\n\n\n<p><\/p>\n","protected":false},"excerpt":{"rendered":"<p>1. Introducci\u00f3 El present document t\u00e9 per finalitat regular els TERMES o CONDICIONS GENERALS DE CONTRACTACI\u00d3 dels serveis de Pre-Reserva i Reserva on-line (d&#8217;ara endavant, i indistintament, els serveis de Pre-Reserva i Reserva on-line, o els serveis) d&#8217;HOTEL DE L\u2019ISARD S.L., amb domicili social a Andorra, Av Meritxell 34, constitu\u00efda mitjan\u00e7ant escriptura p\u00fablica atorgada davant [&hellip;]<\/p>\n","protected":false},"author":4,"featured_media":0,"parent":0,"menu_order":0,"comment_status":"closed","ping_status":"closed","template":"","meta":{"ocean_post_layout":"","ocean_both_sidebars_style":"","ocean_both_sidebars_content_width":0,"ocean_both_sidebars_sidebars_width":0,"ocean_sidebar":"0","ocean_second_sidebar":"0","ocean_disable_margins":"enable","ocean_add_body_class":"","ocean_shortcode_before_top_bar":"","ocean_shortcode_after_top_bar":"","ocean_shortcode_before_header":"","ocean_shortcode_after_header":"","ocean_has_shortcode":"","ocean_shortcode_after_title":"","ocean_shortcode_before_footer_widgets":"","ocean_shortcode_after_footer_widgets":"","ocean_shortcode_before_footer_bottom":"","ocean_shortcode_after_footer_bottom":"","ocean_display_top_bar":"default","ocean_display_header":"default","ocean_header_style":"","ocean_center_header_left_menu":"0","ocean_custom_header_template":"0","ocean_custom_logo":0,"ocean_custom_retina_logo":0,"ocean_custom_logo_max_width":0,"ocean_custom_logo_tablet_max_width":0,"ocean_custom_logo_mobile_max_width":0,"ocean_custom_logo_max_height":0,"ocean_custom_logo_tablet_max_height":0,"ocean_custom_logo_mobile_max_height":0,"ocean_header_custom_menu":"0","ocean_menu_typo_font_family":"0","ocean_menu_typo_font_subset":"","ocean_menu_typo_font_size":0,"ocean_menu_typo_font_size_tablet":0,"ocean_menu_typo_font_size_mobile":0,"ocean_menu_typo_font_size_unit":"px","ocean_menu_typo_font_weight":"","ocean_menu_typo_font_weight_tablet":"","ocean_menu_typo_font_weight_mobile":"","ocean_menu_typo_transform":"","ocean_menu_typo_transform_tablet":"","ocean_menu_typo_transform_mobile":"","ocean_menu_typo_line_height":0,"ocean_menu_typo_line_height_tablet":0,"ocean_menu_typo_line_height_mobile":0,"ocean_menu_typo_line_height_unit":"","ocean_menu_typo_spacing":0,"ocean_menu_typo_spacing_tablet":0,"ocean_menu_typo_spacing_mobile":0,"ocean_menu_typo_spacing_unit":"","ocean_menu_link_color":"","ocean_menu_link_color_hover":"","ocean_menu_link_color_active":"","ocean_menu_link_background":"","ocean_menu_link_hover_background":"","ocean_menu_link_active_background":"","ocean_menu_social_links_bg":"","ocean_menu_social_hover_links_bg":"","ocean_menu_social_links_color":"","ocean_menu_social_hover_links_color":"","ocean_disable_title":"default","ocean_disable_heading":"default","ocean_post_title":"","ocean_post_subheading":"","ocean_post_title_style":"","ocean_post_title_background_color":"","ocean_post_title_background":0,"ocean_post_title_bg_image_position":"","ocean_post_title_bg_image_attachment":"","ocean_post_title_bg_image_repeat":"","ocean_post_title_bg_image_size":"","ocean_post_title_height":0,"ocean_post_title_bg_overlay":0.5,"ocean_post_title_bg_overlay_color":"","ocean_disable_breadcrumbs":"default","ocean_breadcrumbs_color":"","ocean_breadcrumbs_separator_color":"","ocean_breadcrumbs_links_color":"","ocean_breadcrumbs_links_hover_color":"","ocean_display_footer_widgets":"default","ocean_display_footer_bottom":"default","ocean_custom_footer_template":"0","footnotes":""},"categoria_pagina":[],"class_list":["post-4602","page","type-page","status-publish","hentry","entry"],"yoast_head":"<!-- This site is optimized with the Yoast SEO Premium plugin v20.10 (Yoast SEO v27.5) - https:\/\/yoast.com\/product\/yoast-seo-premium-wordpress\/ -->\n<title>Condicions generals | Hotel de l&#039;Isard<\/title>\n<meta name=\"description\" content=\"Llegeix les nostres Condicions Generals de Contractaci\u00f3 i, si tens qualsevol consulta, no dubtis a escriure&#039;ns. Vine a gaudir Andorra amb nosaltres!\" \/>\n<meta name=\"robots\" content=\"index, follow, max-snippet:-1, max-image-preview:large, max-video-preview:-1\" \/>\n<link rel=\"canonical\" href=\"https:\/\/www.hotelisard.com\/ca\/condicions-generals\/\" \/>\n<meta property=\"og:locale\" content=\"ca_ES\" \/>\n<meta property=\"og:type\" content=\"article\" \/>\n<meta property=\"og:title\" content=\"Condicions generals\" \/>\n<meta property=\"og:description\" content=\"Llegeix les nostres Condicions Generals de Contractaci\u00f3 i, si tens qualsevol consulta, no dubtis a escriure&#039;ns. Vine a gaudir Andorra amb nosaltres!\" \/>\n<meta property=\"og:url\" content=\"https:\/\/www.hotelisard.com\/ca\/condicions-generals\/\" \/>\n<meta property=\"og:site_name\" content=\"Hotel Isard\" \/>\n<meta property=\"article:modified_time\" content=\"2023-09-18T13:40:57+00:00\" \/>\n<meta name=\"twitter:card\" content=\"summary_large_image\" \/>\n<meta name=\"twitter:label1\" content=\"Temps estimat de lectura\" \/>\n\t<meta name=\"twitter:data1\" content=\"14 minuts\" \/>\n<script type=\"application\/ld+json\" class=\"yoast-schema-graph\">{\"@context\":\"https:\\\/\\\/schema.org\",\"@graph\":[{\"@type\":\"WebPage\",\"@id\":\"https:\\\/\\\/www.hotelisard.com\\\/ca\\\/condicions-generals\\\/\",\"url\":\"https:\\\/\\\/www.hotelisard.com\\\/ca\\\/condicions-generals\\\/\",\"name\":\"Condicions generals | Hotel de l'Isard\",\"isPartOf\":{\"@id\":\"https:\\\/\\\/www.hotelisard.com\\\/ca\\\/#website\"},\"datePublished\":\"2023-04-25T15:22:37+00:00\",\"dateModified\":\"2023-09-18T13:40:57+00:00\",\"description\":\"Llegeix les nostres Condicions Generals de Contractaci\u00f3 i, si tens qualsevol consulta, no dubtis a escriure'ns. Vine a gaudir Andorra amb nosaltres!\",\"breadcrumb\":{\"@id\":\"https:\\\/\\\/www.hotelisard.com\\\/ca\\\/condicions-generals\\\/#breadcrumb\"},\"inLanguage\":\"ca\",\"potentialAction\":[{\"@type\":\"ReadAction\",\"target\":[\"https:\\\/\\\/www.hotelisard.com\\\/ca\\\/condicions-generals\\\/\"]}]},{\"@type\":\"BreadcrumbList\",\"@id\":\"https:\\\/\\\/www.hotelisard.com\\\/ca\\\/condicions-generals\\\/#breadcrumb\",\"itemListElement\":[{\"@type\":\"ListItem\",\"position\":1,\"name\":\"Home\",\"item\":\"https:\\\/\\\/www.hotelisard.com\\\/ca\\\/\"},{\"@type\":\"ListItem\",\"position\":2,\"name\":\"Condicions generals\"}]},{\"@type\":\"WebSite\",\"@id\":\"https:\\\/\\\/www.hotelisard.com\\\/ca\\\/#website\",\"url\":\"https:\\\/\\\/www.hotelisard.com\\\/ca\\\/\",\"name\":\"Hotel Isard\",\"description\":\"Hotel Isard\",\"publisher\":{\"@id\":\"https:\\\/\\\/www.hotelisard.com\\\/ca\\\/#organization\"},\"potentialAction\":[{\"@type\":\"SearchAction\",\"target\":{\"@type\":\"EntryPoint\",\"urlTemplate\":\"https:\\\/\\\/www.hotelisard.com\\\/ca\\\/?s={search_term_string}\"},\"query-input\":{\"@type\":\"PropertyValueSpecification\",\"valueRequired\":true,\"valueName\":\"search_term_string\"}}],\"inLanguage\":\"ca\"},{\"@type\":\"Organization\",\"@id\":\"https:\\\/\\\/www.hotelisard.com\\\/ca\\\/#organization\",\"name\":\"Hotel Isard\",\"url\":\"https:\\\/\\\/www.hotelisard.com\\\/ca\\\/\",\"logo\":{\"@type\":\"ImageObject\",\"inLanguage\":\"ca\",\"@id\":\"https:\\\/\\\/www.hotelisard.com\\\/ca\\\/#\\\/schema\\\/logo\\\/image\\\/\",\"url\":\"https:\\\/\\\/www.hotelisard.com\\\/wp-content\\\/uploads\\\/2023\\\/03\\\/LOGO-ISARD@2x.png\",\"contentUrl\":\"https:\\\/\\\/www.hotelisard.com\\\/wp-content\\\/uploads\\\/2023\\\/03\\\/LOGO-ISARD@2x.png\",\"width\":309,\"height\":118,\"caption\":\"Hotel Isard\"},\"image\":{\"@id\":\"https:\\\/\\\/www.hotelisard.com\\\/ca\\\/#\\\/schema\\\/logo\\\/image\\\/\"}}]}<\/script>\n<!-- \/ Yoast SEO Premium plugin. -->","yoast_head_json":{"title":"Condicions generals | Hotel de l'Isard","description":"Llegeix les nostres Condicions Generals de Contractaci\u00f3 i, si tens qualsevol consulta, no dubtis a escriure'ns. Vine a gaudir Andorra amb nosaltres!","robots":{"index":"index","follow":"follow","max-snippet":"max-snippet:-1","max-image-preview":"max-image-preview:large","max-video-preview":"max-video-preview:-1"},"canonical":"https:\/\/www.hotelisard.com\/ca\/condicions-generals\/","og_locale":"ca_ES","og_type":"article","og_title":"Condicions generals","og_description":"Llegeix les nostres Condicions Generals de Contractaci\u00f3 i, si tens qualsevol consulta, no dubtis a escriure'ns. Vine a gaudir Andorra amb nosaltres!","og_url":"https:\/\/www.hotelisard.com\/ca\/condicions-generals\/","og_site_name":"Hotel Isard","article_modified_time":"2023-09-18T13:40:57+00:00","twitter_card":"summary_large_image","twitter_misc":{"Temps estimat de lectura":"14 minuts"},"schema":{"@context":"https:\/\/schema.org","@graph":[{"@type":"WebPage","@id":"https:\/\/www.hotelisard.com\/ca\/condicions-generals\/","url":"https:\/\/www.hotelisard.com\/ca\/condicions-generals\/","name":"Condicions generals | Hotel de l'Isard","isPartOf":{"@id":"https:\/\/www.hotelisard.com\/ca\/#website"},"datePublished":"2023-04-25T15:22:37+00:00","dateModified":"2023-09-18T13:40:57+00:00","description":"Llegeix les nostres Condicions Generals de Contractaci\u00f3 i, si tens qualsevol consulta, no dubtis a escriure'ns. Vine a gaudir Andorra amb nosaltres!","breadcrumb":{"@id":"https:\/\/www.hotelisard.com\/ca\/condicions-generals\/#breadcrumb"},"inLanguage":"ca","potentialAction":[{"@type":"ReadAction","target":["https:\/\/www.hotelisard.com\/ca\/condicions-generals\/"]}]},{"@type":"BreadcrumbList","@id":"https:\/\/www.hotelisard.com\/ca\/condicions-generals\/#breadcrumb","itemListElement":[{"@type":"ListItem","position":1,"name":"Home","item":"https:\/\/www.hotelisard.com\/ca\/"},{"@type":"ListItem","position":2,"name":"Condicions generals"}]},{"@type":"WebSite","@id":"https:\/\/www.hotelisard.com\/ca\/#website","url":"https:\/\/www.hotelisard.com\/ca\/","name":"Hotel Isard","description":"Hotel Isard","publisher":{"@id":"https:\/\/www.hotelisard.com\/ca\/#organization"},"potentialAction":[{"@type":"SearchAction","target":{"@type":"EntryPoint","urlTemplate":"https:\/\/www.hotelisard.com\/ca\/?s={search_term_string}"},"query-input":{"@type":"PropertyValueSpecification","valueRequired":true,"valueName":"search_term_string"}}],"inLanguage":"ca"},{"@type":"Organization","@id":"https:\/\/www.hotelisard.com\/ca\/#organization","name":"Hotel Isard","url":"https:\/\/www.hotelisard.com\/ca\/","logo":{"@type":"ImageObject","inLanguage":"ca","@id":"https:\/\/www.hotelisard.com\/ca\/#\/schema\/logo\/image\/","url":"https:\/\/www.hotelisard.com\/wp-content\/uploads\/2023\/03\/LOGO-ISARD@2x.png","contentUrl":"https:\/\/www.hotelisard.com\/wp-content\/uploads\/2023\/03\/LOGO-ISARD@2x.png","width":309,"height":118,"caption":"Hotel Isard"},"image":{"@id":"https:\/\/www.hotelisard.com\/ca\/#\/schema\/logo\/image\/"}}]}},"_links":{"self":[{"href":"https:\/\/www.hotelisard.com\/ca\/wp-json\/wp\/v2\/pages\/4602","targetHints":{"allow":["GET"]}}],"collection":[{"href":"https:\/\/www.hotelisard.com\/ca\/wp-json\/wp\/v2\/pages"}],"about":[{"href":"https:\/\/www.hotelisard.com\/ca\/wp-json\/wp\/v2\/types\/page"}],"author":[{"embeddable":true,"href":"https:\/\/www.hotelisard.com\/ca\/wp-json\/wp\/v2\/users\/4"}],"replies":[{"embeddable":true,"href":"https:\/\/www.hotelisard.com\/ca\/wp-json\/wp\/v2\/comments?post=4602"}],"version-history":[{"count":0,"href":"https:\/\/www.hotelisard.com\/ca\/wp-json\/wp\/v2\/pages\/4602\/revisions"}],"wp:attachment":[{"href":"https:\/\/www.hotelisard.com\/ca\/wp-json\/wp\/v2\/media?parent=4602"}],"wp:term":[{"taxonomy":"categoria_pagina","embeddable":true,"href":"https:\/\/www.hotelisard.com\/ca\/wp-json\/wp\/v2\/categoria_pagina?post=4602"}],"curies":[{"name":"wp","href":"https:\/\/api.w.org\/{rel}","templated":true}]}}