{"id":4626,"date":"2023-03-14T15:15:14","date_gmt":"2023-03-14T14:15:14","guid":{"rendered":"https:\/\/hotelisard.seoagil.com\/telefonos-de-interes\/"},"modified":"2023-07-07T08:26:44","modified_gmt":"2023-07-07T06:26:44","slug":"telefons-dinteres","status":"publish","type":"page","link":"https:\/\/www.hotelisard.com\/ca\/telefons-dinteres\/","title":{"rendered":"Tel\u00e8fons d&#8217;inter\u00e8s"},"content":{"rendered":"\t\t<div data-elementor-type=\"wp-post\" data-elementor-id=\"4626\" class=\"elementor elementor-4626 elementor-755\" data-elementor-post-type=\"page\">\n\t\t\t\t\t\t<section class=\"elementor-section elementor-top-section elementor-element elementor-element-b4befea elementor-section-boxed elementor-section-height-default elementor-section-height-default\" data-id=\"b4befea\" data-element_type=\"section\" data-e-type=\"section\">\n\t\t\t\t\t\t<div class=\"elementor-container elementor-column-gap-default\">\n\t\t\t\t\t<div class=\"elementor-column elementor-col-100 elementor-top-column elementor-element elementor-element-e64d4e7\" data-id=\"e64d4e7\" data-element_type=\"column\" data-e-type=\"column\">\n\t\t\t<div class=\"elementor-widget-wrap elementor-element-populated\">\n\t\t\t\t\t\t<div class=\"elementor-element elementor-element-df1238c elementor-widget elementor-widget-heading\" data-id=\"df1238c\" data-element_type=\"widget\" data-e-type=\"widget\" data-widget_type=\"heading.default\">\n\t\t\t\t<div class=\"elementor-widget-container\">\n\t\t\t\t\t<h1 class=\"elementor-heading-title elementor-size-default\">TEL\u00c8FONS D'INTER\u00c8S<\/h1>\t\t\t\t<\/div>\n\t\t\t\t<\/div>\n\t\t\t\t\t<\/div>\n\t\t<\/div>\n\t\t\t\t\t<\/div>\n\t\t<\/section>\n\t\t\t\t<section class=\"elementor-section elementor-top-section elementor-element elementor-element-d02f9ae elementor-section-boxed elementor-section-height-default elementor-section-height-default\" data-id=\"d02f9ae\" data-element_type=\"section\" data-e-type=\"section\">\n\t\t\t\t\t\t<div class=\"elementor-container elementor-column-gap-default\">\n\t\t\t\t\t<div class=\"elementor-column elementor-col-100 elementor-top-column elementor-element elementor-element-ed99da3\" data-id=\"ed99da3\" data-element_type=\"column\" data-e-type=\"column\">\n\t\t\t<div class=\"elementor-widget-wrap elementor-element-populated\">\n\t\t\t\t\t\t<div class=\"elementor-element elementor-element-5ade01c elementor-widget elementor-widget-toggle\" data-id=\"5ade01c\" data-element_type=\"widget\" data-e-type=\"widget\" data-widget_type=\"toggle.default\">\n\t\t\t\t<div class=\"elementor-widget-container\">\n\t\t\t\t\t\t\t<div class=\"elementor-toggle\">\n\t\t\t\t\t\t\t<div class=\"elementor-toggle-item\">\n\t\t\t\t\t<div id=\"elementor-tab-title-9521\" class=\"elementor-tab-title\" data-tab=\"1\" role=\"button\" aria-controls=\"elementor-tab-content-9521\" aria-expanded=\"false\">\n\t\t\t\t\t\t\t\t\t\t\t\t<span class=\"elementor-toggle-icon elementor-toggle-icon-right\" aria-hidden=\"true\">\n\t\t\t\t\t\t\t\t\t\t\t\t\t\t\t<span class=\"elementor-toggle-icon-closed\"><i class=\"fas fa-chevron-down\"><\/i><\/span>\n\t\t\t\t\t\t\t\t<span class=\"elementor-toggle-icon-opened\"><i class=\"elementor-toggle-icon-opened fas fa-chevron-up\"><\/i><\/span>\n\t\t\t\t\t\t\t\t\t\t\t\t\t<\/span>\n\t\t\t\t\t\t\t\t\t\t\t\t<a class=\"elementor-toggle-title\" tabindex=\"0\">POLICIA D'ANDORRA<\/a>\n\t\t\t\t\t<\/div>\n\n\t\t\t\t\t<div id=\"elementor-tab-content-9521\" class=\"elementor-tab-content elementor-clearfix\" data-tab=\"1\" role=\"region\" aria-labelledby=\"elementor-tab-title-9521\"><p><strong>110<\/strong><br \/>+376872000<br \/><a href=\"http:\/\/www.policia.ad\/\" target=\"_blank\" rel=\"noopener\">www.policia.ad<\/a><\/p><\/div>\n\t\t\t\t<\/div>\n\t\t\t\t\t\t\t<div class=\"elementor-toggle-item\">\n\t\t\t\t\t<div id=\"elementor-tab-title-9522\" class=\"elementor-tab-title\" data-tab=\"2\" role=\"button\" aria-controls=\"elementor-tab-content-9522\" aria-expanded=\"false\">\n\t\t\t\t\t\t\t\t\t\t\t\t<span class=\"elementor-toggle-icon elementor-toggle-icon-right\" aria-hidden=\"true\">\n\t\t\t\t\t\t\t\t\t\t\t\t\t\t\t<span class=\"elementor-toggle-icon-closed\"><i class=\"fas fa-chevron-down\"><\/i><\/span>\n\t\t\t\t\t\t\t\t<span class=\"elementor-toggle-icon-opened\"><i class=\"elementor-toggle-icon-opened fas fa-chevron-up\"><\/i><\/span>\n\t\t\t\t\t\t\t\t\t\t\t\t\t<\/span>\n\t\t\t\t\t\t\t\t\t\t\t\t<a class=\"elementor-toggle-title\" tabindex=\"0\">TEL\u00c8FONS D'EMERG\u00c8NCIES<\/a>\n\t\t\t\t\t<\/div>\n\n\t\t\t\t\t<div id=\"elementor-tab-content-9522\" class=\"elementor-tab-content elementor-clearfix\" data-tab=\"2\" role=\"region\" aria-labelledby=\"elementor-tab-title-9522\"><strong>112<\/strong><br>\n<a href=\"http:\/\/www.bombers.ad\" target=\"_blank\" rel=\"noopener\">www.bombers.ad<\/a><br>\nC\/ Verge del Remei, Caserna de Santa Coloma, Andorra la Vella<\/div>\n\t\t\t\t<\/div>\n\t\t\t\t\t\t\t<div class=\"elementor-toggle-item\">\n\t\t\t\t\t<div id=\"elementor-tab-title-9523\" class=\"elementor-tab-title\" data-tab=\"3\" role=\"button\" aria-controls=\"elementor-tab-content-9523\" aria-expanded=\"false\">\n\t\t\t\t\t\t\t\t\t\t\t\t<span class=\"elementor-toggle-icon elementor-toggle-icon-right\" aria-hidden=\"true\">\n\t\t\t\t\t\t\t\t\t\t\t\t\t\t\t<span class=\"elementor-toggle-icon-closed\"><i class=\"fas fa-chevron-down\"><\/i><\/span>\n\t\t\t\t\t\t\t\t<span class=\"elementor-toggle-icon-opened\"><i class=\"elementor-toggle-icon-opened fas fa-chevron-up\"><\/i><\/span>\n\t\t\t\t\t\t\t\t\t\t\t\t\t<\/span>\n\t\t\t\t\t\t\t\t\t\t\t\t<a class=\"elementor-toggle-title\" tabindex=\"0\">ADRECES D\u2019URG\u00c8NCIES<\/a>\n\t\t\t\t\t<\/div>\n\n\t\t\t\t\t<div id=\"elementor-tab-content-9523\" class=\"elementor-tab-content elementor-clearfix\" data-tab=\"3\" role=\"region\" aria-labelledby=\"elementor-tab-title-9523\"><strong>Hospital Nostra Senyora de Meritxell<\/strong><br>\nC\/ dels Escalls, s\/n. AD700 Escaldes \u2013 Engordany<br>\n\n<strong>116 Urg\u00e8ncies m\u00e8diques\u00a0<\/strong>\n<br><a href=\"http:\/\/www.saas.ad\" target=\"_blank\" rel=\"noopener\">www.saas.ad<\/a><br>\nServei de Perman\u00e8ncies M\u00e8diques Clinica Verge de Meritxell<br>\nC\/ dels Escalls, 16, Baixos AD700 Escaldes \u2013 Engordany<\/div>\n\t\t\t\t<\/div>\n\t\t\t\t\t\t\t<div class=\"elementor-toggle-item\">\n\t\t\t\t\t<div id=\"elementor-tab-title-9524\" class=\"elementor-tab-title\" data-tab=\"4\" role=\"button\" aria-controls=\"elementor-tab-content-9524\" aria-expanded=\"false\">\n\t\t\t\t\t\t\t\t\t\t\t\t<span class=\"elementor-toggle-icon elementor-toggle-icon-right\" aria-hidden=\"true\">\n\t\t\t\t\t\t\t\t\t\t\t\t\t\t\t<span class=\"elementor-toggle-icon-closed\"><i class=\"fas fa-chevron-down\"><\/i><\/span>\n\t\t\t\t\t\t\t\t<span class=\"elementor-toggle-icon-opened\"><i class=\"elementor-toggle-icon-opened fas fa-chevron-up\"><\/i><\/span>\n\t\t\t\t\t\t\t\t\t\t\t\t\t<\/span>\n\t\t\t\t\t\t\t\t\t\t\t\t<a class=\"elementor-toggle-title\" tabindex=\"0\">SERVEI DE MOBILITAT I TRANSPORT P\u00daBLIC <\/a>\n\t\t\t\t\t<\/div>\n\n\t\t\t\t\t<div id=\"elementor-tab-content-9524\" class=\"elementor-tab-content elementor-clearfix\" data-tab=\"4\" role=\"region\" aria-labelledby=\"elementor-tab-title-9524\"><p>+37618021802<br \/><a href=\"http:\/\/www.mobilitat.ad\/ca\/\" target=\"_blank\" rel=\"noopener\">www.mobilitat.ad\/ca\/<\/a><\/p><\/div>\n\t\t\t\t<\/div>\n\t\t\t\t\t\t\t<div class=\"elementor-toggle-item\">\n\t\t\t\t\t<div id=\"elementor-tab-title-9525\" class=\"elementor-tab-title\" data-tab=\"5\" role=\"button\" aria-controls=\"elementor-tab-content-9525\" aria-expanded=\"false\">\n\t\t\t\t\t\t\t\t\t\t\t\t<span class=\"elementor-toggle-icon elementor-toggle-icon-right\" aria-hidden=\"true\">\n\t\t\t\t\t\t\t\t\t\t\t\t\t\t\t<span class=\"elementor-toggle-icon-closed\"><i class=\"fas fa-chevron-down\"><\/i><\/span>\n\t\t\t\t\t\t\t\t<span class=\"elementor-toggle-icon-opened\"><i class=\"elementor-toggle-icon-opened fas fa-chevron-up\"><\/i><\/span>\n\t\t\t\t\t\t\t\t\t\t\t\t\t<\/span>\n\t\t\t\t\t\t\t\t\t\t\t\t<a class=\"elementor-toggle-title\" tabindex=\"0\">AMBAIXADES I CONSOLATS<\/a>\n\t\t\t\t\t<\/div>\n\n\t\t\t\t\t<div id=\"elementor-tab-content-9525\" class=\"elementor-tab-content elementor-clearfix\" data-tab=\"5\" role=\"region\" aria-labelledby=\"elementor-tab-title-9525\"><p><strong>Ambaixada d&#8217;Espanya<\/strong><br \/>+376800030<\/p><p><strong>Ambaixada de Fran\u00e7a<\/strong><br \/>+376736700<\/p><p><strong>Consolat d&#8217;Espanya<\/strong><br \/>+376800080<\/p><p><strong>Consolat de Fran\u00e7a<\/strong><br \/>+376736730<\/p><p><strong>Consolat Honorari de Portugal<\/strong><br \/>+376805305<\/p><\/div>\n\t\t\t\t<\/div>\n\t\t\t\t\t\t\t\t<\/div>\n\t\t\t\t\t\t<\/div>\n\t\t\t\t<\/div>\n\t\t\t\t\t<\/div>\n\t\t<\/div>\n\t\t\t\t\t<\/div>\n\t\t<\/section>\n\t\t\t\t<\/div>\n\t\t","protected":false},"excerpt":{"rendered":"<p>TEL\u00c8FONS D&#8217;INTER\u00c8S POLICIA D&#8217;ANDORRA 110 +376872000 www.policia.ad TEL\u00c8FONS D&#8217;EMERG\u00c8NCIES 112 www.bombers.ad C\/ Verge del Remei, Caserna de Santa Coloma, Andorra la Vella ADRECES D\u2019URG\u00c8NCIES Hospital Nostra Senyora de Meritxell C\/ dels Escalls, s\/n. AD700 Escaldes \u2013 Engordany 116 Urg\u00e8ncies m\u00e8diques&nbsp; www.saas.ad Servei de Perman\u00e8ncies M\u00e8diques Clinica Verge de Meritxell C\/ dels Escalls, 16, Baixos AD700 [&hellip;]<\/p>\n","protected":false},"author":4,"featured_media":0,"parent":0,"menu_order":0,"comment_status":"closed","ping_status":"closed","template":"","meta":{"ocean_post_layout":"","ocean_both_sidebars_style":"","ocean_both_sidebars_content_width":0,"ocean_both_sidebars_sidebars_width":0,"ocean_sidebar":"0","ocean_second_sidebar":"0","ocean_disable_margins":"on","ocean_add_body_class":"","ocean_shortcode_before_top_bar":"","ocean_shortcode_after_top_bar":"","ocean_shortcode_before_header":"","ocean_shortcode_after_header":"","ocean_has_shortcode":"","ocean_shortcode_after_title":"","ocean_shortcode_before_footer_widgets":"","ocean_shortcode_after_footer_widgets":"","ocean_shortcode_before_footer_bottom":"","ocean_shortcode_after_footer_bottom":"","ocean_display_top_bar":"default","ocean_display_header":"default","ocean_header_style":"","ocean_center_header_left_menu":"0","ocean_custom_header_template":"0","ocean_custom_logo":0,"ocean_custom_retina_logo":0,"ocean_custom_logo_max_width":0,"ocean_custom_logo_tablet_max_width":0,"ocean_custom_logo_mobile_max_width":0,"ocean_custom_logo_max_height":0,"ocean_custom_logo_tablet_max_height":0,"ocean_custom_logo_mobile_max_height":0,"ocean_header_custom_menu":"0","ocean_menu_typo_font_family":"0","ocean_menu_typo_font_subset":"","ocean_menu_typo_font_size":0,"ocean_menu_typo_font_size_tablet":0,"ocean_menu_typo_font_size_mobile":0,"ocean_menu_typo_font_size_unit":"px","ocean_menu_typo_font_weight":"","ocean_menu_typo_font_weight_tablet":"","ocean_menu_typo_font_weight_mobile":"","ocean_menu_typo_transform":"","ocean_menu_typo_transform_tablet":"","ocean_menu_typo_transform_mobile":"","ocean_menu_typo_line_height":0,"ocean_menu_typo_line_height_tablet":0,"ocean_menu_typo_line_height_mobile":0,"ocean_menu_typo_line_height_unit":"","ocean_menu_typo_spacing":0,"ocean_menu_typo_spacing_tablet":0,"ocean_menu_typo_spacing_mobile":0,"ocean_menu_typo_spacing_unit":"","ocean_menu_link_color":"","ocean_menu_link_color_hover":"","ocean_menu_link_color_active":"","ocean_menu_link_background":"","ocean_menu_link_hover_background":"","ocean_menu_link_active_background":"","ocean_menu_social_links_bg":"","ocean_menu_social_hover_links_bg":"","ocean_menu_social_links_color":"","ocean_menu_social_hover_links_color":"","ocean_disable_title":"on","ocean_disable_heading":"default","ocean_post_title":"","ocean_post_subheading":"","ocean_post_title_style":"","ocean_post_title_background_color":"","ocean_post_title_background":0,"ocean_post_title_bg_image_position":"","ocean_post_title_bg_image_attachment":"","ocean_post_title_bg_image_repeat":"","ocean_post_title_bg_image_size":"","ocean_post_title_height":0,"ocean_post_title_bg_overlay":0.5,"ocean_post_title_bg_overlay_color":"","ocean_disable_breadcrumbs":"default","ocean_breadcrumbs_color":"","ocean_breadcrumbs_separator_color":"","ocean_breadcrumbs_links_color":"","ocean_breadcrumbs_links_hover_color":"","ocean_display_footer_widgets":"default","ocean_display_footer_bottom":"default","ocean_custom_footer_template":"0","footnotes":""},"categoria_pagina":[],"class_list":["post-4626","page","type-page","status-publish","hentry","entry"],"yoast_head":"<!-- This site is optimized with the Yoast SEO Premium plugin v20.10 (Yoast SEO v27.5) - https:\/\/yoast.com\/product\/yoast-seo-premium-wordpress\/ -->\n<title>Tel\u00e8fons d&#039;inter\u00e8s | Hotel de l&#039;Isard<\/title>\n<meta name=\"description\" content=\"Descobreix aquesta llista de tel\u00e8fons d&#039;inter\u00e8s que poden ajudar-te en qualsevol emerg\u00e8ncia durant la teva estada a Andorra. T&#039;esperem!\" \/>\n<meta name=\"robots\" content=\"index, follow, max-snippet:-1, max-image-preview:large, max-video-preview:-1\" \/>\n<link rel=\"canonical\" href=\"https:\/\/www.hotelisard.com\/ca\/telefons-dinteres\/\" \/>\n<meta property=\"og:locale\" content=\"ca_ES\" \/>\n<meta property=\"og:type\" content=\"article\" \/>\n<meta property=\"og:title\" content=\"Tel\u00e8fons d&#039;inter\u00e8s\" \/>\n<meta property=\"og:description\" content=\"Descobreix aquesta llista de tel\u00e8fons d&#039;inter\u00e8s que poden ajudar-te en qualsevol emerg\u00e8ncia durant la teva estada a Andorra. T&#039;esperem!\" \/>\n<meta property=\"og:url\" content=\"https:\/\/www.hotelisard.com\/ca\/telefons-dinteres\/\" \/>\n<meta property=\"og:site_name\" content=\"Hotel Isard\" \/>\n<meta property=\"article:modified_time\" content=\"2023-07-07T06:26:44+00:00\" \/>\n<meta name=\"twitter:card\" content=\"summary_large_image\" \/>\n<meta name=\"twitter:label1\" content=\"Temps estimat de lectura\" \/>\n\t<meta name=\"twitter:data1\" content=\"1 minut\" \/>\n<script type=\"application\/ld+json\" class=\"yoast-schema-graph\">{\"@context\":\"https:\\\/\\\/schema.org\",\"@graph\":[{\"@type\":\"WebPage\",\"@id\":\"https:\\\/\\\/www.hotelisard.com\\\/ca\\\/telefons-dinteres\\\/\",\"url\":\"https:\\\/\\\/www.hotelisard.com\\\/ca\\\/telefons-dinteres\\\/\",\"name\":\"Tel\u00e8fons d'inter\u00e8s | Hotel de l'Isard\",\"isPartOf\":{\"@id\":\"https:\\\/\\\/www.hotelisard.com\\\/ca\\\/#website\"},\"datePublished\":\"2023-03-14T14:15:14+00:00\",\"dateModified\":\"2023-07-07T06:26:44+00:00\",\"description\":\"Descobreix aquesta llista de tel\u00e8fons d'inter\u00e8s que poden ajudar-te en qualsevol emerg\u00e8ncia durant la teva estada a Andorra. T'esperem!\",\"breadcrumb\":{\"@id\":\"https:\\\/\\\/www.hotelisard.com\\\/ca\\\/telefons-dinteres\\\/#breadcrumb\"},\"inLanguage\":\"ca\",\"potentialAction\":[{\"@type\":\"ReadAction\",\"target\":[\"https:\\\/\\\/www.hotelisard.com\\\/ca\\\/telefons-dinteres\\\/\"]}]},{\"@type\":\"BreadcrumbList\",\"@id\":\"https:\\\/\\\/www.hotelisard.com\\\/ca\\\/telefons-dinteres\\\/#breadcrumb\",\"itemListElement\":[{\"@type\":\"ListItem\",\"position\":1,\"name\":\"Home\",\"item\":\"https:\\\/\\\/www.hotelisard.com\\\/ca\\\/\"},{\"@type\":\"ListItem\",\"position\":2,\"name\":\"Tel\u00e8fons d&#8217;inter\u00e8s\"}]},{\"@type\":\"WebSite\",\"@id\":\"https:\\\/\\\/www.hotelisard.com\\\/ca\\\/#website\",\"url\":\"https:\\\/\\\/www.hotelisard.com\\\/ca\\\/\",\"name\":\"Hotel Isard\",\"description\":\"Hotel Isard\",\"publisher\":{\"@id\":\"https:\\\/\\\/www.hotelisard.com\\\/ca\\\/#organization\"},\"potentialAction\":[{\"@type\":\"SearchAction\",\"target\":{\"@type\":\"EntryPoint\",\"urlTemplate\":\"https:\\\/\\\/www.hotelisard.com\\\/ca\\\/?s={search_term_string}\"},\"query-input\":{\"@type\":\"PropertyValueSpecification\",\"valueRequired\":true,\"valueName\":\"search_term_string\"}}],\"inLanguage\":\"ca\"},{\"@type\":\"Organization\",\"@id\":\"https:\\\/\\\/www.hotelisard.com\\\/ca\\\/#organization\",\"name\":\"Hotel Isard\",\"url\":\"https:\\\/\\\/www.hotelisard.com\\\/ca\\\/\",\"logo\":{\"@type\":\"ImageObject\",\"inLanguage\":\"ca\",\"@id\":\"https:\\\/\\\/www.hotelisard.com\\\/ca\\\/#\\\/schema\\\/logo\\\/image\\\/\",\"url\":\"https:\\\/\\\/www.hotelisard.com\\\/wp-content\\\/uploads\\\/2023\\\/03\\\/LOGO-ISARD@2x.png\",\"contentUrl\":\"https:\\\/\\\/www.hotelisard.com\\\/wp-content\\\/uploads\\\/2023\\\/03\\\/LOGO-ISARD@2x.png\",\"width\":309,\"height\":118,\"caption\":\"Hotel Isard\"},\"image\":{\"@id\":\"https:\\\/\\\/www.hotelisard.com\\\/ca\\\/#\\\/schema\\\/logo\\\/image\\\/\"}}]}<\/script>\n<!-- \/ Yoast SEO Premium plugin. -->","yoast_head_json":{"title":"Tel\u00e8fons d'inter\u00e8s | Hotel de l'Isard","description":"Descobreix aquesta llista de tel\u00e8fons d'inter\u00e8s que poden ajudar-te en qualsevol emerg\u00e8ncia durant la teva estada a Andorra. T'esperem!","robots":{"index":"index","follow":"follow","max-snippet":"max-snippet:-1","max-image-preview":"max-image-preview:large","max-video-preview":"max-video-preview:-1"},"canonical":"https:\/\/www.hotelisard.com\/ca\/telefons-dinteres\/","og_locale":"ca_ES","og_type":"article","og_title":"Tel\u00e8fons d'inter\u00e8s","og_description":"Descobreix aquesta llista de tel\u00e8fons d'inter\u00e8s que poden ajudar-te en qualsevol emerg\u00e8ncia durant la teva estada a Andorra. T'esperem!","og_url":"https:\/\/www.hotelisard.com\/ca\/telefons-dinteres\/","og_site_name":"Hotel Isard","article_modified_time":"2023-07-07T06:26:44+00:00","twitter_card":"summary_large_image","twitter_misc":{"Temps estimat de lectura":"1 minut"},"schema":{"@context":"https:\/\/schema.org","@graph":[{"@type":"WebPage","@id":"https:\/\/www.hotelisard.com\/ca\/telefons-dinteres\/","url":"https:\/\/www.hotelisard.com\/ca\/telefons-dinteres\/","name":"Tel\u00e8fons d'inter\u00e8s | Hotel de l'Isard","isPartOf":{"@id":"https:\/\/www.hotelisard.com\/ca\/#website"},"datePublished":"2023-03-14T14:15:14+00:00","dateModified":"2023-07-07T06:26:44+00:00","description":"Descobreix aquesta llista de tel\u00e8fons d'inter\u00e8s que poden ajudar-te en qualsevol emerg\u00e8ncia durant la teva estada a Andorra. T'esperem!","breadcrumb":{"@id":"https:\/\/www.hotelisard.com\/ca\/telefons-dinteres\/#breadcrumb"},"inLanguage":"ca","potentialAction":[{"@type":"ReadAction","target":["https:\/\/www.hotelisard.com\/ca\/telefons-dinteres\/"]}]},{"@type":"BreadcrumbList","@id":"https:\/\/www.hotelisard.com\/ca\/telefons-dinteres\/#breadcrumb","itemListElement":[{"@type":"ListItem","position":1,"name":"Home","item":"https:\/\/www.hotelisard.com\/ca\/"},{"@type":"ListItem","position":2,"name":"Tel\u00e8fons d&#8217;inter\u00e8s"}]},{"@type":"WebSite","@id":"https:\/\/www.hotelisard.com\/ca\/#website","url":"https:\/\/www.hotelisard.com\/ca\/","name":"Hotel Isard","description":"Hotel Isard","publisher":{"@id":"https:\/\/www.hotelisard.com\/ca\/#organization"},"potentialAction":[{"@type":"SearchAction","target":{"@type":"EntryPoint","urlTemplate":"https:\/\/www.hotelisard.com\/ca\/?s={search_term_string}"},"query-input":{"@type":"PropertyValueSpecification","valueRequired":true,"valueName":"search_term_string"}}],"inLanguage":"ca"},{"@type":"Organization","@id":"https:\/\/www.hotelisard.com\/ca\/#organization","name":"Hotel Isard","url":"https:\/\/www.hotelisard.com\/ca\/","logo":{"@type":"ImageObject","inLanguage":"ca","@id":"https:\/\/www.hotelisard.com\/ca\/#\/schema\/logo\/image\/","url":"https:\/\/www.hotelisard.com\/wp-content\/uploads\/2023\/03\/LOGO-ISARD@2x.png","contentUrl":"https:\/\/www.hotelisard.com\/wp-content\/uploads\/2023\/03\/LOGO-ISARD@2x.png","width":309,"height":118,"caption":"Hotel Isard"},"image":{"@id":"https:\/\/www.hotelisard.com\/ca\/#\/schema\/logo\/image\/"}}]}},"_links":{"self":[{"href":"https:\/\/www.hotelisard.com\/ca\/wp-json\/wp\/v2\/pages\/4626","targetHints":{"allow":["GET"]}}],"collection":[{"href":"https:\/\/www.hotelisard.com\/ca\/wp-json\/wp\/v2\/pages"}],"about":[{"href":"https:\/\/www.hotelisard.com\/ca\/wp-json\/wp\/v2\/types\/page"}],"author":[{"embeddable":true,"href":"https:\/\/www.hotelisard.com\/ca\/wp-json\/wp\/v2\/users\/4"}],"replies":[{"embeddable":true,"href":"https:\/\/www.hotelisard.com\/ca\/wp-json\/wp\/v2\/comments?post=4626"}],"version-history":[{"count":0,"href":"https:\/\/www.hotelisard.com\/ca\/wp-json\/wp\/v2\/pages\/4626\/revisions"}],"wp:attachment":[{"href":"https:\/\/www.hotelisard.com\/ca\/wp-json\/wp\/v2\/media?parent=4626"}],"wp:term":[{"taxonomy":"categoria_pagina","embeddable":true,"href":"https:\/\/www.hotelisard.com\/ca\/wp-json\/wp\/v2\/categoria_pagina?post=4626"}],"curies":[{"name":"wp","href":"https:\/\/api.w.org\/{rel}","templated":true}]}}