{"id":5077,"date":"2023-07-04T14:29:58","date_gmt":"2023-07-04T12:29:58","guid":{"rendered":"https:\/\/hotelisard.seoagil.com\/aviso-legal\/"},"modified":"2023-09-18T15:39:46","modified_gmt":"2023-09-18T13:39:46","slug":"avis-legal","status":"publish","type":"page","link":"https:\/\/www.hotelisard.com\/ca\/avis-legal\/","title":{"rendered":"Av\u00eds Legal"},"content":{"rendered":"\n<p>Aquest av\u00eds legal recull les condicions generals que regulen l&#8217;acc\u00e9s i l&#8217;\u00fas de la plana web <a href=\"http:\/\/www.hotelisard.com\">www.hotelisard.com<\/a>, d&#8217;ara endavant &#8220;la WEB&#8221;, del qual \u00e9s titular i propiet\u00e0ria <strong><em>HOTEL DE L\u2019ISARD S.L. <\/em><\/strong>societat domiciliada a AVDA. MERITXELL, 34 \u2013 AD500 ANDORRA LA VELLA, NRT L-705558-F, Inscrita en el Registre de Comer\u00e7 N.\u00ba 903437R e inscrita en el Registre de Societats del M.I. Govern amb el n\u00famero 10409, llibre S-123 folis 137 a 144, d&#8217;ara endavant <em>&#8220;HOTEL DE L\u2019ISARD S.L.&#8221;<\/em>. L&#8217;acc\u00e9s a la WEB \u00e9s gratu\u00eft i la seva visualitzaci\u00f3 no requereix cap registre ni subscripci\u00f3 pr\u00e8via. A trav\u00e9s de la WEB es facilita informaci\u00f3 general dels nostres serveis.<\/p>\n\n\n\n<h2 class=\"wp-block-heading\" id=\"h-limitacio-de-responsabilitat\"><a><\/a>Limitaci\u00f3 de responsabilitat<\/h2>\n\n\n\n<p><strong><em>HOTEL DE L\u2019ISARD S.L. <\/em><\/strong>no es responsabilitza dels danys i perjudicis produ\u00efts o que es puguin produir, de cap naturalesa, que es derivin de l&#8217;\u00fas de la informaci\u00f3, del contingut de la WEB i dels programes que incorpora, i que poguessin ocasionar, a t\u00edtol enunciatiu i no limitatiu: errors o omissions en els continguts, falta de disponibilitat de la WEB o la transmissi\u00f3 de virus o programes maliciosos o lesius en els continguts, malgrat haver adoptat totes les mesures tecnol\u00f2giques necess\u00e0ries per evitar-ho. La informaci\u00f3 continguda en la WEB \u00e9s la vigent en la data de l&#8217;\u00faltima actualitzaci\u00f3, i <strong><em>HOTEL DE L\u2019ISARD S.L. <\/em><\/strong>no garanteix l&#8217;abs\u00e8ncia d&#8217;errors en l&#8217;acc\u00e9s a la WEB ni en el contingut, per\u00f2, adoptar\u00e0 les mesures pertinents per evitar- los, corregir-los i\/o actualitzar-los tan aviat com es detectin.<\/p>\n\n\n\n<p><strong><em>HOTEL DE L\u2019ISARD S.L. <\/em><\/strong>es reserva el dret de modificar i actualitzar la informaci\u00f3 de la WEB, la seva presentaci\u00f3 i configuraci\u00f3 i les condicions d&#8217;acc\u00e9s sense necessitat de previ av\u00eds i en qualsevol moment. Aix\u00ed mateix, <strong><em>HOTEL DE L\u2019ISARD S.L. <\/em><\/strong>es reserva el dret de modificar i\/o ometre totalment o parcial els continguts de la WEB i restringir-ne l&#8217;acc\u00e9s.<\/p>\n\n\n\n<p>En cas que s&#8217;hagin de realitzar operacions de manteniment, reparaci\u00f3, actualitzaci\u00f3 o millora dels serveis, <strong><em>HOTEL DE L\u2019ISARD S.L. <\/em><\/strong>es reserva el dret de suspendre temporalment i sense necessitat de previ av\u00eds l&#8217;acc\u00e9s a la WEB, aix\u00ed com el dret de prestaci\u00f3 o cancel\u00b7laci\u00f3 dels serveis, sense perjudici de procurar posar-ho en coneixement dels usuaris, sempre que les circumst\u00e0ncies ho permetin.<\/p>\n\n\n\n<p>L&#8217;\u00fas d&#8217;aquesta WEB i la informaci\u00f3 que es facilita \u00e9s responsabilitat de l&#8217;usuari. Cap tercer podr\u00e0 establir una relaci\u00f3 de <em>framing <\/em>entre les seves p\u00e0gines web i la WEB. Aix\u00ed mateix, <strong><em>HOTEL DE L\u2019ISARD S.L. <\/em><\/strong>no es responsabilitza del contingut de tercers al qual es pugui accedir mitjan\u00e7ant els enlla\u00e7os continguts a la WEB.<\/p>\n\n\n\n<h2 class=\"wp-block-heading\" id=\"h-serveis-i-productes-de-la-web\">Serveis i productes de la web<\/h2>\n\n\n\n<p>La WEB pot contenir enlla\u00e7os a p\u00e0gines web alienes a la mateixa els quals es posen a disposici\u00f3 de l&#8217;usuari amb l&#8217;\u00fanica finalitat de facilitar-li l&#8217;acc\u00e9s als continguts, productes o serveis que poguessin ser del seu inter\u00e8s i que <strong><em>HOTEL DE L\u2019ISARD S.L. <\/em><\/strong>no gestiona ni controla en cap moment.<\/p>\n\n\n\n<p>La inclusi\u00f3 dels enlla\u00e7os a portals de tercers no implica en cap cas una vinculaci\u00f3 entre <strong><em>HOTEL DE L\u2019ISARD S.L. <\/em><\/strong>i els titulars dels portals enlla\u00e7ats. <strong><em>HOTEL DE L\u2019ISARD S.L. <\/em><\/strong>no assumeix cap tipus de responsabilitat directa o indirecta en relaci\u00f3 amb la licitud, veracitat, utilitat, qualitat o fiabilitat dels serveis i continguts propietat de tercers, o que aquests gestionin o controlin, encara que s&#8217;hi pugui accedir a trav\u00e9s de la WEB.<\/p>\n\n\n\n<p>A tots els efectes legals, s&#8217;ent\u00e9n que qualsevol relaci\u00f3 contractual o extracontractual que l&#8217;usuari dugui a terme amb tercers contactats mitjan\u00e7ant la WEB es realitza \u00fanica i exclusivament entre l&#8217;usuari i els tercers. L&#8217;usuari accepta que <strong><em>HOTEL DE L\u2019ISARD S.L. <\/em><\/strong>no tingui cap responsabilitat sobre els danys o perjudicis de qualsevol naturalesa ocasionats amb motiu de les negociacions, converses o relacions contractuals o extracontractuals entre l&#8217;usuari i tercers contactats per mitj\u00e0 de la WEB. L&#8217;usuari haur\u00e0 de prendre coneixement de les indicacions, dels avisos o de les advert\u00e8ncies legals que els portals de tercers puguin establir pel seu \u00fas.<\/p>\n\n\n\n<h2 class=\"wp-block-heading\" id=\"h-responsabilitat-de-l-usuari\">Responsabilitat de l\u2019usuari<\/h2>\n\n\n\n<p>L&#8217;usuari \u00e9s responsable del compliment de les lleis i reglaments en vigor i de les regles aplicables a l&#8217;\u00fas que es realitzi dels productes i aplicacions. Tanmateix, es prohibeix l&#8217;\u00fas de la WEB contrari a la bona fe, en particular i de manera no exhaustiva: la utilitzaci\u00f3 contr\u00e0ria a la normativa andorrana o que infringeixi els drets de tercers; la publicaci\u00f3 o transmissi\u00f3 de qualsevol contingut que resulti violent, obsc\u00e8, abusiu, il\u00b7legal, racial, xen\u00f2fob o difamatori; alterar o intervenir per mitjans fraudulents p\u00e0gines web personals o correus electr\u00f2nics o sistemes d&#8217;altres usuaris o tercers sense la seva autoritzaci\u00f3; els <em>cracks <\/em>, n\u00fameros de s\u00e8rie de programes o qualsevol altre contingut que vulneri els drets de la propietat intel\u00b7lectual de tercers; el recull i\/o la utilitzaci\u00f3 de dades personals d&#8217;altres usuaris sense el seu consentiment expr\u00e9s o que contravingui les disposicions de la Llei Qualificada 29\/2021 de protecci\u00f3 de dades personals; la utilitzaci\u00f3 del servidor de correu, el domini i les adreces de correu electr\u00f2nic amb finalitats de correu no desitjat, bombardeig de correu, suplantaci\u00f3 d&#8217;identitat, frau sota cust\u00f2dia de tercers, difusi\u00f3 de virus (troians, etc.) o qualsevol altre tipus d&#8217;activitat realitzada amb \u00e0nim fraudulent o delictiu.<\/p>\n\n\n\n<p>Queda expressament prohibit accedir, modificar, visualitzar la configuraci\u00f3, l&#8217;estructura i els arxius dels servidors de la WEB. Davant qualsevol problema que es pogu\u00e9s produir en els servidors i sistemes de seguretat de la WEB com a conseq\u00fc\u00e8ncia directa d&#8217;una actuaci\u00f3 negligent de l&#8217;usuari, aquest respondr\u00e0 per la responsabilitat civil i penal que correspongui. L&#8217;usuari respectar\u00e0 els est\u00e0ndards t\u00e8cnics disposats per la WEB en l&#8217;administraci\u00f3 i desenvolupament dels productes utilitzats de manera que no es produeixi un \u00fas abusiu que retardi els servidors i perjudiqui la prestaci\u00f3 dels productes o drets d&#8217;altres usuaris.<\/p>\n\n\n\n<h2 class=\"wp-block-heading\" id=\"h-proteccio-de-dades-personals-i-cookies\">Protecci\u00f3 de dades personals i cookies<\/h2>\n\n\n\n<p>En compliment del que requereix la Llei 29\/2021, del 28 d\u2019octubre, qualificada de Protecci\u00f3 de Dades Personals (en endavant, &#8220;LQDP&#8221;), i amb els reglaments que la desenvolupen, s&#8217;informa als usuaris d&#8217;aquest lloc web que qualsevol dada personal facilitat a <strong><em>HOTEL DE L\u2019ISARD S.L. <\/em><\/strong>ser\u00e0 tractat per el mateix amb les finalitats i condicions definides al seu Registre d\u2019Activitats de Tractament. El responsable del fitxer \u00e9s <strong><em>HOTEL DE L\u2019ISARD S.L. <\/em><\/strong>en qualitat de responsable del tractament, amb domicili a AVDA. MERITXELL, 34 \u2013 AD500 ANDORRA LA VELLA, <a href=\"mailto:p.privacidad@hotelisard.com\">p.privacidad@hotelisard.com<\/a> , tel.: +376 87 68 00.<em> <\/em>Per m\u00e9s informaci\u00f3 sobre com tractarem les dades personals consulteu el seg\u00fcent enlla\u00e7 <a href=\"https:\/\/www.hotelisard.com\/politica-privacidad\/\"><em>https:\/\/www.hotelisard.com\/politica-privacidad\/<\/em><\/a><em> <\/em>&nbsp;<\/p>\n\n\n\n<p>En compliment de la LQPD, i els seus reglaments de desenvolupament, <strong><em>HOTEL DE L\u2019ISARD S.L. <\/em><\/strong>li informa que disposeu dels drets d&#8217;acc\u00e9s, rectificaci\u00f3, supressi\u00f3, oposici\u00f3, portabilitat i limitaci\u00f3 de tractament reconeguts en l&#8217;esmentada normativa.<\/p>\n\n\n\n<p>Li informem que aquesta plana web recull cookies. Trobareu una explicaci\u00f3 exhaustiva d\u2019aquestes en el seg\u00fcent enlla\u00e7 <a href=\"https:\/\/www.hotelisard.com\/politica-de-cookies-ue\/\">https:\/\/www.hotelisard.com\/politica-de-cookies-ue\/<\/a><\/p>\n\n\n\n<h2 class=\"wp-block-heading\" id=\"h-propietat-intel-lectual-sobre-els-continguts\">Propietat intel\u00b7lectual sobre els continguts<\/h2>\n\n\n\n<p>Tots els elements que apareixen a la WEB, sense limitaci\u00f3 (fotografies, m\u00fasica, sons, animacions, programari, textos, nom de domini, marques, informaci\u00f3 i contingut recopilat de tota la web, etc.) , aix\u00ed com l&#8217;estructura, el disseny gr\u00e0fic i el codi font s\u00f3n propietat d&#8217;<strong><em>HOTEL DE L\u2019ISARD S.L.<\/em><\/strong>, o si s&#8217;escau, de tercers que li han cedit els corresponents drets d&#8217;\u00fas, i que l&#8217;usuari d&#8217;aquest lloc web ha de respectar, i que per tant estan protegits per la normativa de propietat intel\u00b7lectual.<\/p>\n\n\n\n<p>No es podran realitzar actes totals o parcials de reproducci\u00f3, publicaci\u00f3, tractament inform\u00e0tic, distribuci\u00f3, difusi\u00f3, transformaci\u00f3, compilaci\u00f3, modificaci\u00f3, distribuci\u00f3 o comunicaci\u00f3 p\u00fablica de la WEB sense el consentiment previ i per escrit de <strong><em>HOTEL DE L\u2019ISARD S.L.<\/em><\/strong>.<\/p>\n\n\n\n<p>L&#8217;acc\u00e9s per part de l&#8217;usuari als continguts i els serveis de la WEB no implica cap dret pel que fa a la seva transmissi\u00f3, cessi\u00f3, utilitzaci\u00f3, alteraci\u00f3, explotaci\u00f3, reproducci\u00f3, distribuci\u00f3 o comunicaci\u00f3 p\u00fablica, objecte de propietat intel\u00b7lectual, sense la pr\u00e8via i expressa autoritzaci\u00f3 espec\u00edficament atorgada a aquest efecte per part d<strong><em>&#8216;HOTEL DE L\u2019ISARD S.L. <\/em><\/strong>o del tercer titular dels drets, si s&#8217;escau.<\/p>\n\n\n\n<p>Els usuaris de la WEB nom\u00e9s podran realitzar un \u00fas privat i personal dels seus continguts, \u00e9s a dir, nom\u00e9s tindran dret a visualitzar i realitzar c\u00f2pies dels continguts per al seu \u00fas personal i exclusiu i hauran d&#8217;aplicar aquests drets sobre la base dels principis de bona fe i la normativa aplicable. Queda absolutament prohibit l&#8217;\u00fas de la WEB o de qualsevol dels seus elements amb finalitats comercials o il\u00b7l\u00edcites. La utilitzaci\u00f3 no autoritzada de la informaci\u00f3 continguda en aquest Portal, aix\u00ed com els perjudicis ocasionats en els drets de propietat intel\u00b7lectual, poden donar lloc a l&#8217;exercici de les accions legals pertinents i, si s&#8217;escau, a les responsabilitats derivades d&#8217;aquest exercici.<\/p>\n\n\n\n<h2 class=\"wp-block-heading\" id=\"h-compromisos\"><a><\/a>Compromisos<\/h2>\n\n\n\n<p><strong><em>HOTEL DE L\u2019ISARD S.L. <\/em><\/strong>es compromet a no realitzar publicitat enganyosa. En aquest sentit, no es consideraran publicitat enganyosa els errors formals o num\u00e8rics que es puguin trobar en el contingut de les diferents seccions de la WEB a causa del manteniment i\/o de l&#8217;actualitzaci\u00f3 incompleta o defectuosa de la informaci\u00f3 continguda en aquestes seccions de la WEB com a conseq\u00fc\u00e8ncia d&#8217;all\u00f2 esmentat en aquest apartat, <strong><em>HOTEL DE L\u2019ISARD S.L. <\/em><\/strong>es compromet a corregir aquesta situaci\u00f3 tan aviat com tingui const\u00e0ncia dels esmentats errors.<\/p>\n\n\n\n<h2 class=\"wp-block-heading\" id=\"h-acceptacio\"><a><\/a>Acceptaci\u00f3<\/h2>\n\n\n\n<p>L&#8217;\u00fas de la WEB implica l&#8217;expressa i plena acceptaci\u00f3 d&#8217;aquestes condicions generals i de totes i cadascuna de les disposicions incloses en aquest av\u00eds legal en la versi\u00f3 publicada en el moment en qu\u00e8 l&#8217;usuari accedeix a aquest av\u00eds (excepte la pol\u00edtica de privacitat, que caldr\u00e0 acceptar-la expressament). En conseq\u00fc\u00e8ncia, es recomana que l&#8217;usuari llegeixi aquest av\u00eds legal cada vegada que accedeixi a la WEB, at\u00e8s que es poden produir modificacions en les condicions generals, sense perjudici de les condicions particulars que es puguin aplicar a determinats serveis concrets de la WEB.<\/p>\n\n\n\n<h2 class=\"wp-block-heading\" id=\"h-legislacio-i-jurisdiccio-aplicable\">Legislaci\u00f3 i jurisdicci\u00f3 aplicable<\/h2>\n\n\n\n<p>Les presents condicions d&#8217;acc\u00e9s i \u00fas queden subjectes a la legislaci\u00f3 andorrana i a la compet\u00e8ncia dels seus tribunals.<\/p>\n","protected":false},"excerpt":{"rendered":"<p>Aquest av\u00eds legal recull les condicions generals que regulen l&#8217;acc\u00e9s i l&#8217;\u00fas de la plana web www.hotelisard.com, d&#8217;ara endavant &#8220;la WEB&#8221;, del qual \u00e9s titular i propiet\u00e0ria HOTEL DE L\u2019ISARD S.L. societat domiciliada a AVDA. MERITXELL, 34 \u2013 AD500 ANDORRA LA VELLA, NRT L-705558-F, Inscrita en el Registre de Comer\u00e7 N.\u00ba 903437R e inscrita en [&hellip;]<\/p>\n","protected":false},"author":4,"featured_media":0,"parent":0,"menu_order":0,"comment_status":"closed","ping_status":"closed","template":"","meta":{"ocean_post_layout":"","ocean_both_sidebars_style":"","ocean_both_sidebars_content_width":0,"ocean_both_sidebars_sidebars_width":0,"ocean_sidebar":"0","ocean_second_sidebar":"0","ocean_disable_margins":"enable","ocean_add_body_class":"","ocean_shortcode_before_top_bar":"","ocean_shortcode_after_top_bar":"","ocean_shortcode_before_header":"","ocean_shortcode_after_header":"","ocean_has_shortcode":"","ocean_shortcode_after_title":"","ocean_shortcode_before_footer_widgets":"","ocean_shortcode_after_footer_widgets":"","ocean_shortcode_before_footer_bottom":"","ocean_shortcode_after_footer_bottom":"","ocean_display_top_bar":"default","ocean_display_header":"default","ocean_header_style":"","ocean_center_header_left_menu":"0","ocean_custom_header_template":"0","ocean_custom_logo":0,"ocean_custom_retina_logo":0,"ocean_custom_logo_max_width":0,"ocean_custom_logo_tablet_max_width":0,"ocean_custom_logo_mobile_max_width":0,"ocean_custom_logo_max_height":0,"ocean_custom_logo_tablet_max_height":0,"ocean_custom_logo_mobile_max_height":0,"ocean_header_custom_menu":"0","ocean_menu_typo_font_family":"0","ocean_menu_typo_font_subset":"","ocean_menu_typo_font_size":0,"ocean_menu_typo_font_size_tablet":0,"ocean_menu_typo_font_size_mobile":0,"ocean_menu_typo_font_size_unit":"px","ocean_menu_typo_font_weight":"","ocean_menu_typo_font_weight_tablet":"","ocean_menu_typo_font_weight_mobile":"","ocean_menu_typo_transform":"","ocean_menu_typo_transform_tablet":"","ocean_menu_typo_transform_mobile":"","ocean_menu_typo_line_height":0,"ocean_menu_typo_line_height_tablet":0,"ocean_menu_typo_line_height_mobile":0,"ocean_menu_typo_line_height_unit":"","ocean_menu_typo_spacing":0,"ocean_menu_typo_spacing_tablet":0,"ocean_menu_typo_spacing_mobile":0,"ocean_menu_typo_spacing_unit":"","ocean_menu_link_color":"","ocean_menu_link_color_hover":"","ocean_menu_link_color_active":"","ocean_menu_link_background":"","ocean_menu_link_hover_background":"","ocean_menu_link_active_background":"","ocean_menu_social_links_bg":"","ocean_menu_social_hover_links_bg":"","ocean_menu_social_links_color":"","ocean_menu_social_hover_links_color":"","ocean_disable_title":"default","ocean_disable_heading":"default","ocean_post_title":"","ocean_post_subheading":"","ocean_post_title_style":"","ocean_post_title_background_color":"","ocean_post_title_background":0,"ocean_post_title_bg_image_position":"","ocean_post_title_bg_image_attachment":"","ocean_post_title_bg_image_repeat":"","ocean_post_title_bg_image_size":"","ocean_post_title_height":0,"ocean_post_title_bg_overlay":0.5,"ocean_post_title_bg_overlay_color":"","ocean_disable_breadcrumbs":"default","ocean_breadcrumbs_color":"","ocean_breadcrumbs_separator_color":"","ocean_breadcrumbs_links_color":"","ocean_breadcrumbs_links_hover_color":"","ocean_display_footer_widgets":"default","ocean_display_footer_bottom":"default","ocean_custom_footer_template":"0","footnotes":""},"categoria_pagina":[],"class_list":["post-5077","page","type-page","status-publish","hentry","entry"],"yoast_head":"<!-- This site is optimized with the Yoast SEO Premium plugin v20.10 (Yoast SEO v27.5) - https:\/\/yoast.com\/product\/yoast-seo-premium-wordpress\/ -->\n<title>Av\u00eds legal | Hotel de l&#039;Isard Andorra<\/title>\n<meta name=\"description\" content=\"Llegeix el seg\u00fcent av\u00eds legal, tenint present que, si continues visitant aquestes p\u00e0gines, acceptar\u00e0s impl\u00edcitament les condicions d&#039;aquest av\u00eds legal.\" \/>\n<meta name=\"robots\" content=\"index, follow, max-snippet:-1, max-image-preview:large, max-video-preview:-1\" \/>\n<link rel=\"canonical\" href=\"https:\/\/www.hotelisard.com\/ca\/avis-legal\/\" \/>\n<meta property=\"og:locale\" content=\"ca_ES\" \/>\n<meta property=\"og:type\" content=\"article\" \/>\n<meta property=\"og:title\" content=\"Av\u00eds Legal\" \/>\n<meta property=\"og:description\" content=\"Llegeix el seg\u00fcent av\u00eds legal, tenint present que, si continues visitant aquestes p\u00e0gines, acceptar\u00e0s impl\u00edcitament les condicions d&#039;aquest av\u00eds legal.\" \/>\n<meta property=\"og:url\" content=\"https:\/\/www.hotelisard.com\/ca\/avis-legal\/\" \/>\n<meta property=\"og:site_name\" content=\"Hotel Isard\" \/>\n<meta property=\"article:modified_time\" content=\"2023-09-18T13:39:46+00:00\" \/>\n<meta name=\"twitter:card\" content=\"summary_large_image\" \/>\n<meta name=\"twitter:label1\" content=\"Temps estimat de lectura\" \/>\n\t<meta name=\"twitter:data1\" content=\"8 minuts\" \/>\n<script type=\"application\/ld+json\" class=\"yoast-schema-graph\">{\"@context\":\"https:\\\/\\\/schema.org\",\"@graph\":[{\"@type\":\"WebPage\",\"@id\":\"https:\\\/\\\/www.hotelisard.com\\\/ca\\\/avis-legal\\\/\",\"url\":\"https:\\\/\\\/www.hotelisard.com\\\/ca\\\/avis-legal\\\/\",\"name\":\"Av\u00eds legal | Hotel de l'Isard Andorra\",\"isPartOf\":{\"@id\":\"https:\\\/\\\/www.hotelisard.com\\\/ca\\\/#website\"},\"datePublished\":\"2023-07-04T12:29:58+00:00\",\"dateModified\":\"2023-09-18T13:39:46+00:00\",\"description\":\"Llegeix el seg\u00fcent av\u00eds legal, tenint present que, si continues visitant aquestes p\u00e0gines, acceptar\u00e0s impl\u00edcitament les condicions d'aquest av\u00eds legal.\",\"breadcrumb\":{\"@id\":\"https:\\\/\\\/www.hotelisard.com\\\/ca\\\/avis-legal\\\/#breadcrumb\"},\"inLanguage\":\"ca\",\"potentialAction\":[{\"@type\":\"ReadAction\",\"target\":[\"https:\\\/\\\/www.hotelisard.com\\\/ca\\\/avis-legal\\\/\"]}]},{\"@type\":\"BreadcrumbList\",\"@id\":\"https:\\\/\\\/www.hotelisard.com\\\/ca\\\/avis-legal\\\/#breadcrumb\",\"itemListElement\":[{\"@type\":\"ListItem\",\"position\":1,\"name\":\"Home\",\"item\":\"https:\\\/\\\/www.hotelisard.com\\\/ca\\\/\"},{\"@type\":\"ListItem\",\"position\":2,\"name\":\"Av\u00eds Legal\"}]},{\"@type\":\"WebSite\",\"@id\":\"https:\\\/\\\/www.hotelisard.com\\\/ca\\\/#website\",\"url\":\"https:\\\/\\\/www.hotelisard.com\\\/ca\\\/\",\"name\":\"Hotel Isard\",\"description\":\"Hotel Isard\",\"publisher\":{\"@id\":\"https:\\\/\\\/www.hotelisard.com\\\/ca\\\/#organization\"},\"potentialAction\":[{\"@type\":\"SearchAction\",\"target\":{\"@type\":\"EntryPoint\",\"urlTemplate\":\"https:\\\/\\\/www.hotelisard.com\\\/ca\\\/?s={search_term_string}\"},\"query-input\":{\"@type\":\"PropertyValueSpecification\",\"valueRequired\":true,\"valueName\":\"search_term_string\"}}],\"inLanguage\":\"ca\"},{\"@type\":\"Organization\",\"@id\":\"https:\\\/\\\/www.hotelisard.com\\\/ca\\\/#organization\",\"name\":\"Hotel Isard\",\"url\":\"https:\\\/\\\/www.hotelisard.com\\\/ca\\\/\",\"logo\":{\"@type\":\"ImageObject\",\"inLanguage\":\"ca\",\"@id\":\"https:\\\/\\\/www.hotelisard.com\\\/ca\\\/#\\\/schema\\\/logo\\\/image\\\/\",\"url\":\"https:\\\/\\\/www.hotelisard.com\\\/wp-content\\\/uploads\\\/2023\\\/03\\\/LOGO-ISARD@2x.png\",\"contentUrl\":\"https:\\\/\\\/www.hotelisard.com\\\/wp-content\\\/uploads\\\/2023\\\/03\\\/LOGO-ISARD@2x.png\",\"width\":309,\"height\":118,\"caption\":\"Hotel Isard\"},\"image\":{\"@id\":\"https:\\\/\\\/www.hotelisard.com\\\/ca\\\/#\\\/schema\\\/logo\\\/image\\\/\"}}]}<\/script>\n<!-- \/ Yoast SEO Premium plugin. -->","yoast_head_json":{"title":"Av\u00eds legal | Hotel de l'Isard Andorra","description":"Llegeix el seg\u00fcent av\u00eds legal, tenint present que, si continues visitant aquestes p\u00e0gines, acceptar\u00e0s impl\u00edcitament les condicions d'aquest av\u00eds legal.","robots":{"index":"index","follow":"follow","max-snippet":"max-snippet:-1","max-image-preview":"max-image-preview:large","max-video-preview":"max-video-preview:-1"},"canonical":"https:\/\/www.hotelisard.com\/ca\/avis-legal\/","og_locale":"ca_ES","og_type":"article","og_title":"Av\u00eds Legal","og_description":"Llegeix el seg\u00fcent av\u00eds legal, tenint present que, si continues visitant aquestes p\u00e0gines, acceptar\u00e0s impl\u00edcitament les condicions d'aquest av\u00eds legal.","og_url":"https:\/\/www.hotelisard.com\/ca\/avis-legal\/","og_site_name":"Hotel Isard","article_modified_time":"2023-09-18T13:39:46+00:00","twitter_card":"summary_large_image","twitter_misc":{"Temps estimat de lectura":"8 minuts"},"schema":{"@context":"https:\/\/schema.org","@graph":[{"@type":"WebPage","@id":"https:\/\/www.hotelisard.com\/ca\/avis-legal\/","url":"https:\/\/www.hotelisard.com\/ca\/avis-legal\/","name":"Av\u00eds legal | Hotel de l'Isard Andorra","isPartOf":{"@id":"https:\/\/www.hotelisard.com\/ca\/#website"},"datePublished":"2023-07-04T12:29:58+00:00","dateModified":"2023-09-18T13:39:46+00:00","description":"Llegeix el seg\u00fcent av\u00eds legal, tenint present que, si continues visitant aquestes p\u00e0gines, acceptar\u00e0s impl\u00edcitament les condicions d'aquest av\u00eds legal.","breadcrumb":{"@id":"https:\/\/www.hotelisard.com\/ca\/avis-legal\/#breadcrumb"},"inLanguage":"ca","potentialAction":[{"@type":"ReadAction","target":["https:\/\/www.hotelisard.com\/ca\/avis-legal\/"]}]},{"@type":"BreadcrumbList","@id":"https:\/\/www.hotelisard.com\/ca\/avis-legal\/#breadcrumb","itemListElement":[{"@type":"ListItem","position":1,"name":"Home","item":"https:\/\/www.hotelisard.com\/ca\/"},{"@type":"ListItem","position":2,"name":"Av\u00eds Legal"}]},{"@type":"WebSite","@id":"https:\/\/www.hotelisard.com\/ca\/#website","url":"https:\/\/www.hotelisard.com\/ca\/","name":"Hotel Isard","description":"Hotel Isard","publisher":{"@id":"https:\/\/www.hotelisard.com\/ca\/#organization"},"potentialAction":[{"@type":"SearchAction","target":{"@type":"EntryPoint","urlTemplate":"https:\/\/www.hotelisard.com\/ca\/?s={search_term_string}"},"query-input":{"@type":"PropertyValueSpecification","valueRequired":true,"valueName":"search_term_string"}}],"inLanguage":"ca"},{"@type":"Organization","@id":"https:\/\/www.hotelisard.com\/ca\/#organization","name":"Hotel Isard","url":"https:\/\/www.hotelisard.com\/ca\/","logo":{"@type":"ImageObject","inLanguage":"ca","@id":"https:\/\/www.hotelisard.com\/ca\/#\/schema\/logo\/image\/","url":"https:\/\/www.hotelisard.com\/wp-content\/uploads\/2023\/03\/LOGO-ISARD@2x.png","contentUrl":"https:\/\/www.hotelisard.com\/wp-content\/uploads\/2023\/03\/LOGO-ISARD@2x.png","width":309,"height":118,"caption":"Hotel Isard"},"image":{"@id":"https:\/\/www.hotelisard.com\/ca\/#\/schema\/logo\/image\/"}}]}},"_links":{"self":[{"href":"https:\/\/www.hotelisard.com\/ca\/wp-json\/wp\/v2\/pages\/5077","targetHints":{"allow":["GET"]}}],"collection":[{"href":"https:\/\/www.hotelisard.com\/ca\/wp-json\/wp\/v2\/pages"}],"about":[{"href":"https:\/\/www.hotelisard.com\/ca\/wp-json\/wp\/v2\/types\/page"}],"author":[{"embeddable":true,"href":"https:\/\/www.hotelisard.com\/ca\/wp-json\/wp\/v2\/users\/4"}],"replies":[{"embeddable":true,"href":"https:\/\/www.hotelisard.com\/ca\/wp-json\/wp\/v2\/comments?post=5077"}],"version-history":[{"count":0,"href":"https:\/\/www.hotelisard.com\/ca\/wp-json\/wp\/v2\/pages\/5077\/revisions"}],"wp:attachment":[{"href":"https:\/\/www.hotelisard.com\/ca\/wp-json\/wp\/v2\/media?parent=5077"}],"wp:term":[{"taxonomy":"categoria_pagina","embeddable":true,"href":"https:\/\/www.hotelisard.com\/ca\/wp-json\/wp\/v2\/categoria_pagina?post=5077"}],"curies":[{"name":"wp","href":"https:\/\/api.w.org\/{rel}","templated":true}]}}