{"id":6933,"date":"2023-09-18T15:52:31","date_gmt":"2023-09-18T13:52:31","guid":{"rendered":"https:\/\/www.hotelisard.com\/?page_id=6933"},"modified":"2023-09-18T15:52:33","modified_gmt":"2023-09-18T13:52:33","slug":"politica-de-xarxes-socials","status":"publish","type":"page","link":"https:\/\/www.hotelisard.com\/ca\/politica-de-xarxes-socials\/","title":{"rendered":"Pol\u00edtica de xarxes socials"},"content":{"rendered":"\n<p>En compliment de la <a>Llei 29\/2021, de 28 d&#8217;octubre<\/a>, qualificada de protecci\u00f3 de dades personals i la Llei 34\/2002, del 11 de juliol, de Serveis de la Societat de la Informaci\u00f3 i de Comer\u00e7 Electr\u00f2nic (LSSI-CE), HOTEL DE L\u2019ISARD, S.L., en endavant (HOTEL DE L\u2019ISARD), informa als usuaris, que ha procedit a crear un perfil a les xarxes socials amb la finalitat principal d\u2019anunciar els seus productes i serveis.<\/p>\n\n\n\n<h2 class=\"wp-block-heading\"><strong>Dades de HOTEL DE L\u2019ISARD,SL<\/strong><\/h2>\n\n\n\n<p><em>L-705558-F<\/em><\/p>\n\n\n\n<p><em>C\/ Avda. Meritxell, n.\u00ba 34, AD500 Andorra la Vella<\/em><\/p>\n\n\n\n<p><em>Tel\u00e8fon: +376 87 68 00<\/em><\/p>\n\n\n\n<p><a href=\"mailto:p.privacidad@hotelisard.com\"><em>p.privacidad@hotelisard.com<\/em><\/a><em><\/em><\/p>\n\n\n\n<p><a href=\"http:\/\/www.hotelisard.com\"><em>www.hotelisard.com<\/em><\/a><em><\/em><\/p>\n\n\n\n<p>L\u2019usuari disposa d\u2019un perfil a la mateixa xarxa social i ha decidit unir-se a la p\u00e0gina creada per HOTEL DE L\u2019ISARD , mostrant aix\u00ed inter\u00e8s en la informaci\u00f3 que s\u2019anunci\u00ef a la xarxa. Al unir-se a la nostre p\u00e0gina, ens facilita el seu consentiment pel tractament d\u2019aquelles dades personals publicades al seu perfil.&nbsp;<\/p>\n\n\n\n<p>L\u2019usuari pot accedir en tot moment a les pol\u00edtiques de privacitat de la pr\u00f2pia xarxa social, aix\u00ed como configurar el seu perfil per garantir la seva privacitat.<\/p>\n\n\n\n<p>HOTEL DE L\u2019ISARD &nbsp;te acc\u00e9s i tracta aquella informaci\u00f3 p\u00fablica del usuari, en especial, el seu nom de contacte. Aquestes dades, nomes son utilitzades dins de la pr\u00f2pia xarxa social i en cap cas son incorporades a cap fitxer, sense sol\u00b7licitar pr\u00e8viament el consentiment expr\u00e9s del interessat.<\/p>\n\n\n\n<p>En relaci\u00f3 als drets d\u2019acc\u00e9s, rectificaci\u00f3, cancel\u00b7laci\u00f3 i oposici\u00f3, dels que vost\u00e8 disposa i que poden ser exercits davant HOTEL DE L\u2019ISARD, d\u2019acord amb la Llei 29\/2021, de 28 d&#8217;octubre, ha de tindre en compte que donada la pr\u00f2pia funcionalitat de las xarxes socials, normalment haur\u00e0 d\u2019exercir els seus drets davant la pr\u00f2pia xarxa social.<\/p>\n\n\n\n<p>HOTEL DE L\u2019ISARD &nbsp;realitzar\u00e0 les seg\u00fcents actuacions:<\/p>\n\n\n\n<ul class=\"wp-block-list\">\n<li>Acc\u00e9s a la informaci\u00f3 p\u00fablica del perfil.<\/li>\n\n\n\n<li>Publicaci\u00f3 al perfil del usuari de tota aquella informaci\u00f3 ja publicada a la p\u00e0gina de HOTEL DE L\u2019ISARD .<\/li>\n\n\n\n<li>Enviar missatges personals e individuals a trav\u00e9s dels canals de la xarxa social.<\/li>\n\n\n\n<li>Actualitzacions del estat de la p\u00e0gina que es publicaran al perfil del usuari.<\/li>\n<\/ul>\n\n\n\n<p>L\u2019usuari sempre pot controlar les seves connexions, eliminar els continguts que deixin d\u2019interessar-li i restringir amb qui comparteix les seves connexions, per fer-ho haur\u00e0 d\u2019accedir a la seva configuraci\u00f3 de privacitat.&nbsp;<\/p>\n\n\n\n<h2 class=\"wp-block-heading\"><strong>Dades de menors<\/strong><\/h2>\n\n\n\n<p>L\u2019acc\u00e9s i registre a aquesta xarxa social esta prohibit per a menors de 14 anys. L\u2019acc\u00e9s al lloc oficial de HOTEL DE L\u2019ISARD &nbsp;tamb\u00e9 esta prohibit per a menors de 14 anys. Per la seva part, si l\u2019usuari no compleix aquest requisit, HOTEL DE L\u2019ISARD &nbsp;els informa de la necessitat de tenir l\u2019autoritzaci\u00f3 dels seus pares, tutors o responsables legals per accedir i utilitzar el lloc oficial de HOTEL DE L\u2019ISARD .<\/p>\n\n\n\n<p>HOTEL DE L\u2019ISARD &nbsp;queda eximit de qualsevol responsabilitat derivada de l\u2019\u00fas del seu lloc oficial per menors o usuaris que no compleixin els requisits pr\u00e8viament mencionats, sent en qualsevol cas, els seus representants legals els \u00fanics responsables.<\/p>\n\n\n\n<h2 class=\"wp-block-heading\"><strong>Publicacions<\/strong><\/h2>\n\n\n\n<p>L\u2019usuari, una vegada s\u2019uneixi a la p\u00e0gina de HOTEL DE L\u2019ISARD , podr\u00e0 publicar en aquesta \u00faltima comentaris, enlla\u00e7os, imatges o fotografies o qualsevol altre tipus de contingut multim\u00e8dia suportat per la xarxa social. L\u2019usuari, en tots els casos, ha de ser el titular dels mateixos, gaudir dels drets d\u2019autor i de propietat intel\u00b7lectual o comptar amb el consentiment dels tercers afectats. Es prohibeix expressament qualsevol publicaci\u00f3 a la p\u00e0gina, ja siguin textos, gr\u00e0fics, fotografies, v\u00eddeos, etc. que atemptin o siguin susceptibles de atemptar contra la moral, l\u2019\u00e8tica, el bon gust o l\u2019honor, i\/o que infringeixin, violin o trenquin els drets de propietat intel\u00b7lectual o industrial, el dret a la imatge o la Llei. En aquest sup\u00f2sits, HOTEL DE L\u2019ISARD &nbsp;es reserva el dret a retirar d\u2019immediat el contingut, i\/o sol\u00b7licitar el bloqueig permanent de l\u2019usuari.<\/p>\n\n\n\n<p>HOTEL DE L\u2019ISARD &nbsp;no es fa responsable dels continguts que lliurement hagi publicat un usuari.<\/p>\n\n\n\n<p>L\u2019usuari ha de tenir present que les seves publicacions seran conegudes per altres usuaris, pel qual ell mateix es el principal responsable de la seva privacitat.<\/p>\n\n\n\n<p>Les imatges que puguin publicar-se a la p\u00e0gina no seran emmagatzemades a cap altre fitxer per part de HOTEL DE L\u2019ISARD , per\u00f2 s\u00ed que romandran a la xarxa social.<\/p>\n\n\n\n<h2 class=\"wp-block-heading\"><strong>Concursos i promocions<\/strong><\/h2>\n\n\n\n<p>HOTEL DE L\u2019ISARD &nbsp;es reserva el dret a realitzar concursos i promocions, en els que podr\u00e0 participar l\u2019usuari adherit a la seva p\u00e0gina. Les bases de cada un d\u2019ells, quan s\u2019utilitzin amb aquest motiu la plataforma de la xarxa social, seran publicades a la mateixa. Complint sempre amb la LSSI-CE i amb qualsevol altre norma que sigui d\u2019aplicaci\u00f3.<\/p>\n\n\n\n<p>La xarxa social no patrocina, avala, ni administra i\/o est\u00e0 associada de ninguna manera, a ninguna de les nostres promocions.<\/p>\n\n\n\n<h2 class=\"wp-block-heading\" id=\"h-publicitat\"><strong>Publicitat<\/strong><\/h2>\n\n\n\n<p>HOTEL DE L\u2019ISARD &nbsp;utilitzar\u00e0 la xarxa social per anunciar els seus productes i serveis, en qualsevol cas, si decideix tractar les seves dades de contacte per realitzar accions directes de prospecci\u00f3 comercial, ser\u00e0 sempre, complint amb les exig\u00e8ncies legals del RGPD, de la LCPDP i de la LSSI-CE.<\/p>\n\n\n\n<p>No es considerar\u00e0 publicitat el fet de recomanar a altres usuaris la p\u00e0gina de HOTEL DE L\u2019ISARD &nbsp;per que tamb\u00e9 ells puguin gaudir de les promocions ofertes o estar informats de la seva activitat.<\/p>\n\n\n\n<p>A continuaci\u00f3 detallem l\u2019enlla\u00e7 a la pol\u00edtica de privacitat de la xarxa social:<\/p>\n\n\n\n<p>Facebook:&nbsp;&nbsp;&nbsp;&nbsp;&nbsp;&nbsp;&nbsp;&nbsp; <a href=\"https:\/\/www.facebook.com\/HotelRestaurantIsardAndorra\/\">https:\/\/www.facebook.com\/HotelRestaurantIsardAndorra\/<\/a><\/p>\n\n\n\n<p>Instagram:&nbsp;&nbsp;&nbsp;&nbsp;&nbsp;&nbsp;&nbsp; <a href=\"https:\/\/www.instagram.com\/isardandorra\/\">https:\/\/www.instagram.com\/isardandorra\/<\/a><\/p>\n\n\n\n<p>LinkedIn:&nbsp;&nbsp;&nbsp;&nbsp;&nbsp;&nbsp;&nbsp;&nbsp;&nbsp; <a href=\"https:\/\/ad.linkedin.com\/company\/hotelisard\">https:\/\/ad.linkedin.com\/company\/hotelisard<\/a><\/p>\n","protected":false},"excerpt":{"rendered":"<p>En compliment de la Llei 29\/2021, de 28 d&#8217;octubre, qualificada de protecci\u00f3 de dades personals i la Llei 34\/2002, del 11 de juliol, de Serveis de la Societat de la Informaci\u00f3 i de Comer\u00e7 Electr\u00f2nic (LSSI-CE), HOTEL DE L\u2019ISARD, S.L., en endavant (HOTEL DE L\u2019ISARD), informa als usuaris, que ha procedit a crear un perfil [&hellip;]<\/p>\n","protected":false},"author":4,"featured_media":0,"parent":0,"menu_order":0,"comment_status":"closed","ping_status":"closed","template":"","meta":{"ocean_post_layout":"","ocean_both_sidebars_style":"","ocean_both_sidebars_content_width":0,"ocean_both_sidebars_sidebars_width":0,"ocean_sidebar":"0","ocean_second_sidebar":"0","ocean_disable_margins":"enable","ocean_add_body_class":"","ocean_shortcode_before_top_bar":"","ocean_shortcode_after_top_bar":"","ocean_shortcode_before_header":"","ocean_shortcode_after_header":"","ocean_has_shortcode":"","ocean_shortcode_after_title":"","ocean_shortcode_before_footer_widgets":"","ocean_shortcode_after_footer_widgets":"","ocean_shortcode_before_footer_bottom":"","ocean_shortcode_after_footer_bottom":"","ocean_display_top_bar":"default","ocean_display_header":"default","ocean_header_style":"","ocean_center_header_left_menu":"0","ocean_custom_header_template":"0","ocean_custom_logo":0,"ocean_custom_retina_logo":0,"ocean_custom_logo_max_width":0,"ocean_custom_logo_tablet_max_width":0,"ocean_custom_logo_mobile_max_width":0,"ocean_custom_logo_max_height":0,"ocean_custom_logo_tablet_max_height":0,"ocean_custom_logo_mobile_max_height":0,"ocean_header_custom_menu":"0","ocean_menu_typo_font_family":"0","ocean_menu_typo_font_subset":"","ocean_menu_typo_font_size":0,"ocean_menu_typo_font_size_tablet":0,"ocean_menu_typo_font_size_mobile":0,"ocean_menu_typo_font_size_unit":"px","ocean_menu_typo_font_weight":"","ocean_menu_typo_font_weight_tablet":"","ocean_menu_typo_font_weight_mobile":"","ocean_menu_typo_transform":"","ocean_menu_typo_transform_tablet":"","ocean_menu_typo_transform_mobile":"","ocean_menu_typo_line_height":0,"ocean_menu_typo_line_height_tablet":0,"ocean_menu_typo_line_height_mobile":0,"ocean_menu_typo_line_height_unit":"","ocean_menu_typo_spacing":0,"ocean_menu_typo_spacing_tablet":0,"ocean_menu_typo_spacing_mobile":0,"ocean_menu_typo_spacing_unit":"","ocean_menu_link_color":"","ocean_menu_link_color_hover":"","ocean_menu_link_color_active":"","ocean_menu_link_background":"","ocean_menu_link_hover_background":"","ocean_menu_link_active_background":"","ocean_menu_social_links_bg":"","ocean_menu_social_hover_links_bg":"","ocean_menu_social_links_color":"","ocean_menu_social_hover_links_color":"","ocean_disable_title":"default","ocean_disable_heading":"default","ocean_post_title":"","ocean_post_subheading":"","ocean_post_title_style":"","ocean_post_title_background_color":"","ocean_post_title_background":0,"ocean_post_title_bg_image_position":"","ocean_post_title_bg_image_attachment":"","ocean_post_title_bg_image_repeat":"","ocean_post_title_bg_image_size":"","ocean_post_title_height":0,"ocean_post_title_bg_overlay":0.5,"ocean_post_title_bg_overlay_color":"","ocean_disable_breadcrumbs":"default","ocean_breadcrumbs_color":"","ocean_breadcrumbs_separator_color":"","ocean_breadcrumbs_links_color":"","ocean_breadcrumbs_links_hover_color":"","ocean_display_footer_widgets":"default","ocean_display_footer_bottom":"default","ocean_custom_footer_template":"0","footnotes":""},"categoria_pagina":[],"class_list":["post-6933","page","type-page","status-publish","hentry","entry"],"yoast_head":"<!-- This site is optimized with the Yoast SEO Premium plugin v20.10 (Yoast SEO v27.5) - https:\/\/yoast.com\/product\/yoast-seo-premium-wordpress\/ -->\n<title>Pol\u00edtica de xarxes socials - Hotel Isard<\/title>\n<meta name=\"robots\" content=\"index, follow, max-snippet:-1, max-image-preview:large, max-video-preview:-1\" \/>\n<link rel=\"canonical\" href=\"https:\/\/www.hotelisard.com\/ca\/politica-de-xarxes-socials\/\" \/>\n<meta property=\"og:locale\" content=\"ca_ES\" \/>\n<meta property=\"og:type\" content=\"article\" \/>\n<meta property=\"og:title\" content=\"Pol\u00edtica de xarxes socials\" \/>\n<meta property=\"og:description\" content=\"En compliment de la Llei 29\/2021, de 28 d&#8217;octubre, qualificada de protecci\u00f3 de dades personals i la Llei 34\/2002, del 11 de juliol, de Serveis de la Societat de la Informaci\u00f3 i de Comer\u00e7 Electr\u00f2nic (LSSI-CE), HOTEL DE L\u2019ISARD, S.L., en endavant (HOTEL DE L\u2019ISARD), informa als usuaris, que ha procedit a crear un perfil [&hellip;]\" \/>\n<meta property=\"og:url\" content=\"https:\/\/www.hotelisard.com\/ca\/politica-de-xarxes-socials\/\" \/>\n<meta property=\"og:site_name\" content=\"Hotel Isard\" \/>\n<meta property=\"article:modified_time\" content=\"2023-09-18T13:52:33+00:00\" \/>\n<meta name=\"twitter:card\" content=\"summary_large_image\" \/>\n<meta name=\"twitter:label1\" content=\"Temps estimat de lectura\" \/>\n\t<meta name=\"twitter:data1\" content=\"4 minuts\" \/>\n<script type=\"application\/ld+json\" class=\"yoast-schema-graph\">{\"@context\":\"https:\\\/\\\/schema.org\",\"@graph\":[{\"@type\":\"WebPage\",\"@id\":\"https:\\\/\\\/www.hotelisard.com\\\/ca\\\/politica-de-xarxes-socials\\\/\",\"url\":\"https:\\\/\\\/www.hotelisard.com\\\/ca\\\/politica-de-xarxes-socials\\\/\",\"name\":\"Pol\u00edtica de xarxes socials - Hotel Isard\",\"isPartOf\":{\"@id\":\"https:\\\/\\\/www.hotelisard.com\\\/ca\\\/#website\"},\"datePublished\":\"2023-09-18T13:52:31+00:00\",\"dateModified\":\"2023-09-18T13:52:33+00:00\",\"breadcrumb\":{\"@id\":\"https:\\\/\\\/www.hotelisard.com\\\/ca\\\/politica-de-xarxes-socials\\\/#breadcrumb\"},\"inLanguage\":\"ca\",\"potentialAction\":[{\"@type\":\"ReadAction\",\"target\":[\"https:\\\/\\\/www.hotelisard.com\\\/ca\\\/politica-de-xarxes-socials\\\/\"]}]},{\"@type\":\"BreadcrumbList\",\"@id\":\"https:\\\/\\\/www.hotelisard.com\\\/ca\\\/politica-de-xarxes-socials\\\/#breadcrumb\",\"itemListElement\":[{\"@type\":\"ListItem\",\"position\":1,\"name\":\"Home\",\"item\":\"https:\\\/\\\/www.hotelisard.com\\\/ca\\\/\"},{\"@type\":\"ListItem\",\"position\":2,\"name\":\"Pol\u00edtica de xarxes socials\"}]},{\"@type\":\"WebSite\",\"@id\":\"https:\\\/\\\/www.hotelisard.com\\\/ca\\\/#website\",\"url\":\"https:\\\/\\\/www.hotelisard.com\\\/ca\\\/\",\"name\":\"Hotel Isard\",\"description\":\"Hotel Isard\",\"publisher\":{\"@id\":\"https:\\\/\\\/www.hotelisard.com\\\/ca\\\/#organization\"},\"potentialAction\":[{\"@type\":\"SearchAction\",\"target\":{\"@type\":\"EntryPoint\",\"urlTemplate\":\"https:\\\/\\\/www.hotelisard.com\\\/ca\\\/?s={search_term_string}\"},\"query-input\":{\"@type\":\"PropertyValueSpecification\",\"valueRequired\":true,\"valueName\":\"search_term_string\"}}],\"inLanguage\":\"ca\"},{\"@type\":\"Organization\",\"@id\":\"https:\\\/\\\/www.hotelisard.com\\\/ca\\\/#organization\",\"name\":\"Hotel Isard\",\"url\":\"https:\\\/\\\/www.hotelisard.com\\\/ca\\\/\",\"logo\":{\"@type\":\"ImageObject\",\"inLanguage\":\"ca\",\"@id\":\"https:\\\/\\\/www.hotelisard.com\\\/ca\\\/#\\\/schema\\\/logo\\\/image\\\/\",\"url\":\"https:\\\/\\\/www.hotelisard.com\\\/wp-content\\\/uploads\\\/2023\\\/03\\\/LOGO-ISARD@2x.png\",\"contentUrl\":\"https:\\\/\\\/www.hotelisard.com\\\/wp-content\\\/uploads\\\/2023\\\/03\\\/LOGO-ISARD@2x.png\",\"width\":309,\"height\":118,\"caption\":\"Hotel Isard\"},\"image\":{\"@id\":\"https:\\\/\\\/www.hotelisard.com\\\/ca\\\/#\\\/schema\\\/logo\\\/image\\\/\"}}]}<\/script>\n<!-- \/ Yoast SEO Premium plugin. -->","yoast_head_json":{"title":"Pol\u00edtica de xarxes socials - Hotel Isard","robots":{"index":"index","follow":"follow","max-snippet":"max-snippet:-1","max-image-preview":"max-image-preview:large","max-video-preview":"max-video-preview:-1"},"canonical":"https:\/\/www.hotelisard.com\/ca\/politica-de-xarxes-socials\/","og_locale":"ca_ES","og_type":"article","og_title":"Pol\u00edtica de xarxes socials","og_description":"En compliment de la Llei 29\/2021, de 28 d&#8217;octubre, qualificada de protecci\u00f3 de dades personals i la Llei 34\/2002, del 11 de juliol, de Serveis de la Societat de la Informaci\u00f3 i de Comer\u00e7 Electr\u00f2nic (LSSI-CE), HOTEL DE L\u2019ISARD, S.L., en endavant (HOTEL DE L\u2019ISARD), informa als usuaris, que ha procedit a crear un perfil [&hellip;]","og_url":"https:\/\/www.hotelisard.com\/ca\/politica-de-xarxes-socials\/","og_site_name":"Hotel Isard","article_modified_time":"2023-09-18T13:52:33+00:00","twitter_card":"summary_large_image","twitter_misc":{"Temps estimat de lectura":"4 minuts"},"schema":{"@context":"https:\/\/schema.org","@graph":[{"@type":"WebPage","@id":"https:\/\/www.hotelisard.com\/ca\/politica-de-xarxes-socials\/","url":"https:\/\/www.hotelisard.com\/ca\/politica-de-xarxes-socials\/","name":"Pol\u00edtica de xarxes socials - Hotel Isard","isPartOf":{"@id":"https:\/\/www.hotelisard.com\/ca\/#website"},"datePublished":"2023-09-18T13:52:31+00:00","dateModified":"2023-09-18T13:52:33+00:00","breadcrumb":{"@id":"https:\/\/www.hotelisard.com\/ca\/politica-de-xarxes-socials\/#breadcrumb"},"inLanguage":"ca","potentialAction":[{"@type":"ReadAction","target":["https:\/\/www.hotelisard.com\/ca\/politica-de-xarxes-socials\/"]}]},{"@type":"BreadcrumbList","@id":"https:\/\/www.hotelisard.com\/ca\/politica-de-xarxes-socials\/#breadcrumb","itemListElement":[{"@type":"ListItem","position":1,"name":"Home","item":"https:\/\/www.hotelisard.com\/ca\/"},{"@type":"ListItem","position":2,"name":"Pol\u00edtica de xarxes socials"}]},{"@type":"WebSite","@id":"https:\/\/www.hotelisard.com\/ca\/#website","url":"https:\/\/www.hotelisard.com\/ca\/","name":"Hotel Isard","description":"Hotel Isard","publisher":{"@id":"https:\/\/www.hotelisard.com\/ca\/#organization"},"potentialAction":[{"@type":"SearchAction","target":{"@type":"EntryPoint","urlTemplate":"https:\/\/www.hotelisard.com\/ca\/?s={search_term_string}"},"query-input":{"@type":"PropertyValueSpecification","valueRequired":true,"valueName":"search_term_string"}}],"inLanguage":"ca"},{"@type":"Organization","@id":"https:\/\/www.hotelisard.com\/ca\/#organization","name":"Hotel Isard","url":"https:\/\/www.hotelisard.com\/ca\/","logo":{"@type":"ImageObject","inLanguage":"ca","@id":"https:\/\/www.hotelisard.com\/ca\/#\/schema\/logo\/image\/","url":"https:\/\/www.hotelisard.com\/wp-content\/uploads\/2023\/03\/LOGO-ISARD@2x.png","contentUrl":"https:\/\/www.hotelisard.com\/wp-content\/uploads\/2023\/03\/LOGO-ISARD@2x.png","width":309,"height":118,"caption":"Hotel Isard"},"image":{"@id":"https:\/\/www.hotelisard.com\/ca\/#\/schema\/logo\/image\/"}}]}},"_links":{"self":[{"href":"https:\/\/www.hotelisard.com\/ca\/wp-json\/wp\/v2\/pages\/6933","targetHints":{"allow":["GET"]}}],"collection":[{"href":"https:\/\/www.hotelisard.com\/ca\/wp-json\/wp\/v2\/pages"}],"about":[{"href":"https:\/\/www.hotelisard.com\/ca\/wp-json\/wp\/v2\/types\/page"}],"author":[{"embeddable":true,"href":"https:\/\/www.hotelisard.com\/ca\/wp-json\/wp\/v2\/users\/4"}],"replies":[{"embeddable":true,"href":"https:\/\/www.hotelisard.com\/ca\/wp-json\/wp\/v2\/comments?post=6933"}],"version-history":[{"count":0,"href":"https:\/\/www.hotelisard.com\/ca\/wp-json\/wp\/v2\/pages\/6933\/revisions"}],"wp:attachment":[{"href":"https:\/\/www.hotelisard.com\/ca\/wp-json\/wp\/v2\/media?parent=6933"}],"wp:term":[{"taxonomy":"categoria_pagina","embeddable":true,"href":"https:\/\/www.hotelisard.com\/ca\/wp-json\/wp\/v2\/categoria_pagina?post=6933"}],"curies":[{"name":"wp","href":"https:\/\/api.w.org\/{rel}","templated":true}]}}