{"id":6959,"date":"2023-09-18T15:56:22","date_gmt":"2023-09-18T13:56:22","guid":{"rendered":"https:\/\/www.hotelisard.com\/politica-de-privacidad\/"},"modified":"2023-10-03T09:21:42","modified_gmt":"2023-10-03T07:21:42","slug":"politica-de-privacitat","status":"publish","type":"page","link":"https:\/\/www.hotelisard.com\/ca\/politica-de-privacitat\/","title":{"rendered":"Pol\u00edtica de privacitat"},"content":{"rendered":"\t\t<div data-elementor-type=\"wp-post\" data-elementor-id=\"6959\" class=\"elementor elementor-6959 elementor-6943\" data-elementor-post-type=\"page\">\n\t\t\t\t\t\t<section class=\"elementor-section elementor-top-section elementor-element elementor-element-b4befea elementor-section-boxed elementor-section-height-default elementor-section-height-default\" data-id=\"b4befea\" data-element_type=\"section\" data-e-type=\"section\">\n\t\t\t\t\t\t<div class=\"elementor-container elementor-column-gap-default\">\n\t\t\t\t\t<div class=\"elementor-column elementor-col-100 elementor-top-column elementor-element elementor-element-e64d4e7\" data-id=\"e64d4e7\" data-element_type=\"column\" data-e-type=\"column\">\n\t\t\t<div class=\"elementor-widget-wrap elementor-element-populated\">\n\t\t\t\t\t\t<div class=\"elementor-element elementor-element-df1238c elementor-widget elementor-widget-heading\" data-id=\"df1238c\" data-element_type=\"widget\" data-e-type=\"widget\" data-widget_type=\"heading.default\">\n\t\t\t\t<div class=\"elementor-widget-container\">\n\t\t\t\t\t<h1 class=\"elementor-heading-title elementor-size-default\">Pol\u00edtica de privacitat<\/h1>\t\t\t\t<\/div>\n\t\t\t\t<\/div>\n\t\t\t\t\t<\/div>\n\t\t<\/div>\n\t\t\t\t\t<\/div>\n\t\t<\/section>\n\t\t\t\t<section class=\"elementor-section elementor-top-section elementor-element elementor-element-282a29b elementor-section-boxed elementor-section-height-default elementor-section-height-default\" data-id=\"282a29b\" data-element_type=\"section\" data-e-type=\"section\">\n\t\t\t\t\t\t<div class=\"elementor-container elementor-column-gap-default\">\n\t\t\t\t\t<div class=\"elementor-column elementor-col-100 elementor-top-column elementor-element elementor-element-b7b8fa4\" data-id=\"b7b8fa4\" data-element_type=\"column\" data-e-type=\"column\">\n\t\t\t<div class=\"elementor-widget-wrap elementor-element-populated\">\n\t\t\t\t\t\t<div class=\"elementor-element elementor-element-317bc7c elementor-widget elementor-widget-heading\" data-id=\"317bc7c\" data-element_type=\"widget\" data-e-type=\"widget\" data-widget_type=\"heading.default\">\n\t\t\t\t<div class=\"elementor-widget-container\">\n\t\t\t\t\t<p class=\"elementor-heading-title elementor-size-default\">HOTEL DE L\u2019ISARD S.L. es compromet a protegir la vostra privacitat i desenvolupar la tecnologia que us proporcioni l\u2019experi\u00e8ncia m\u00e9s segura a la nostra plana web. Aquesta declaraci\u00f3 de privacitat \u00e9s v\u00e0lida per la plana web www.hotelisard.com i regula la recollida i l\u2019\u00fas de dades. Acceptant les pol\u00edtiques de privacitat, consentiu a les pr\u00e0ctiques descrites en aquesta declaraci\u00f3.<\/p>\t\t\t\t<\/div>\n\t\t\t\t<\/div>\n\t\t\t\t\t<\/div>\n\t\t<\/div>\n\t\t\t\t\t<\/div>\n\t\t<\/section>\n\t\t\t\t<section class=\"elementor-section elementor-top-section elementor-element elementor-element-d02f9ae elementor-section-boxed elementor-section-height-default elementor-section-height-default\" data-id=\"d02f9ae\" data-element_type=\"section\" data-e-type=\"section\">\n\t\t\t\t\t\t<div class=\"elementor-container elementor-column-gap-default\">\n\t\t\t\t\t<div class=\"elementor-column elementor-col-100 elementor-top-column elementor-element elementor-element-ed99da3\" data-id=\"ed99da3\" data-element_type=\"column\" data-e-type=\"column\">\n\t\t\t<div class=\"elementor-widget-wrap elementor-element-populated\">\n\t\t\t\t\t\t<div class=\"elementor-element elementor-element-5ade01c elementor-widget elementor-widget-toggle\" data-id=\"5ade01c\" data-element_type=\"widget\" data-e-type=\"widget\" data-widget_type=\"toggle.default\">\n\t\t\t\t<div class=\"elementor-widget-container\">\n\t\t\t\t\t\t\t<div class=\"elementor-toggle\">\n\t\t\t\t\t\t\t<div class=\"elementor-toggle-item\">\n\t\t\t\t\t<div id=\"elementor-tab-title-9521\" class=\"elementor-tab-title\" data-tab=\"1\" role=\"button\" aria-controls=\"elementor-tab-content-9521\" aria-expanded=\"false\">\n\t\t\t\t\t\t\t\t\t\t\t\t<span class=\"elementor-toggle-icon elementor-toggle-icon-right\" aria-hidden=\"true\">\n\t\t\t\t\t\t\t\t\t\t\t\t\t\t\t<span class=\"elementor-toggle-icon-closed\"><i class=\"fas fa-chevron-down\"><\/i><\/span>\n\t\t\t\t\t\t\t\t<span class=\"elementor-toggle-icon-opened\"><i class=\"elementor-toggle-icon-opened fas fa-chevron-up\"><\/i><\/span>\n\t\t\t\t\t\t\t\t\t\t\t\t\t<\/span>\n\t\t\t\t\t\t\t\t\t\t\t\t<a class=\"elementor-toggle-title\" tabindex=\"0\">Qui \u00e9s el responsable de les dades?<\/a>\n\t\t\t\t\t<\/div>\n\n\t\t\t\t\t<div id=\"elementor-tab-content-9521\" class=\"elementor-tab-content elementor-clearfix\" data-tab=\"1\" role=\"region\" aria-labelledby=\"elementor-tab-title-9521\"><p>L&#8217;informem que qualsevol dada personal que vost\u00e8 faciliti a trav\u00e9s d&#8217;aquest lloc web ser\u00e0 tractat per <strong>HOTEL DE L\u2019ISARD S.L. <\/strong>en qualitat de responsable del tractament. <strong>HOTEL DE L\u2019ISARD S.L. <\/strong>\u00e9s la titular d&#8217;aquest lloc web, societat domiciliada a AVDA. MERITXELL, 34 \u2013 AD500 ANDORRA LA VELLA, NRT L-705558-F, Inscrita en el Registre de Comer\u00e7 N.\u00ba 903437R e inscrita en el Registre de Societats del M.I. Govern amb el n\u00famero 10409, llibre S-123 folis 137 a 144, d&#8217;ara endavant &#8220;HOTEL DE L\u2019ISARD S.L.&#8221;<\/p><\/div>\n\t\t\t\t<\/div>\n\t\t\t\t\t\t\t<div class=\"elementor-toggle-item\">\n\t\t\t\t\t<div id=\"elementor-tab-title-9522\" class=\"elementor-tab-title\" data-tab=\"2\" role=\"button\" aria-controls=\"elementor-tab-content-9522\" aria-expanded=\"false\">\n\t\t\t\t\t\t\t\t\t\t\t\t<span class=\"elementor-toggle-icon elementor-toggle-icon-right\" aria-hidden=\"true\">\n\t\t\t\t\t\t\t\t\t\t\t\t\t\t\t<span class=\"elementor-toggle-icon-closed\"><i class=\"fas fa-chevron-down\"><\/i><\/span>\n\t\t\t\t\t\t\t\t<span class=\"elementor-toggle-icon-opened\"><i class=\"elementor-toggle-icon-opened fas fa-chevron-up\"><\/i><\/span>\n\t\t\t\t\t\t\t\t\t\t\t\t\t<\/span>\n\t\t\t\t\t\t\t\t\t\t\t\t<a class=\"elementor-toggle-title\" tabindex=\"0\">Quines dades recollim?<\/a>\n\t\t\t\t\t<\/div>\n\n\t\t\t\t\t<div id=\"elementor-tab-content-9522\" class=\"elementor-tab-content elementor-clearfix\" data-tab=\"2\" role=\"region\" aria-labelledby=\"elementor-tab-title-9522\"><p>En compliment del que requereix la Llei 29\/2021, de 28 d\u2019octubre, qualificada de Protecci\u00f3 de Dades Personals (en endavant, &#8220;LQDP&#8221;), i amb els reglaments que la desenvolupen, s&#8217;informa als usuaris d&#8217;aquest lloc web <strong>www.hotelisard.com<\/strong> que nom\u00e9s recollir\u00e0 les dades personals estrictament necess\u00e0ries per complir amb les finalitats descrites a continuaci\u00f3 i que les mateixes es tractaran amb el m\u00e0xim respecte als principis establerts a la normativa de protecci\u00f3 de dades.<\/p><\/div>\n\t\t\t\t<\/div>\n\t\t\t\t\t\t\t<div class=\"elementor-toggle-item\">\n\t\t\t\t\t<div id=\"elementor-tab-title-9523\" class=\"elementor-tab-title\" data-tab=\"3\" role=\"button\" aria-controls=\"elementor-tab-content-9523\" aria-expanded=\"false\">\n\t\t\t\t\t\t\t\t\t\t\t\t<span class=\"elementor-toggle-icon elementor-toggle-icon-right\" aria-hidden=\"true\">\n\t\t\t\t\t\t\t\t\t\t\t\t\t\t\t<span class=\"elementor-toggle-icon-closed\"><i class=\"fas fa-chevron-down\"><\/i><\/span>\n\t\t\t\t\t\t\t\t<span class=\"elementor-toggle-icon-opened\"><i class=\"elementor-toggle-icon-opened fas fa-chevron-up\"><\/i><\/span>\n\t\t\t\t\t\t\t\t\t\t\t\t\t<\/span>\n\t\t\t\t\t\t\t\t\t\t\t\t<a class=\"elementor-toggle-title\" tabindex=\"0\">Recollim cookies?<\/a>\n\t\t\t\t\t<\/div>\n\n\t\t\t\t\t<div id=\"elementor-tab-content-9523\" class=\"elementor-tab-content elementor-clearfix\" data-tab=\"3\" role=\"region\" aria-labelledby=\"elementor-tab-title-9523\"><p>La nostra web, www.hotelisard.com utilitza cookies i altres tecnologies relacionades (per a major comoditat, totes les tecnologies es denominen \u00abcookies\u00bb). Les cookies tamb\u00e9 s\u00f3n col\u00b7locades per tercers als quals hem contractat. En el seg\u00fcent enlla\u00e7 t&#8217;informem sobre l&#8217;\u00fas de cookies en la nostra web. https:\/\/www.hotelisard.com\/ca\/politica-de-cookies-ue\/<\/p><\/div>\n\t\t\t\t<\/div>\n\t\t\t\t\t\t\t<div class=\"elementor-toggle-item\">\n\t\t\t\t\t<div id=\"elementor-tab-title-9524\" class=\"elementor-tab-title\" data-tab=\"4\" role=\"button\" aria-controls=\"elementor-tab-content-9524\" aria-expanded=\"false\">\n\t\t\t\t\t\t\t\t\t\t\t\t<span class=\"elementor-toggle-icon elementor-toggle-icon-right\" aria-hidden=\"true\">\n\t\t\t\t\t\t\t\t\t\t\t\t\t\t\t<span class=\"elementor-toggle-icon-closed\"><i class=\"fas fa-chevron-down\"><\/i><\/span>\n\t\t\t\t\t\t\t\t<span class=\"elementor-toggle-icon-opened\"><i class=\"elementor-toggle-icon-opened fas fa-chevron-up\"><\/i><\/span>\n\t\t\t\t\t\t\t\t\t\t\t\t\t<\/span>\n\t\t\t\t\t\t\t\t\t\t\t\t<a class=\"elementor-toggle-title\" tabindex=\"0\">Amb quina finalitat tractem les vostres dades?<\/a>\n\t\t\t\t\t<\/div>\n\n\t\t\t\t\t<div id=\"elementor-tab-content-9524\" class=\"elementor-tab-content elementor-clearfix\" data-tab=\"4\" role=\"region\" aria-labelledby=\"elementor-tab-title-9524\"><p><strong>HOTEL DE L\u2019ISARD S.L. <\/strong>podr\u00e0 tractar les seves dades personals per a les finalitats descrites a continuaci\u00f3:<\/p><ul><li>Completar el registre d&#8217;arribada i eixida;<\/li><li>Posar a disposici\u00f3 de les autoritats policials c\u00f2pia dels documents d\u2019identitat de tots els hostes;<\/li><li>Processar els codis promocionals i els pagaments.<\/li><li>Prestar-te un servei consistent i personalitzat, assessorant-te sobre els serveis que pots gaudir a les nostres instal\u00b7lacions (en base a l&#8217;\u00fas que hagis fet anteriorment o a les prefer\u00e8ncies que ens hagis comunicat);<\/li><li>Prestar-te serveis de consigna, caixa forta i estacionament;<\/li><li>Comprar o reservar serveis oferts per tercers, quan aix\u00ed ens ho sol\u00b7licitis i en nom teu (per exemple, coordinar excursions i altres visites tur\u00edstiques, sol\u00b7licitar-te taxis o vehicles amb conductor, i facilitar-te les reserves en restaurants i esdeveniments);<\/li><li>Administrar i facilitar-te l&#8217;acc\u00e9s a la connexi\u00f3 Wifi, televisi\u00f3 i altres serveis de connectivitat (incl\u00f2s l&#8217;acc\u00e9s als serveis del centre de negocis, com ara el fax i el servei de fotocopiadora) i els sistemes d&#8217;entreteniment (com ara Playstation o els v\u00eddeos sota demanda)<\/li><li>Facilitar-te el servei de restauraci\u00f3 a l&#8217;habitaci\u00f3 (cosa que inclou respectar les restriccions aliment\u00e0ries, de salut o qualsevol altre tipus de necessitats personals que ens comuniquis);<\/li><li>Proporcionar-te el servei d&#8217;habitacions (inclosa la neteja, els serveis de bugaderia, i qualsevol cosa que vulguis sol\u00b7licitar-nos per a la teva comoditat i que et puguem oferir, com, per exemple, un coix\u00ed, un edred\u00f3 o un carregador per al m\u00f2bil);<\/li><li>Gestionar la resta de les sol\u00b7licituds i consultes, o les teves queixes i suggeriments; i determineu si compleix els requisits per gaudir de productes i serveis amb restriccions per edat (com l&#8217;alcohol o l&#8217;entreteniment per a adults a l&#8217;habitaci\u00f3).<\/li><\/ul><p>Les bases que ens legitimen per tractar les teves dades en relaci\u00f3 amb cadascuna de les finalitats anteriors s\u00f3n el fet de ser necessari per a l&#8217;execuci\u00f3 del contracte de compravenda de la teva estada a les nostres instal\u00b7lacions o d&#8217;adquisici\u00f3 de serveis de tercers, les nostres obligacions legals (per exemple, pel que fa a la recollida dels documents d\u2019identitat o l\u2019emissi\u00f3 de factures), el consentiment que expresses en indicar-nos les teves prefer\u00e8ncies aliment\u00e0ries, i el nostre inter\u00e8s leg\u00edtim a respectar les teves prefer\u00e8ncies (per exemple, en relaci\u00f3 a si desitges que la teva habitaci\u00f3 estigui a prop de l&#8217;ascensor o en un pis alt).<\/p><p><strong>Per crear un compte d&#8217;usuari dels nostres hotels<\/strong><\/p><p>Recollim les dades que ens proporciones quan et registres a la nostra Web per crear-te un compte personal amb qu\u00e8 facilitar-te la gesti\u00f3 de les teves reserves o compres i la valoraci\u00f3 dels nostres serveis. La base que legitima aquesta activitat de tractament \u00e9s l\u2019execuci\u00f3 del contracte d\u2019usuari que firmes en concloure el registre.<\/p><p><strong>Per gestionar les teves reserves o compres en l\u00ednia o per tel\u00e8fon<\/strong><\/p><p>Tractem les dades que ens subministreu en relaci\u00f3 a la reserva d&#8217;o compra dels nostres productes i serveis (per exemple, quan reserveu la vostra estada al nostre hotel) o promocions que combinen els nostres serveis i productes amb els dels nostres col\u00b7laboradors (per exemple, nits de hotel i entrades per assistir a un espectacle), per formalitzar la teva compra o reserva i comunicar-te per correu electr\u00f2nic o per tel\u00e8fon qualsevol informaci\u00f3 relacionada amb aquesta, aix\u00ed com per gestionar i emetre documents acreditatius de la reserva o compravenda i de qualsevol comunicaci\u00f3 relacionada que sigui necess\u00e0ria per a la formalitzaci\u00f3 de la mateixa. Podem utilitzar igualment les dades que ens subministres durant la compra o reserva per gestionar, administrar, prestar, ampliar i millorar els serveis i productes contractats, i per extreure estad\u00edstiques en relaci\u00f3 amb l&#8217;inter\u00e8s que desperten aquestes i les nostres promocions. Concretament, podem recollir el n\u00famero i la data de caducitat d&#8217;una de les targetes de cr\u00e8dit, juntament amb el nom del titular, com a garantia de la reserva i el control del frau, i afegir a aquestes dades el codi que figura al revers d&#8217;aquesta. targeta per utilitzar-la com a garantia de pagament a partir de la teva entrada a l&#8217;hotel. La base que legitima aquests tractaments \u00e9s el contracte de compravenda o l&#8217;acord de reserva del producte o servei que firmes en completar la compra o reserva, i el nostre inter\u00e8s leg\u00edtim per millorar la qualitat dels serveis que t&#8217;oferim.<\/p><p><strong>Per analitzar la valoraci\u00f3 dels nostres serveis i l&#8217;inter\u00e8s que desperten les nostres campanyes<\/strong> <strong>de m\u00e0rqueting o per millorar.<\/strong><\/p><p>Podem tractar les dades que ens proporciones, per exemple, durant la compra o reserva de productes o serveis, per sol\u00b7licitar-te la valoraci\u00f3 de l&#8217;atenci\u00f3 rebuda. Tamb\u00e9 podem extreure estad\u00edstiques agregades (\u00e9s a dir, el resultat estad\u00edstic del qual no inclogui informaci\u00f3 personal de cap tipus) en relaci\u00f3 amb l&#8217;inter\u00e8s que desperten les nostres campanyes de m\u00e0rqueting. La base que legitima aquests tractaments \u00e9s el nostre inter\u00e8s leg\u00edtim a millorar la qualitat dels nostres serveis i dels esdeveniments que gestionem o promocionem, aix\u00ed com de les nostres campanyes de m\u00e0rqueting.<\/p><p><strong>Per enviar-te informaci\u00f3, promocions i descomptes del teu inter\u00e8s<\/strong><\/p><p>Tractem el teu correu electr\u00f2nic quan et subscrius al nostre servei de Newsletter, per informar-te sobre novetats, esdeveniments, continguts exclusius, i descomptes o promocions perqu\u00e8 aprofitis al m\u00e0xim les nostres instal\u00b7lacions i serveis. Addicionalment, recollim el teu correu electr\u00f2nic quan adquireixes els nostres serveis, per informar-te sobre novetats, esdeveniments, continguts exclusius, descomptes o promocions i concursos o sorteigs, perqu\u00e8 aprofitis al m\u00e0xim els serveis del teu inter\u00e8s. La base legal d&#8217;aquest tractament \u00e9s el vostre consentiment, i podeu retirar-lo en qualsevol moment exercint el vostre dret tal com s&#8217;indica m\u00e9s endavant en aquesta pol\u00edtica, o a trav\u00e9s de l&#8217;enlla\u00e7 que hi ha al peu de cada correu. L&#8217;\u00fanica conseq\u00fc\u00e8ncia de la retirada del consentiment \u00e9s que deixar\u00e0s de rebre la informaci\u00f3 que t&#8217;envi\u00e0vem i de poder participar a les promocions, concursos o sorteigs reservades als nostres subscriptors. Si rebeu la informaci\u00f3 heu adquirit els nostres serveis, la base legal d&#8217;aquest tractament \u00e9s el nostre inter\u00e8s leg\u00edtim a mantenir-vos informats sobre els nostres productes i serveis relacionats amb els que heu adquirit, al que us podeu oposar en tot moment, igual que en el cas anterior i amb conseq\u00fc\u00e8ncies id\u00e8ntiques, exercint el teu dret tal com s&#8217;indica m\u00e9s endavant en aquesta pol\u00edtica o a trav\u00e9s de l&#8217;enlla\u00e7 que hi ha a aquest efecte al peu de tots els nostres correus.<\/p><p><strong>Per atendre les teves sol\u00b7licituds, consultes o reclamacions<\/strong><\/p><p>Recollim les dades personals que ens proporciones als teus correus electr\u00f2nics, per tel\u00e8fon, o mitjan\u00e7ant el formulari de la p\u00e0gina de contacte o de les sol\u00b7licituds d&#8217;exercicis de drets, per atendre les teves sol\u00b7licituds, consultes o reclamacions en relaci\u00f3 amb els nostres serveis o amb els drets que tens sobre les teves dades personals. La base legal d&#8217;aquest tractament \u00e9s el consentiment que manifestes en enviar-nos o donar-nos aquestes dades, la nostra obligaci\u00f3 legal d&#8217;atendre les teves sol\u00b7licituds de drets i el nostre inter\u00e8s leg\u00edtim a atendre&#8217;t. El subministrament de les vostres dades personals \u00e9s, per tant, voluntari, si b\u00e9 en cas de no facilitar-nos les dades personals que necessitem, no podrem donar curs a la vostra sol\u00b7licitud, consulta o reclamaci\u00f3. Pots revocar el teu consentiment quan vulguis, si b\u00e9, igualment, aquesta revocaci\u00f3 far\u00e0 impossible continuar la tramitaci\u00f3 de la teva sol\u00b7licitud, consulta o reclamaci\u00f3.<strong>\u00a0<\/strong><\/p><p><strong>Per gestionar eventuals futures reclamacions<\/strong><\/p><p>Conservem bloquejades les dades que poden ser necess\u00e0ries per gestionar les teves possibles reclamacions, o les nostres, sobre la base del nostre inter\u00e8s leg\u00edtim a defensar-nos per salvaguardar els nostres drets.<\/p><p><strong>Per controlar l&#8217;acc\u00e9s a les nostres instal\u00b7lacions, esdeveniments o serveis mitjan\u00e7ant entrades o credencials <\/strong><\/p><p>Utilitzem les dades de la teva reserva i el teu DNI o passaport, i fins i tot un document acreditatiu del teu estat de protecci\u00f3 davant de la Covid-19 (aix\u00f2 \u00faltim, nom\u00e9s si estem obligats legalment a fer-ho), per autoritzar o no el teu acc\u00e9s a les nostres instal\u00b7lacions i, eventualment, a les \u00e0rees restringides dels nostres esdeveniments o serveis, aix\u00ed com per analitzar i controlar l&#8217;ocupaci\u00f3 i la log\u00edstica de les diferents \u00e0rees, i vetllar per la teva salut i la teva seguretat (incloent-hi la prevenci\u00f3 de la propagaci\u00f3 de malalties i el rastreig de contactes de persones afectades per la Covid-19). La base legal d&#8217;aquest tractament \u00e9s el contracte de compravenda de la teva habitaci\u00f3 o el contracte de serveis de qu\u00e8 ets part, i en el cas que sol\u00b7licitem documents acreditatius del teu estat de protecci\u00f3 davant de la Covid-19, la nostra obligaci\u00f3 legal.<\/p><p><strong>Per custodiar i tornar-te els objectes que perdis a les nostres instal\u00b7lacions<\/strong><strong>\u00a0<\/strong><\/p><p>Si has perdut un tel\u00e8fon m\u00f2bil o qualsevol altre objecte que contingui dades personals, custodiarem aquestes dades personals fins que el leg\u00edtim propietari de l&#8217;objecte perdut el reclami amb \u00e8xit al nostre punt d&#8217;atenci\u00f3 al client o, transcorregut un temps prudencial, li lliurem a les autoritats policials perqu\u00e8 siguin ells els qui gestionin la seva cust\u00f2dia i eventual devoluci\u00f3. La base que ens legitima per tractar aix\u00ed les dades personals de m\u00f2bils, carteres, motxilles i altres objectes que poden contenir dades personals \u00e9s el nostre inter\u00e8s leg\u00edtim a evitar el seu furt i tornar-te&#8217;ls.<\/p><p><strong>Per promocionar les nostres instal\u00b7lacions, productes i serveis<\/strong><\/p><p>Si heu signat un contracte o un consentiment de cessi\u00f3 de drets d&#8217;imatge amb nosaltres, \u00e9s possible que recollim fotografies o v\u00eddeos de les nostres instal\u00b7lacions, productes o serveis en qu\u00e8 se us identifiqui, i potser se us sentir\u00e0, per despr\u00e9s utilitzar-les en campanyes promocionals o publicar-les a mitjans de comunicaci\u00f3 com pot ser la premsa nacional o internacional, el nostre lloc web, o les nostres xarxes socials. Si heu signat un consentiment de cessi\u00f3 de drets d&#8217;imatge, us informem que podeu revocar-lo en tot moment perqu\u00e8 retirem la vostra imatge de la nostra web i\/o les nostres xarxes, sense que la revocaci\u00f3 tingui efectes sobre la difusi\u00f3 de la vostra imatge que hagi tingut lloc abans de processar-la. Addicionalment, podem registrar gr\u00e0ficament l&#8217;ambient de les nostres instal\u00b7lacions per promocionar el nostre local, els seus productes i serveis i, eventualment, la teva imatge i veu pot apar\u00e8ixer en aquest material gr\u00e0fic. A difer\u00e8ncia del que indica el par\u00e0graf anterior, en aquest cas la base legal del tractament de les teves imatges \u00e9s el nostre inter\u00e8s leg\u00edtim, al qual pots oposar-te en tot moment si consideres que resulta contrari als teus propis interessos. Per poder avaluar la teva oposici\u00f3 davant del nostre inter\u00e8s leg\u00edtim, i si escau retirar immediatament les imatges que t&#8217;identifiquen, et sol\u00b7licitarem que ens indiquis on les has vist.<\/p><p><strong>Per iniciar o mantenir la relaci\u00f3 amb els nostres prove\u00efdors<\/strong><\/p><p>Si representen un prove\u00efdor de productes o serveis, recollim les teves dades de contacte i la teva signatura amb les finalitats de:<\/p><ol><li>Gestionar les nostres relacions de tota mena amb el prove\u00efdor que representes.<\/li><li>Gestionar la corresponent fitxa de la nostra llista de prove\u00efdors autoritzats.<\/li><li>Gestionar els pressupostos i les factures del prove\u00efdor que representes.<\/li><\/ol><p>Els tractaments vinculats amb les finalitats a) i b) estan legitimats pel contracte laboral o de serveis que hagis signat amb el prove\u00efdor que representes i el nostre inter\u00e8s leg\u00edtim en contactar amb aquest. I els tractaments vinculats amb la finalitat c) estan legitimats per ser necessaris per l&#8217;execuci\u00f3 del contracte contractes que has signat amb nosaltres.<\/p><p><strong>Per preservar la seguretat mitjan\u00e7ant videovigil\u00e0ncia<\/strong><\/p><p>Recollim la teva imatge a trav\u00e9s dels nostres sistemes de videovigil\u00e0ncia amb la finalitat de preservar la seguretat de les persones, els b\u00e9ns i les pr\u00f2pies instal\u00b7lacions i per comptar amb un enregistrament de v\u00eddeo com a prova de possibles delictes. La base de legitimaci\u00f3 per als tractaments esmentats \u00e9s l&#8217;inter\u00e8s p\u00fablic en la seguretat p\u00fablica, el nostre inter\u00e8s leg\u00edtim en la seguretat dels nostres establiments, i l&#8217;inter\u00e8s leg\u00edtim de tercers que vulguin demanar tutela judicial sobre un delicte que pugui quedar acreditat per uns minuts d&#8217;una enregistrament.<\/p><p><strong>Per seleccionar i contractar el nostre personal<\/strong><\/p><p>Tractem les dades del CV que volunt\u00e0riament ens fas arribar per gestionar la relaci\u00f3 amb els candidats a un lloc de treball a HUERSA, incloent el proc\u00e9s de cerca, filtrat i emmagatzematge dels CVs dels potencials candidats, el proc\u00e9s de selecci\u00f3 de personal i el proc\u00e9s de contractaci\u00f3.<\/p><p>La base de legitimaci\u00f3 per als tractaments esmentats \u00e9s el teu consentiment, que manifestes en fer-nos arribar el teu CV, l&#8217;execuci\u00f3 de mesures precontractuals, i si no tenim un proc\u00e9s de contractaci\u00f3 obert o no resultes seleccionat i considerem que pots encaixar en futurs processos de selecci\u00f3, el nostre inter\u00e8s leg\u00edtim a conservar el teu CV per incloure&#8217;l en aquests futurs processos.<strong>\u00a0<\/strong><\/p><p><strong>Per garantir el correcte funcionament del nostre lloc web (cookies funcionals)<\/strong><\/p><p>Utilitzem cookies funcionals per garantir el funcionament correcte del nostre lloc web. En tractar-se de cookies necess\u00e0ries per al correcte funcionament del lloc web, la seva utilitzaci\u00f3 no requereix que ens donis el teu consentiment expr\u00e9s, i la base que ens legitima per utilitzar-les \u00e9s el nostre inter\u00e8s leg\u00edtim a poder oferir-te els serveis del nostre lloc web. Pots trobar m\u00e9s informaci\u00f3 sobre aquestes galetes a la nostra pol\u00edtica de galetes.<strong>\u00a0<\/strong><\/p><p><strong>Per extreure estad\u00edstiques agregades de l&#8217;\u00fas que els visitants fan del nostre lloc web (cookies anal\u00edtiques)<\/strong><\/p><p>Utilitzem cookies anal\u00edtiques o estad\u00edstiques per identificar les p\u00e0gines m\u00e9s i menys visitades, analitzar quins continguts tenen m\u00e9s inter\u00e8s per als nostres visitants, i mesurar l&#8217;\u00e8xit de les nostres campanyes informatives, tot aix\u00f2 amb l&#8217;objectiu de millorar els serveis que t&#8217;oferim a trav\u00e9s del web . Totes aquestes finalitats proporcionen resultats agregats, en qu\u00e8 no \u00e9s possible identificar els interessos de cap persona concreta. En tractar-se de galetes no necess\u00e0ries, no les utilitzarem fins no comptar amb el teu consentiment, i no donar-nos-ho o retirar-nos-ho no tindr\u00e0 m\u00e9s efecte que dificultar el nostre objectiu de millorar la web mitjan\u00e7ant l&#8217;an\u00e0lisi d&#8217;estad\u00edstiques agregades de la navegaci\u00f3 dels nostres visitants. Pots trobar m\u00e9s informaci\u00f3 sobre aquestes galetes a la nostra pol\u00edtica de galetes.<\/p><p><strong>Per enviar-te publicitat directa personalitzada (cookies de publicitat)<\/strong><\/p><p>Utilitzem cookies de publicitat pr\u00f2pies i de tercers per enviar publicitat personalitzada, nostra o dels nostres socis. En tractar-se de cookies no necess\u00e0ries, no les utilitzarem fins no comptar amb el teu consentiment, i no donar-nos-ho o retirar-nos-ho no tindr\u00e0 m\u00e9s efecte que el que la teva visita al nostre lloc web no es podr\u00e0 utilitzar per millorar l&#8217;inter\u00e8s de la publicitat que reps. Pots trobar m\u00e9s informaci\u00f3 sobre aquestes galetes a la nostra pol\u00edtica de galetes.<\/p><p><strong>Per poder utilitzar els serveis de Google<\/strong><\/p><p>Addicionalment, en tant que obligaci\u00f3 que Google LLC imposa a les entitats que com nosaltres utilitzen les eines Google Analytics i Google Ads, us informem que aquests dos serveis s\u00f3n operats per, Google Inc., domiciliat en 1600 Amphitheatre Parkway, Mountain View, CA 94043, EUA, i que Google Inc. \u00e9s part beneficiaria dels mateixos. La informaci\u00f3 generada per les galetes sobre el vostre \u00fas d&#8217;aquest lloc web i les vostres prefer\u00e8ncies en mat\u00e8ria de publicitat generalment es transmet a un servidor de Google als EUA i s&#8217;emmagatzema all\u00e0. Si vols obtenir m\u00e9s informaci\u00f3, pots consultar la p\u00e0gina que descriu com utilitza Google la informaci\u00f3 del nostre lloc web i\/o la pol\u00edtica de privadesa de Google quant als serveis esmentats. T&#8217;informem que hem activat la funci\u00f3 d&#8217;anonimitzaci\u00f3 d&#8217;IP al nostre lloc web per afegir salvaguardes addicionals a les cl\u00e0usules contractuals tipus que protegeixen aquesta transfer\u00e8ncia internacional de dades als EUA. Amb aix\u00f2, Google escur\u00e7ar\u00e0 la vostra adre\u00e7a IP abans de transmetre-la als EUA (proc\u00e9s d&#8217;ofuscaci\u00f3 de la vostra identitat). Nom\u00e9s en casos excepcionals s&#8217;envia l&#8217;adre\u00e7a IP completa a un servidor de Google als EUA i s&#8217;hi abreuja. Google us garanteix que l&#8217;adre\u00e7a IP transmesa pel vostre navegador a Google Analytics no es tractar\u00e0 conjuntament amb cap altra dada que tingui Google. Pots consultar les categories de dades personals que processen aquests serveis a privacy.google.com\/businesses\/adsservices<\/p><p><strong>Per a altres finalitats que no siguin incompatibles amb les anteriors <\/strong><\/p><p>podem utilitzar les teves dades personals per a altres finalitats que no siguin incompatibles amb les anteriorment assenyalades (com ara finalitats d&#8217;arxiu per ra\u00f3 d&#8217;inter\u00e8s p\u00fablic, finalitats de recerca cient\u00edfica o hist\u00f2rica, o finalitats estad\u00edstiques) sempre que estigui perm\u00e8s per la normativa vigent mat\u00e8ria de protecci\u00f3 de dades personals, i per descomptat, actuant d\u2019acord amb aquesta i amb la resta de normativa aplicable.<\/p><\/div>\n\t\t\t\t<\/div>\n\t\t\t\t\t\t\t<div class=\"elementor-toggle-item\">\n\t\t\t\t\t<div id=\"elementor-tab-title-9525\" class=\"elementor-tab-title\" data-tab=\"5\" role=\"button\" aria-controls=\"elementor-tab-content-9525\" aria-expanded=\"false\">\n\t\t\t\t\t\t\t\t\t\t\t\t<span class=\"elementor-toggle-icon elementor-toggle-icon-right\" aria-hidden=\"true\">\n\t\t\t\t\t\t\t\t\t\t\t\t\t\t\t<span class=\"elementor-toggle-icon-closed\"><i class=\"fas fa-chevron-down\"><\/i><\/span>\n\t\t\t\t\t\t\t\t<span class=\"elementor-toggle-icon-opened\"><i class=\"elementor-toggle-icon-opened fas fa-chevron-up\"><\/i><\/span>\n\t\t\t\t\t\t\t\t\t\t\t\t\t<\/span>\n\t\t\t\t\t\t\t\t\t\t\t\t<a class=\"elementor-toggle-title\" tabindex=\"0\">Quant de temps es conservaran les meves dades?<\/a>\n\t\t\t\t\t<\/div>\n\n\t\t\t\t\t<div id=\"elementor-tab-content-9525\" class=\"elementor-tab-content elementor-clearfix\" data-tab=\"5\" role=\"region\" aria-labelledby=\"elementor-tab-title-9525\"><p><strong>HOTEL DE L\u2019ISARD S.L. <\/strong>conservar\u00e0 les seves dades personals el temps necessari per a les finalitats descrites m\u00e9s amunt. En cas que hi hagi una legislaci\u00f3 que obligui a <strong>HOTEL DE L\u2019ISARD S.L. <\/strong>a conservar les seves dades personals <strong>HOTEL DE L\u2019ISARD S.L. <\/strong>conservar\u00e0 les seves dades personals durant dit per\u00edode addicional per\u00f2 les mateixes seran bloquejades i nom\u00e9s es tractaran per garantir-ne la conservaci\u00f3. Finalitzats aquests terminis, les dades personals seran suprimides.<\/p><\/div>\n\t\t\t\t<\/div>\n\t\t\t\t\t\t\t<div class=\"elementor-toggle-item\">\n\t\t\t\t\t<div id=\"elementor-tab-title-9526\" class=\"elementor-tab-title\" data-tab=\"6\" role=\"button\" aria-controls=\"elementor-tab-content-9526\" aria-expanded=\"false\">\n\t\t\t\t\t\t\t\t\t\t\t\t<span class=\"elementor-toggle-icon elementor-toggle-icon-right\" aria-hidden=\"true\">\n\t\t\t\t\t\t\t\t\t\t\t\t\t\t\t<span class=\"elementor-toggle-icon-closed\"><i class=\"fas fa-chevron-down\"><\/i><\/span>\n\t\t\t\t\t\t\t\t<span class=\"elementor-toggle-icon-opened\"><i class=\"elementor-toggle-icon-opened fas fa-chevron-up\"><\/i><\/span>\n\t\t\t\t\t\t\t\t\t\t\t\t\t<\/span>\n\t\t\t\t\t\t\t\t\t\t\t\t<a class=\"elementor-toggle-title\" tabindex=\"0\">A qui passarem les vostres dades?<\/a>\n\t\t\t\t\t<\/div>\n\n\t\t\t\t\t<div id=\"elementor-tab-content-9526\" class=\"elementor-tab-content elementor-clearfix\" data-tab=\"6\" role=\"region\" aria-labelledby=\"elementor-tab-title-9526\"><p>Per norma general, les vostres dades no es passaran a tercers si no comptem amb el vostre consentiment expr\u00e9s per a fer-ho. Per aconseguir les finalitats anteriorment esmentades, i nom\u00e9s quan aix\u00ed sigui necessari, les seves dades personals es poden transmetre a:<\/p><ol><li>Encarregats de tractament de <strong>HOTEL DE L\u2019ISARD S.L. <\/strong>que hagin de processar les seves dades personals en relaci\u00f3 amb la finalitat que es tracti, el que realitzaran segons les instruccions d&#8217;aquesta entitat i de conformitat amb la seva pol\u00edtica de privacitat i qualsevol mesura de seguretat i de confidencialitat apropiada que estableixi <strong>HOTEL DE L\u2019ISARD S.L..<\/strong><\/li><\/ol><ol><li>Administracions p\u00fabliques competents, en els casos que preveu la Llei i per als fins en ella definits.<\/li><\/ol><\/div>\n\t\t\t\t<\/div>\n\t\t\t\t\t\t\t<div class=\"elementor-toggle-item\">\n\t\t\t\t\t<div id=\"elementor-tab-title-9527\" class=\"elementor-tab-title\" data-tab=\"7\" role=\"button\" aria-controls=\"elementor-tab-content-9527\" aria-expanded=\"false\">\n\t\t\t\t\t\t\t\t\t\t\t\t<span class=\"elementor-toggle-icon elementor-toggle-icon-right\" aria-hidden=\"true\">\n\t\t\t\t\t\t\t\t\t\t\t\t\t\t\t<span class=\"elementor-toggle-icon-closed\"><i class=\"fas fa-chevron-down\"><\/i><\/span>\n\t\t\t\t\t\t\t\t<span class=\"elementor-toggle-icon-opened\"><i class=\"elementor-toggle-icon-opened fas fa-chevron-up\"><\/i><\/span>\n\t\t\t\t\t\t\t\t\t\t\t\t\t<\/span>\n\t\t\t\t\t\t\t\t\t\t\t\t<a class=\"elementor-toggle-title\" tabindex=\"0\">Passarem les vostres dades a pa\u00efsos fora d\u2019Andorra?<\/a>\n\t\t\t\t\t<\/div>\n\n\t\t\t\t\t<div id=\"elementor-tab-content-9527\" class=\"elementor-tab-content elementor-clearfix\" data-tab=\"7\" role=\"region\" aria-labelledby=\"elementor-tab-title-9527\"><p>Serveis de Pre-Reserva y Reserva: Witbooking (INTEDOCS SOLUCIONES DIGITALES S.L,) amb seu a Espa\u00f1a.<a href=\"https:\/\/booking.hotelisard.com\/hotelisard\/es\/availability?_gl=1*17g2s9y*_ga*MTM0NjM3MzI3LjE2ODk3NzM4MTI.*_ga_T1W7TQ5T7H*MTY5NDUxMTYyMy43Ni4xLjE2OTQ1MTQ5NzUuNTkuMC4w\"><em>https:\/\/booking.hotelisard.com\/hotelisard\/es\/availability?_gl=1*17g2s9y*_ga*MTM0NjM3MzI3LjE2ODk3NzM4MTI.*_ga_T1W7TQ5T7H*MTY5NDUxMTYyMy43Ni4xLjE2OTQ1MTQ5NzUuNTkuMC4w<\/em><\/a><\/p><\/div>\n\t\t\t\t<\/div>\n\t\t\t\t\t\t\t<div class=\"elementor-toggle-item\">\n\t\t\t\t\t<div id=\"elementor-tab-title-9528\" class=\"elementor-tab-title\" data-tab=\"8\" role=\"button\" aria-controls=\"elementor-tab-content-9528\" aria-expanded=\"false\">\n\t\t\t\t\t\t\t\t\t\t\t\t<span class=\"elementor-toggle-icon elementor-toggle-icon-right\" aria-hidden=\"true\">\n\t\t\t\t\t\t\t\t\t\t\t\t\t\t\t<span class=\"elementor-toggle-icon-closed\"><i class=\"fas fa-chevron-down\"><\/i><\/span>\n\t\t\t\t\t\t\t\t<span class=\"elementor-toggle-icon-opened\"><i class=\"elementor-toggle-icon-opened fas fa-chevron-up\"><\/i><\/span>\n\t\t\t\t\t\t\t\t\t\t\t\t\t<\/span>\n\t\t\t\t\t\t\t\t\t\t\t\t<a class=\"elementor-toggle-title\" tabindex=\"0\">De quins drets disposeu?<\/a>\n\t\t\t\t\t<\/div>\n\n\t\t\t\t\t<div id=\"elementor-tab-content-9528\" class=\"elementor-tab-content elementor-clearfix\" data-tab=\"8\" role=\"region\" aria-labelledby=\"elementor-tab-title-9528\"><p>En compliment de la LQPD, i els seus reglaments de desenvolupament, <strong>HOTEL DE L\u2019ISARD S.L. <\/strong>li informa que disposeu dels drets d&#8217;acc\u00e9s, rectificaci\u00f3, limitaci\u00f3 del tractament, portabilitat, supressi\u00f3 i oposici\u00f3 de les seves dades personals, reconeguts en l&#8217;esmentada normativa. Per tal d\u2019exercir-los vost\u00e8 haur\u00e0 d&#8217;enviar una comunicaci\u00f3 escrita i signada a l&#8217;adre\u00e7a de correu electr\u00f2nic <a href=\"mailto:p.privacidad@hotelisard.com\"><em>p.privacidad@hotelisard.com<\/em><\/a>, a la qual haur\u00e0 d&#8217;adjuntar una c\u00f2pia del seu passaport o un altre document nacional d&#8217;identitat. Davant de qualsevol vulneraci\u00f3 dels seus drets, especialment quan vost\u00e8 no hagi obtingut satisfacci\u00f3 en el seu exercici, pot presentar una reclamaci\u00f3 davant l\u2019Ag\u00e8ncia Andorrana de Protecci\u00f3 de Dades. Tamb\u00e9 pot obtenir m\u00e9s informaci\u00f3 sobre els drets que l&#8217;assisteixen dirigint-se a aquests organismes.<\/p><\/div>\n\t\t\t\t<\/div>\n\t\t\t\t\t\t\t<div class=\"elementor-toggle-item\">\n\t\t\t\t\t<div id=\"elementor-tab-title-9529\" class=\"elementor-tab-title\" data-tab=\"9\" role=\"button\" aria-controls=\"elementor-tab-content-9529\" aria-expanded=\"false\">\n\t\t\t\t\t\t\t\t\t\t\t\t<span class=\"elementor-toggle-icon elementor-toggle-icon-right\" aria-hidden=\"true\">\n\t\t\t\t\t\t\t\t\t\t\t\t\t\t\t<span class=\"elementor-toggle-icon-closed\"><i class=\"fas fa-chevron-down\"><\/i><\/span>\n\t\t\t\t\t\t\t\t<span class=\"elementor-toggle-icon-opened\"><i class=\"elementor-toggle-icon-opened fas fa-chevron-up\"><\/i><\/span>\n\t\t\t\t\t\t\t\t\t\t\t\t\t<\/span>\n\t\t\t\t\t\t\t\t\t\t\t\t<a class=\"elementor-toggle-title\" tabindex=\"0\">Puc retirar el meu consentiment?<\/a>\n\t\t\t\t\t<\/div>\n\n\t\t\t\t\t<div id=\"elementor-tab-content-9529\" class=\"elementor-tab-content elementor-clearfix\" data-tab=\"9\" role=\"region\" aria-labelledby=\"elementor-tab-title-9529\"><p>El consentiment donat per a alguna finalitat espec\u00edfica pot ser retirat en qualsevol moment, sense que aix\u00f2 afecti la licitud del tractament basat en el consentiment previ a la seva retirada. En aquests sup\u00f2sits <strong>HOTEL DE L\u2019ISARD S.L. <\/strong>deixar\u00e0 de tractar les dades personals o, si s&#8217;escau, deixar\u00e0 de fer-ho per a aquesta finalitat en concret, excepte per motius leg\u00edtims imperiosos, o l&#8217;exercici o la defensa de possibles reclamacions.<\/p><\/div>\n\t\t\t\t<\/div>\n\t\t\t\t\t\t\t<div class=\"elementor-toggle-item\">\n\t\t\t\t\t<div id=\"elementor-tab-title-95210\" class=\"elementor-tab-title\" data-tab=\"10\" role=\"button\" aria-controls=\"elementor-tab-content-95210\" aria-expanded=\"false\">\n\t\t\t\t\t\t\t\t\t\t\t\t<span class=\"elementor-toggle-icon elementor-toggle-icon-right\" aria-hidden=\"true\">\n\t\t\t\t\t\t\t\t\t\t\t\t\t\t\t<span class=\"elementor-toggle-icon-closed\"><i class=\"fas fa-chevron-down\"><\/i><\/span>\n\t\t\t\t\t\t\t\t<span class=\"elementor-toggle-icon-opened\"><i class=\"elementor-toggle-icon-opened fas fa-chevron-up\"><\/i><\/span>\n\t\t\t\t\t\t\t\t\t\t\t\t\t<\/span>\n\t\t\t\t\t\t\t\t\t\t\t\t<a class=\"elementor-toggle-title\" tabindex=\"0\">Amb quines mesures de seguretat protegirem les vostres dades?<\/a>\n\t\t\t\t\t<\/div>\n\n\t\t\t\t\t<div id=\"elementor-tab-content-95210\" class=\"elementor-tab-content elementor-clearfix\" data-tab=\"10\" role=\"region\" aria-labelledby=\"elementor-tab-title-95210\"><p><strong>HOTEL DE L\u2019ISARD S.L. <\/strong>li garanteix que el tractament que portar\u00e0 a terme de les seves dades personals est\u00e0 sotm\u00e8s al m\u00e9s estricte deure de confidencialitat, i que s&#8217;han establert les mesures necess\u00e0ries, tant t\u00e8cniques com organitzatives, per a garantir la seguretat de les seves dades personals i evitar la seva alteraci\u00f3, mal \u00fas, p\u00e8rdua, robatori i tractament i \/ o acc\u00e9s no autoritzat.<\/p><\/div>\n\t\t\t\t<\/div>\n\t\t\t\t\t\t\t<div class=\"elementor-toggle-item\">\n\t\t\t\t\t<div id=\"elementor-tab-title-95211\" class=\"elementor-tab-title\" data-tab=\"11\" role=\"button\" aria-controls=\"elementor-tab-content-95211\" aria-expanded=\"false\">\n\t\t\t\t\t\t\t\t\t\t\t\t<span class=\"elementor-toggle-icon elementor-toggle-icon-right\" aria-hidden=\"true\">\n\t\t\t\t\t\t\t\t\t\t\t\t\t\t\t<span class=\"elementor-toggle-icon-closed\"><i class=\"fas fa-chevron-down\"><\/i><\/span>\n\t\t\t\t\t\t\t\t<span class=\"elementor-toggle-icon-opened\"><i class=\"elementor-toggle-icon-opened fas fa-chevron-up\"><\/i><\/span>\n\t\t\t\t\t\t\t\t\t\t\t\t\t<\/span>\n\t\t\t\t\t\t\t\t\t\t\t\t<a class=\"elementor-toggle-title\" tabindex=\"0\">Possibles canvis en la pol\u00edtica de privacitat?<\/a>\n\t\t\t\t\t<\/div>\n\n\t\t\t\t\t<div id=\"elementor-tab-content-95211\" class=\"elementor-tab-content elementor-clearfix\" data-tab=\"11\" role=\"region\" aria-labelledby=\"elementor-tab-title-95211\"><p>Aquesta pol\u00edtica de privacitat \u00e9s subjecta a eventuals canvis d&#8217;acord amb la legislaci\u00f3 aplicable en cada moment. En tot cas, qualsevol modificaci\u00f3 d&#8217;aquesta Pol\u00edtica de privacitat li ser\u00e0 degudament notificada perqu\u00e8 vost\u00e8 quedi informat dels canvis produ\u00efts i pugui atorgar el seu consentiment expr\u00e9s a aquests canvis.<\/p><\/div>\n\t\t\t\t<\/div>\n\t\t\t\t\t\t\t\t<\/div>\n\t\t\t\t\t\t<\/div>\n\t\t\t\t<\/div>\n\t\t\t\t\t<\/div>\n\t\t<\/div>\n\t\t\t\t\t<\/div>\n\t\t<\/section>\n\t\t\t\t<\/div>\n\t\t","protected":false},"excerpt":{"rendered":"<p>Pol\u00edtica de privacitat HOTEL DE L\u2019ISARD S.L. es compromet a protegir la vostra privacitat i desenvolupar la tecnologia que us proporcioni l\u2019experi\u00e8ncia m\u00e9s segura a la nostra plana web. Aquesta declaraci\u00f3 de privacitat \u00e9s v\u00e0lida per la plana web www.hotelisard.com i regula la recollida i l\u2019\u00fas de dades. Acceptant les pol\u00edtiques de privacitat, consentiu a [&hellip;]<\/p>\n","protected":false},"author":4,"featured_media":0,"parent":0,"menu_order":0,"comment_status":"closed","ping_status":"closed","template":"","meta":{"ocean_post_layout":"","ocean_both_sidebars_style":"","ocean_both_sidebars_content_width":0,"ocean_both_sidebars_sidebars_width":0,"ocean_sidebar":"0","ocean_second_sidebar":"0","ocean_disable_margins":"on","ocean_add_body_class":"","ocean_shortcode_before_top_bar":"","ocean_shortcode_after_top_bar":"","ocean_shortcode_before_header":"","ocean_shortcode_after_header":"","ocean_has_shortcode":"","ocean_shortcode_after_title":"","ocean_shortcode_before_footer_widgets":"","ocean_shortcode_after_footer_widgets":"","ocean_shortcode_before_footer_bottom":"","ocean_shortcode_after_footer_bottom":"","ocean_display_top_bar":"default","ocean_display_header":"default","ocean_header_style":"","ocean_center_header_left_menu":"0","ocean_custom_header_template":"0","ocean_custom_logo":0,"ocean_custom_retina_logo":0,"ocean_custom_logo_max_width":0,"ocean_custom_logo_tablet_max_width":0,"ocean_custom_logo_mobile_max_width":0,"ocean_custom_logo_max_height":0,"ocean_custom_logo_tablet_max_height":0,"ocean_custom_logo_mobile_max_height":0,"ocean_header_custom_menu":"0","ocean_menu_typo_font_family":"0","ocean_menu_typo_font_subset":"","ocean_menu_typo_font_size":0,"ocean_menu_typo_font_size_tablet":0,"ocean_menu_typo_font_size_mobile":0,"ocean_menu_typo_font_size_unit":"px","ocean_menu_typo_font_weight":"","ocean_menu_typo_font_weight_tablet":"","ocean_menu_typo_font_weight_mobile":"","ocean_menu_typo_transform":"","ocean_menu_typo_transform_tablet":"","ocean_menu_typo_transform_mobile":"","ocean_menu_typo_line_height":0,"ocean_menu_typo_line_height_tablet":0,"ocean_menu_typo_line_height_mobile":0,"ocean_menu_typo_line_height_unit":"","ocean_menu_typo_spacing":0,"ocean_menu_typo_spacing_tablet":0,"ocean_menu_typo_spacing_mobile":0,"ocean_menu_typo_spacing_unit":"","ocean_menu_link_color":"","ocean_menu_link_color_hover":"","ocean_menu_link_color_active":"","ocean_menu_link_background":"","ocean_menu_link_hover_background":"","ocean_menu_link_active_background":"","ocean_menu_social_links_bg":"","ocean_menu_social_hover_links_bg":"","ocean_menu_social_links_color":"","ocean_menu_social_hover_links_color":"","ocean_disable_title":"on","ocean_disable_heading":"default","ocean_post_title":"","ocean_post_subheading":"","ocean_post_title_style":"","ocean_post_title_background_color":"","ocean_post_title_background":0,"ocean_post_title_bg_image_position":"","ocean_post_title_bg_image_attachment":"","ocean_post_title_bg_image_repeat":"","ocean_post_title_bg_image_size":"","ocean_post_title_height":0,"ocean_post_title_bg_overlay":0.5,"ocean_post_title_bg_overlay_color":"","ocean_disable_breadcrumbs":"default","ocean_breadcrumbs_color":"","ocean_breadcrumbs_separator_color":"","ocean_breadcrumbs_links_color":"","ocean_breadcrumbs_links_hover_color":"","ocean_display_footer_widgets":"default","ocean_display_footer_bottom":"default","ocean_custom_footer_template":"0","footnotes":""},"categoria_pagina":[],"class_list":["post-6959","page","type-page","status-publish","hentry","entry"],"yoast_head":"<!-- This site is optimized with the Yoast SEO Premium plugin v20.10 (Yoast SEO v27.5) - https:\/\/yoast.com\/product\/yoast-seo-premium-wordpress\/ -->\n<title>Preguntas frecuentes | Hotel de l&#039;Isard<\/title>\n<meta name=\"description\" content=\"Ponemos a tu disposici\u00f3n una lista de preguntas frecuentes para que tengas las respuestas de una manera m\u00e1s r\u00e1pida y f\u00e1cil. \u00a1Haz tu reserva!\" \/>\n<meta name=\"robots\" content=\"index, follow, max-snippet:-1, max-image-preview:large, max-video-preview:-1\" \/>\n<link rel=\"canonical\" href=\"https:\/\/www.hotelisard.com\/ca\/politica-de-privacitat\/\" \/>\n<meta property=\"og:locale\" content=\"ca_ES\" \/>\n<meta property=\"og:type\" content=\"article\" \/>\n<meta property=\"og:title\" content=\"Pol\u00edtica de privacitat\" \/>\n<meta property=\"og:description\" content=\"Ponemos a tu disposici\u00f3n una lista de preguntas frecuentes para que tengas las respuestas de una manera m\u00e1s r\u00e1pida y f\u00e1cil. \u00a1Haz tu reserva!\" \/>\n<meta property=\"og:url\" content=\"https:\/\/www.hotelisard.com\/ca\/politica-de-privacitat\/\" \/>\n<meta property=\"og:site_name\" content=\"Hotel Isard\" \/>\n<meta property=\"article:modified_time\" content=\"2023-10-03T07:21:42+00:00\" \/>\n<meta name=\"twitter:card\" content=\"summary_large_image\" \/>\n<meta name=\"twitter:label1\" content=\"Temps estimat de lectura\" \/>\n\t<meta name=\"twitter:data1\" content=\"19 minuts\" \/>\n<script type=\"application\/ld+json\" class=\"yoast-schema-graph\">{\"@context\":\"https:\\\/\\\/schema.org\",\"@graph\":[{\"@type\":\"WebPage\",\"@id\":\"https:\\\/\\\/www.hotelisard.com\\\/ca\\\/politica-de-privacitat\\\/\",\"url\":\"https:\\\/\\\/www.hotelisard.com\\\/ca\\\/politica-de-privacitat\\\/\",\"name\":\"Preguntas frecuentes | Hotel de l'Isard\",\"isPartOf\":{\"@id\":\"https:\\\/\\\/www.hotelisard.com\\\/ca\\\/#website\"},\"datePublished\":\"2023-09-18T13:56:22+00:00\",\"dateModified\":\"2023-10-03T07:21:42+00:00\",\"description\":\"Ponemos a tu disposici\u00f3n una lista de preguntas frecuentes para que tengas las respuestas de una manera m\u00e1s r\u00e1pida y f\u00e1cil. \u00a1Haz tu reserva!\",\"breadcrumb\":{\"@id\":\"https:\\\/\\\/www.hotelisard.com\\\/ca\\\/politica-de-privacitat\\\/#breadcrumb\"},\"inLanguage\":\"ca\",\"potentialAction\":[{\"@type\":\"ReadAction\",\"target\":[\"https:\\\/\\\/www.hotelisard.com\\\/ca\\\/politica-de-privacitat\\\/\"]}]},{\"@type\":\"BreadcrumbList\",\"@id\":\"https:\\\/\\\/www.hotelisard.com\\\/ca\\\/politica-de-privacitat\\\/#breadcrumb\",\"itemListElement\":[{\"@type\":\"ListItem\",\"position\":1,\"name\":\"Home\",\"item\":\"https:\\\/\\\/www.hotelisard.com\\\/ca\\\/\"},{\"@type\":\"ListItem\",\"position\":2,\"name\":\"Pol\u00edtica de privacitat\"}]},{\"@type\":\"WebSite\",\"@id\":\"https:\\\/\\\/www.hotelisard.com\\\/ca\\\/#website\",\"url\":\"https:\\\/\\\/www.hotelisard.com\\\/ca\\\/\",\"name\":\"Hotel Isard\",\"description\":\"Hotel Isard\",\"publisher\":{\"@id\":\"https:\\\/\\\/www.hotelisard.com\\\/ca\\\/#organization\"},\"potentialAction\":[{\"@type\":\"SearchAction\",\"target\":{\"@type\":\"EntryPoint\",\"urlTemplate\":\"https:\\\/\\\/www.hotelisard.com\\\/ca\\\/?s={search_term_string}\"},\"query-input\":{\"@type\":\"PropertyValueSpecification\",\"valueRequired\":true,\"valueName\":\"search_term_string\"}}],\"inLanguage\":\"ca\"},{\"@type\":\"Organization\",\"@id\":\"https:\\\/\\\/www.hotelisard.com\\\/ca\\\/#organization\",\"name\":\"Hotel Isard\",\"url\":\"https:\\\/\\\/www.hotelisard.com\\\/ca\\\/\",\"logo\":{\"@type\":\"ImageObject\",\"inLanguage\":\"ca\",\"@id\":\"https:\\\/\\\/www.hotelisard.com\\\/ca\\\/#\\\/schema\\\/logo\\\/image\\\/\",\"url\":\"https:\\\/\\\/www.hotelisard.com\\\/wp-content\\\/uploads\\\/2023\\\/03\\\/LOGO-ISARD@2x.png\",\"contentUrl\":\"https:\\\/\\\/www.hotelisard.com\\\/wp-content\\\/uploads\\\/2023\\\/03\\\/LOGO-ISARD@2x.png\",\"width\":309,\"height\":118,\"caption\":\"Hotel Isard\"},\"image\":{\"@id\":\"https:\\\/\\\/www.hotelisard.com\\\/ca\\\/#\\\/schema\\\/logo\\\/image\\\/\"}}]}<\/script>\n<!-- \/ Yoast SEO Premium plugin. -->","yoast_head_json":{"title":"Preguntas frecuentes | Hotel de l'Isard","description":"Ponemos a tu disposici\u00f3n una lista de preguntas frecuentes para que tengas las respuestas de una manera m\u00e1s r\u00e1pida y f\u00e1cil. \u00a1Haz tu reserva!","robots":{"index":"index","follow":"follow","max-snippet":"max-snippet:-1","max-image-preview":"max-image-preview:large","max-video-preview":"max-video-preview:-1"},"canonical":"https:\/\/www.hotelisard.com\/ca\/politica-de-privacitat\/","og_locale":"ca_ES","og_type":"article","og_title":"Pol\u00edtica de privacitat","og_description":"Ponemos a tu disposici\u00f3n una lista de preguntas frecuentes para que tengas las respuestas de una manera m\u00e1s r\u00e1pida y f\u00e1cil. \u00a1Haz tu reserva!","og_url":"https:\/\/www.hotelisard.com\/ca\/politica-de-privacitat\/","og_site_name":"Hotel Isard","article_modified_time":"2023-10-03T07:21:42+00:00","twitter_card":"summary_large_image","twitter_misc":{"Temps estimat de lectura":"19 minuts"},"schema":{"@context":"https:\/\/schema.org","@graph":[{"@type":"WebPage","@id":"https:\/\/www.hotelisard.com\/ca\/politica-de-privacitat\/","url":"https:\/\/www.hotelisard.com\/ca\/politica-de-privacitat\/","name":"Preguntas frecuentes | Hotel de l'Isard","isPartOf":{"@id":"https:\/\/www.hotelisard.com\/ca\/#website"},"datePublished":"2023-09-18T13:56:22+00:00","dateModified":"2023-10-03T07:21:42+00:00","description":"Ponemos a tu disposici\u00f3n una lista de preguntas frecuentes para que tengas las respuestas de una manera m\u00e1s r\u00e1pida y f\u00e1cil. \u00a1Haz tu reserva!","breadcrumb":{"@id":"https:\/\/www.hotelisard.com\/ca\/politica-de-privacitat\/#breadcrumb"},"inLanguage":"ca","potentialAction":[{"@type":"ReadAction","target":["https:\/\/www.hotelisard.com\/ca\/politica-de-privacitat\/"]}]},{"@type":"BreadcrumbList","@id":"https:\/\/www.hotelisard.com\/ca\/politica-de-privacitat\/#breadcrumb","itemListElement":[{"@type":"ListItem","position":1,"name":"Home","item":"https:\/\/www.hotelisard.com\/ca\/"},{"@type":"ListItem","position":2,"name":"Pol\u00edtica de privacitat"}]},{"@type":"WebSite","@id":"https:\/\/www.hotelisard.com\/ca\/#website","url":"https:\/\/www.hotelisard.com\/ca\/","name":"Hotel Isard","description":"Hotel Isard","publisher":{"@id":"https:\/\/www.hotelisard.com\/ca\/#organization"},"potentialAction":[{"@type":"SearchAction","target":{"@type":"EntryPoint","urlTemplate":"https:\/\/www.hotelisard.com\/ca\/?s={search_term_string}"},"query-input":{"@type":"PropertyValueSpecification","valueRequired":true,"valueName":"search_term_string"}}],"inLanguage":"ca"},{"@type":"Organization","@id":"https:\/\/www.hotelisard.com\/ca\/#organization","name":"Hotel Isard","url":"https:\/\/www.hotelisard.com\/ca\/","logo":{"@type":"ImageObject","inLanguage":"ca","@id":"https:\/\/www.hotelisard.com\/ca\/#\/schema\/logo\/image\/","url":"https:\/\/www.hotelisard.com\/wp-content\/uploads\/2023\/03\/LOGO-ISARD@2x.png","contentUrl":"https:\/\/www.hotelisard.com\/wp-content\/uploads\/2023\/03\/LOGO-ISARD@2x.png","width":309,"height":118,"caption":"Hotel Isard"},"image":{"@id":"https:\/\/www.hotelisard.com\/ca\/#\/schema\/logo\/image\/"}}]}},"_links":{"self":[{"href":"https:\/\/www.hotelisard.com\/ca\/wp-json\/wp\/v2\/pages\/6959","targetHints":{"allow":["GET"]}}],"collection":[{"href":"https:\/\/www.hotelisard.com\/ca\/wp-json\/wp\/v2\/pages"}],"about":[{"href":"https:\/\/www.hotelisard.com\/ca\/wp-json\/wp\/v2\/types\/page"}],"author":[{"embeddable":true,"href":"https:\/\/www.hotelisard.com\/ca\/wp-json\/wp\/v2\/users\/4"}],"replies":[{"embeddable":true,"href":"https:\/\/www.hotelisard.com\/ca\/wp-json\/wp\/v2\/comments?post=6959"}],"version-history":[{"count":0,"href":"https:\/\/www.hotelisard.com\/ca\/wp-json\/wp\/v2\/pages\/6959\/revisions"}],"wp:attachment":[{"href":"https:\/\/www.hotelisard.com\/ca\/wp-json\/wp\/v2\/media?parent=6959"}],"wp:term":[{"taxonomy":"categoria_pagina","embeddable":true,"href":"https:\/\/www.hotelisard.com\/ca\/wp-json\/wp\/v2\/categoria_pagina?post=6959"}],"curies":[{"name":"wp","href":"https:\/\/api.w.org\/{rel}","templated":true}]}}