{"id":5081,"date":"2023-07-04T14:29:58","date_gmt":"2023-07-04T12:29:58","guid":{"rendered":"https:\/\/hotelisard.seoagil.com\/aviso-legal\/"},"modified":"2023-09-18T15:32:30","modified_gmt":"2023-09-18T13:32:30","slug":"avis-juridique","status":"publish","type":"page","link":"https:\/\/www.hotelisard.com\/fr\/avis-juridique\/","title":{"rendered":"Avis juridique"},"content":{"rendered":"\n<p>Cet avis l\u00e9gal contient les conditions g\u00e9n\u00e9rales d&rsquo;acc\u00e8s et d&rsquo;utilisation du site web www.hotelisard.com, ci-apr\u00e8s d\u00e9nomm\u00e9 \u00ab\u00a0le SITE WEB\u00a0\u00bb, dont HOTEL DE L&rsquo;ISARD S.L. est le propri\u00e9taire et le titulaire, soci\u00e9t\u00e9 dont le si\u00e8ge social est situ\u00e9 \u00e0 AVDA. MERITXELL, 34 &#8211; AD500 ANDORRA LA VIEJA, NRT L-705558-F, inscrite au Registre du Commerce sous le num\u00e9ro 903437R et inscrite au Registre des Soci\u00e9t\u00e9s du Gouvernement du MI sous le num\u00e9ro 10409, livre S-123 folios 137 \u00e0 14 ci-apr\u00e8s \u00ab\u00a0HOTEL DE L&rsquo;ISARD S.L.\u00a0\u00bb. L&rsquo;acc\u00e8s au SITE est gratuit et sa consultation ne n\u00e9cessite aucune inscription ou abonnement pr\u00e9alable. Le SITE fournit des informations g\u00e9n\u00e9rales sur nos services.<\/p>\n\n\n\n<h2 class=\"wp-block-heading\"><a><\/a><strong>Limitation de la responsabilit\u00e9<\/strong><\/h2>\n\n\n\n<p><strong><em>HOTEL DE L\u2019ISARD S.L. <\/em><\/strong>ne sera pas responsable des dommages de toute nature pouvant r\u00e9sulter de l&rsquo;utilisation des informations, des contenus du SITE et des programmes qu&rsquo;il incorpore, qui peuvent causer, \u00e0 titre d&rsquo;exemple mais non limitatif : des erreurs ou des omissions dans les contenus, le manque de disponibilit\u00e9 du SITE ou la transmission de virus ou de programmes malveillants ou nuisibles dans les contenus, bien qu&rsquo;elle ait adopt\u00e9 toutes les mesures technologiques n\u00e9cessaires pour l&rsquo;\u00e9viter.<\/p>\n\n\n\n<p>Les informations contenues sur le SITE WEB sont \u00e0 jour \u00e0 la date de la derni\u00e8re mise \u00e0 jour, et <strong><em>HOTEL DE L\u2019ISARD S.L. <\/em><\/strong>ne garantit pas l&rsquo;absence d&rsquo;erreurs dans l&rsquo;acc\u00e8s au SITE ou dans le contenu, mais elle prendra les mesures appropri\u00e9es pour les \u00e9viter, les corriger et\/ou les mettre \u00e0 jour d\u00e8s qu&rsquo;elles seront d\u00e9tect\u00e9es.<\/p>\n\n\n\n<p><strong><em>HOTEL DE L\u2019ISARD S.L. <\/em><\/strong>se r\u00e9serve le droit de modifier et d&rsquo;actualiser l&rsquo;information contenue dans le SITE, sa pr\u00e9sentation et sa configuration, ainsi que les conditions d&rsquo;acc\u00e8s, sans pr\u00e9avis et \u00e0 tout moment. De m\u00eame, <strong><em>HOTEL DE L&rsquo;ISARD S.L<\/em>.<\/strong> se r\u00e9serve le droit de modifier et\/ou d&rsquo;omettre tout ou partie du contenu du SITE et d&rsquo;en restreindre l&rsquo;acc\u00e8s.<\/p>\n\n\n\n<p>Dans le cas o\u00f9 des op\u00e9rations de maintenance, de r\u00e9paration, de mise \u00e0 jour ou d&rsquo;am\u00e9lioration des services devraient \u00eatre effectu\u00e9es, <strong><em>HOTEL DE L&rsquo;ISARD S.L.<\/em><\/strong> se r\u00e9serve le droit de suspendre temporairement et sans pr\u00e9avis l&rsquo;acc\u00e8s au SITE, ainsi que le droit de fournir ou d&rsquo;annuler les services, sans pr\u00e9judice d&rsquo;essayer d&rsquo;en informer les utilisateurs, chaque fois que les circonstances le permettent.<\/p>\n\n\n\n<p>L&rsquo;utilisation de ce SITE et des informations fournies rel\u00e8ve de la responsabilit\u00e9 de l&rsquo;utilisateur. Aucun tiers ne peut \u00e9tablir une relation de cadrage entre ses pages web et le SITE. De m\u00eame, <strong><em>l&rsquo;HOTEL DE L&rsquo;ISARD S.L.<\/em><\/strong> d\u00e9cline toute responsabilit\u00e9 quant aux contenus de tiers auxquels il est possible d&rsquo;acc\u00e9der par le biais des liens contenus dans le SITE.<\/p>\n\n\n\n<h2 class=\"wp-block-heading\" id=\"h-services-et-produits-pour-le-site-web\">Services et produits pour le site web<\/h2>\n\n\n\n<p>Le SITE WEB peut contenir des liens vers des sites externes qui sont mis \u00e0 la disposition de l&rsquo;utilisateur dans le seul but de lui faciliter l&rsquo;acc\u00e8s \u00e0 des contenus, produits ou services susceptibles de l&rsquo;int\u00e9resser et que <strong><em>HOTEL DE L\u2019ISARD S.L<\/em><\/strong> ne g\u00e8re ni ne contr\u00f4le \u00e0 aucun moment.<\/p>\n\n\n\n<p>L&rsquo;inclusion de liens vers des portails de tiers n&rsquo;implique en aucun cas l&rsquo;existence d&rsquo;un lien entre <strong><em>HOTEL DE L\u2019ISARD S.L<\/em><\/strong> et les propri\u00e9taires des portails li\u00e9s. <strong><em>HOTEL DE L\u2019ISARD S.L<\/em><\/strong>. n&rsquo;assume aucune responsabilit\u00e9 directe ou indirecte quant \u00e0 la l\u00e9galit\u00e9, la v\u00e9racit\u00e9, l&rsquo;utilit\u00e9, la qualit\u00e9 ou la fiabilit\u00e9 des services et des contenus d\u00e9tenus, g\u00e9r\u00e9s ou contr\u00f4l\u00e9s par des tiers, m\u00eame s&rsquo;il est possible d&rsquo;y acc\u00e9der par le biais du SITE WEB.<\/p>\n\n\n\n<p>\u00c0 toutes fins utiles, il est entendu que toute relation contractuelle ou extracontractuelle que l&rsquo;utilisateur \u00e9tablit avec des tiers contact\u00e9s par le biais du WEB est uniquement et exclusivement entre l&rsquo;utilisateur et les tiers.<\/p>\n\n\n\n<p>L&rsquo;utilisateur accepte que <strong><em>HOTEL DE L\u2019ISARD S.L<\/em><\/strong> ne soit pas responsable des dommages de toute nature caus\u00e9e \u00e0 la suite de n\u00e9gociations, de conversations ou de relations contractuelles ou extracontractuelles entre l&rsquo;utilisateur et les tiers contact\u00e9s par le biais du SITE.<\/p>\n\n\n\n<p>L&rsquo;utilisateur doit tenir compte des indications, avis ou avertissements l\u00e9gaux que les portails de tiers peuvent \u00e9tablir pour leur utilisation.<\/p>\n\n\n\n<h2 class=\"wp-block-heading\" id=\"h-responsabilite-de-l-utilisateur\">Responsabilit\u00e9 de l&rsquo;utilisateur<\/h2>\n\n\n\n<p>L&rsquo;utilisateur est responsable du respect des lois et r\u00e8glements en vigueur et des r\u00e8gles applicables \u00e0 l&rsquo;utilisation des produits et applications. Toutefois, l&rsquo;utilisation du SITE WEB contraire \u00e0 la bonne foi est interdite, notamment et sans limitation : l&rsquo;utilisation contraire \u00e0 la r\u00e9glementation andorrane ou qui porte atteinte aux droits de tiers ; la publication ou la transmission de tout contenu violent, obsc\u00e8ne, abusif, ill\u00e9gal, racial, x\u00e9nophobe ou diffamatoire ; l&rsquo;alt\u00e9ration ou l&rsquo;intervention par des moyens frauduleux de pages web personnelles ou de courriers \u00e9lectroniques ou de syst\u00e8mes d&rsquo;autres utilisateurs ou de tiers sans leur autorisation ; la collecte et\/ou l&rsquo;utilisation de donn\u00e9es personnelles d&rsquo;autres utilisateurs sans leur consentement expr\u00e8s ou en violation des dispositions de la loi qualifi\u00e9e 29\/2021 relative \u00e0 la protection des donn\u00e9es personnelles ; l&rsquo;utilisation du serveur de courrier, il est express\u00e9ment interdit d&rsquo;acc\u00e9der, de modifier, de visualiser la configuration, la structure et les fichiers des serveurs WEB. En cas de probl\u00e8me survenant dans les serveurs et les syst\u00e8mes de s\u00e9curit\u00e9 du SITE, cons\u00e9quence directe d&rsquo;une n\u00e9gligence de la part de l&rsquo;utilisateur, ce dernier devra r\u00e9pondre des responsabilit\u00e9s civiles et p\u00e9nales correspondantes. L&rsquo;utilisateur devra respecter les normes techniques fournies par le SITE dans le cadre de l&rsquo;administration et du d\u00e9veloppement des produits utilis\u00e9s, afin d&rsquo;\u00e9viter toute utilisation abusive qui ralentirait les serveurs et nuirait \u00e0 la fourniture des produits ou aux droits des autres utilisateurs.<\/p>\n\n\n\n<h2 class=\"wp-block-heading\" id=\"h-protection-des-donnees-personnelles-et-cookies\">Protection des donn\u00e9es personnelles et cookies<\/h2>\n\n\n\n<p>Conform\u00e9ment aux exigences de la Loi 29\/2021, du 28 octobre, sur la protection des donn\u00e9es \u00e0 caract\u00e8re personnel (ci-apr\u00e8s, \u00ab\u00a0LQDP\u00a0\u00bb), et \u00e0 la r\u00e9glementation qui la d\u00e9veloppe, les utilisateurs de ce site Web sont inform\u00e9s que les donn\u00e9es personnelles fournies \u00e0 <strong><em>HOTEL DE L\u2019ISARD S.L.<\/em><\/strong>. seront trait\u00e9es par ce dernier aux fins et dans les conditions d\u00e9finies dans son Registre des activit\u00e9s de traitement. <strong><em>HOTEL DE L\u2019ISARD S.L. <\/em><\/strong>est responsable du fichier en sa qualit\u00e9 de responsable du traitement, dont l&rsquo;adresse est AVDA. MERITXELL, 34 &#8211; AD500 ANDORRA LA VIEJA, p.privacidad@hotelisard.com, t\u00e9l : +376 87 68 00. Pour plus d&rsquo;informations sur le traitement des donn\u00e9es personnelles, veuillez consulter le lien suivant <a href=\"https:\/\/www.hotelisard.com\/politica-privacidad\/\">https:\/\/www.hotelisard.com\/politica-privacidad\/<\/a><\/p>\n\n\n\n<p>Conform\u00e9ment \u00e0 la LQPD et \u00e0 ses r\u00e8glements d&rsquo;application, <strong><em>HOTEL DE L&rsquo;ISARD S.L. <\/em><\/strong>vous informe que vous disposez des droits d&rsquo;acc\u00e8s, de rectification, d&rsquo;effacement, d&rsquo;opposition, de portabilit\u00e9 et de limitation du traitement reconnus dans les r\u00e8glements susmentionn\u00e9s.<\/p>\n\n\n\n<p>Veuillez noter que ce site web collecte des cookies. Vous trouverez une explication exhaustive de ceux-ci sur le lien suivant : <a href=\"https:\/\/www.hotelisard.com\/politica-de-cookies-ue\/\">https:\/\/www.hotelisard.com\/politica-de-cookies-ue\/<\/a><\/p>\n\n\n\n<h2 class=\"wp-block-heading\" id=\"h-la-propriete-intellectuelle-sur-le-contenu\">La propri\u00e9t\u00e9 intellectuelle sur le contenu<\/h2>\n\n\n\n<p>Tous les \u00e9l\u00e9ments qui apparaissent sur le SITE, sans limitation (photographies, musiques, sons, animations, logiciels, textes, nom de domaine, marques, informations et contenus \u00e9labor\u00e9s \u00e0 partir de l&rsquo;ensemble du site, etc.), ainsi que la structure, la conception graphique et le code source sont la propri\u00e9t\u00e9 de <strong><em>HOTEL DE L&rsquo;ISARD S.L<\/em><\/strong>. ou, le cas \u00e9ch\u00e9ant, de tiers qui lui ont conc\u00e9d\u00e9 les droits d&rsquo;utilisation correspondants, que l&rsquo;utilisateur de ce site doit respecter, et qui sont donc prot\u00e9g\u00e9s par les r\u00e8gles de la propri\u00e9t\u00e9 intellectuelle.<\/p>\n\n\n\n<p>Aucune reproduction, publication, traitement informatique, distribution, diffusion, transformation, compilation, modification, distribution ou communication publique, totale ou partielle, du SITE WEB ne peut \u00eatre r\u00e9alis\u00e9e sans le consentement pr\u00e9alable et \u00e9crit de <strong><em>HOTEL DE L&rsquo;ISARD S.L<\/em><\/strong>. L&rsquo;acc\u00e8s de l&rsquo;utilisateur aux contenus et services du SITE n&rsquo;implique aucun droit sur leur transmission, cession, utilisation, modification, exploitation, reproduction, distribution ou communication publique, objet de propri\u00e9t\u00e9 intellectuelle, sans l&rsquo;autorisation pr\u00e9alable et expresse sp\u00e9cifiquement accord\u00e9e \u00e0 cet effet par <strong><em>HOTEL DE L&rsquo;ISARD S.L<\/em><\/strong>. ou par le tiers d\u00e9tenteur des droits, le cas \u00e9ch\u00e9ant.<\/p>\n\n\n\n<p>Les utilisateurs du SITE ne pourront faire qu&rsquo;un usage priv\u00e9 et personnel de ses contenus, c&rsquo;est-\u00e0-dire qu&rsquo;ils n&rsquo;auront le droit de visualiser et de faire des copies des contenus que pour leur usage personnel et exclusif et devront appliquer ces droits sur la base des principes de bonne foi et de la r\u00e9glementation applicable.<\/p>\n\n\n\n<p>L&rsquo;utilisation du SITE ou de l&rsquo;un de ses \u00e9l\u00e9ments \u00e0 des fins commerciales ou illicites est strictement interdite. L&rsquo;utilisation non autoris\u00e9e des informations contenues dans ce portail, ainsi que les dommages caus\u00e9s aux droits de propri\u00e9t\u00e9 intellectuelle, peuvent donner lieu \u00e0 l&rsquo;exercice des actions l\u00e9gales pertinentes et, le cas \u00e9ch\u00e9ant, aux responsabilit\u00e9s qui en d\u00e9coulent.<\/p>\n\n\n\n<h2 class=\"wp-block-heading\"><a><\/a><strong>Engagements<\/strong><\/h2>\n\n\n\n<p><strong><em>HOTEL DE L&rsquo;ISARD S.L. <\/em><\/strong>s&rsquo;engage \u00e0 ne pas faire de publicit\u00e9 mensong\u00e8re. En ce sens, les erreurs formelles ou num\u00e9riques qui pourraient \u00eatre constat\u00e9es dans le contenu des diff\u00e9rentes sections du SITE WEB en raison de la maintenance et\/ou de la mise \u00e0 jour incompl\u00e8te ou d\u00e9fectueuse de l&rsquo;information contenue dans ces sections du SITE WEB en raison de ce qui pr\u00e9c\u00e8de dans cette section ne seront pas consid\u00e9r\u00e9es comme de la publicit\u00e9 trompeuse, <strong><em>l&rsquo;HOTEL DE L&rsquo;ISARD S.L.<\/em><\/strong> s&rsquo;engageant \u00e0 corriger cette situation d\u00e8s qu&rsquo;il aura connaissance de ces erreurs.<\/p>\n\n\n\n<h2 class=\"wp-block-heading\"><a><\/a><strong>Acceptation<\/strong><strong><\/strong><\/h2>\n\n\n\n<p><a><\/a>L&rsquo;utilisation du SITE implique l&rsquo;acceptation expresse et totale des pr\u00e9sentes conditions g\u00e9n\u00e9rales et de toutes et chacune des dispositions incluses dans le pr\u00e9sent avis juridique dans la version publi\u00e9e au moment o\u00f9 l&rsquo;utilisateur acc\u00e8de \u00e0 cet avis (\u00e0 l&rsquo;exception de la politique de confidentialit\u00e9, qui doit \u00eatre express\u00e9ment accept\u00e9e). Par cons\u00e9quent, il est recommand\u00e9 aux utilisateurs de lire cet avis juridique chaque fois qu&rsquo;ils acc\u00e8dent au SITE, \u00e9tant donn\u00e9 que des modifications peuvent \u00eatre apport\u00e9es aux conditions g\u00e9n\u00e9rales, sans pr\u00e9judice des conditions particuli\u00e8res qui peuvent s&rsquo;appliquer \u00e0 certains services sp\u00e9cifiques du SITE.<\/p>\n\n\n\n<h1 class=\"wp-block-heading\" id=\"h-droit-applicable-et-juridiction\">Droit applicable et juridiction<\/h1>\n\n\n\n<p>Les pr\u00e9sentes conditions d&rsquo;acc\u00e8s et d&rsquo;utilisation sont soumises \u00e0 la loi andorrane et \u00e0 la juridiction de ses tribunaux.<\/p>\n","protected":false},"excerpt":{"rendered":"<p>Cet avis l\u00e9gal contient les conditions g\u00e9n\u00e9rales d&rsquo;acc\u00e8s et d&rsquo;utilisation du site web www.hotelisard.com, ci-apr\u00e8s d\u00e9nomm\u00e9 \u00ab\u00a0le SITE WEB\u00a0\u00bb, dont HOTEL DE L&rsquo;ISARD S.L. est le propri\u00e9taire et le titulaire, soci\u00e9t\u00e9 dont le si\u00e8ge social est situ\u00e9 \u00e0 AVDA. MERITXELL, 34 &#8211; AD500 ANDORRA LA VIEJA, NRT L-705558-F, inscrite au Registre du Commerce sous le [&hellip;]<\/p>\n","protected":false},"author":4,"featured_media":0,"parent":0,"menu_order":0,"comment_status":"closed","ping_status":"closed","template":"","meta":{"ocean_post_layout":"","ocean_both_sidebars_style":"","ocean_both_sidebars_content_width":0,"ocean_both_sidebars_sidebars_width":0,"ocean_sidebar":"0","ocean_second_sidebar":"0","ocean_disable_margins":"enable","ocean_add_body_class":"","ocean_shortcode_before_top_bar":"","ocean_shortcode_after_top_bar":"","ocean_shortcode_before_header":"","ocean_shortcode_after_header":"","ocean_has_shortcode":"","ocean_shortcode_after_title":"","ocean_shortcode_before_footer_widgets":"","ocean_shortcode_after_footer_widgets":"","ocean_shortcode_before_footer_bottom":"","ocean_shortcode_after_footer_bottom":"","ocean_display_top_bar":"default","ocean_display_header":"default","ocean_header_style":"","ocean_center_header_left_menu":"0","ocean_custom_header_template":"0","ocean_custom_logo":0,"ocean_custom_retina_logo":0,"ocean_custom_logo_max_width":0,"ocean_custom_logo_tablet_max_width":0,"ocean_custom_logo_mobile_max_width":0,"ocean_custom_logo_max_height":0,"ocean_custom_logo_tablet_max_height":0,"ocean_custom_logo_mobile_max_height":0,"ocean_header_custom_menu":"0","ocean_menu_typo_font_family":"0","ocean_menu_typo_font_subset":"","ocean_menu_typo_font_size":0,"ocean_menu_typo_font_size_tablet":0,"ocean_menu_typo_font_size_mobile":0,"ocean_menu_typo_font_size_unit":"px","ocean_menu_typo_font_weight":"","ocean_menu_typo_font_weight_tablet":"","ocean_menu_typo_font_weight_mobile":"","ocean_menu_typo_transform":"","ocean_menu_typo_transform_tablet":"","ocean_menu_typo_transform_mobile":"","ocean_menu_typo_line_height":0,"ocean_menu_typo_line_height_tablet":0,"ocean_menu_typo_line_height_mobile":0,"ocean_menu_typo_line_height_unit":"","ocean_menu_typo_spacing":0,"ocean_menu_typo_spacing_tablet":0,"ocean_menu_typo_spacing_mobile":0,"ocean_menu_typo_spacing_unit":"","ocean_menu_link_color":"","ocean_menu_link_color_hover":"","ocean_menu_link_color_active":"","ocean_menu_link_background":"","ocean_menu_link_hover_background":"","ocean_menu_link_active_background":"","ocean_menu_social_links_bg":"","ocean_menu_social_hover_links_bg":"","ocean_menu_social_links_color":"","ocean_menu_social_hover_links_color":"","ocean_disable_title":"default","ocean_disable_heading":"default","ocean_post_title":"","ocean_post_subheading":"","ocean_post_title_style":"","ocean_post_title_background_color":"","ocean_post_title_background":0,"ocean_post_title_bg_image_position":"","ocean_post_title_bg_image_attachment":"","ocean_post_title_bg_image_repeat":"","ocean_post_title_bg_image_size":"","ocean_post_title_height":0,"ocean_post_title_bg_overlay":0.5,"ocean_post_title_bg_overlay_color":"","ocean_disable_breadcrumbs":"default","ocean_breadcrumbs_color":"","ocean_breadcrumbs_separator_color":"","ocean_breadcrumbs_links_color":"","ocean_breadcrumbs_links_hover_color":"","ocean_display_footer_widgets":"default","ocean_display_footer_bottom":"default","ocean_custom_footer_template":"0","footnotes":""},"categoria_pagina":[],"class_list":["post-5081","page","type-page","status-publish","hentry","entry"],"yoast_head":"<!-- This site is optimized with the Yoast SEO Premium plugin v20.10 (Yoast SEO v27.5) - https:\/\/yoast.com\/product\/yoast-seo-premium-wordpress\/ -->\n<title>Mentions l\u00e9gales | H\u00f4tel de l&#039;Isard<\/title>\n<meta name=\"description\" content=\"Veuillez lire l&#039;avis juridique suivant, en gardant \u00e0 l&#039;esprit qu&#039;en continuant \u00e0 visiter ces pages, vous acceptez les termes de cet avis juridique.\" \/>\n<meta name=\"robots\" content=\"index, follow, max-snippet:-1, max-image-preview:large, max-video-preview:-1\" \/>\n<link rel=\"canonical\" href=\"https:\/\/www.hotelisard.com\/fr\/avis-juridique\/\" \/>\n<meta property=\"og:locale\" content=\"fr_FR\" \/>\n<meta property=\"og:type\" content=\"article\" \/>\n<meta property=\"og:title\" content=\"Avis juridique\" \/>\n<meta property=\"og:description\" content=\"Veuillez lire l&#039;avis juridique suivant, en gardant \u00e0 l&#039;esprit qu&#039;en continuant \u00e0 visiter ces pages, vous acceptez les termes de cet avis juridique.\" \/>\n<meta property=\"og:url\" content=\"https:\/\/www.hotelisard.com\/fr\/avis-juridique\/\" \/>\n<meta property=\"og:site_name\" content=\"Hotel Isard\" \/>\n<meta property=\"article:modified_time\" content=\"2023-09-18T13:32:30+00:00\" \/>\n<meta name=\"twitter:card\" content=\"summary_large_image\" \/>\n<meta name=\"twitter:label1\" content=\"Dur\u00e9e de lecture estim\u00e9e\" \/>\n\t<meta name=\"twitter:data1\" content=\"8 minutes\" \/>\n<script type=\"application\/ld+json\" class=\"yoast-schema-graph\">{\"@context\":\"https:\\\/\\\/schema.org\",\"@graph\":[{\"@type\":\"WebPage\",\"@id\":\"https:\\\/\\\/www.hotelisard.com\\\/fr\\\/avis-juridique\\\/\",\"url\":\"https:\\\/\\\/www.hotelisard.com\\\/fr\\\/avis-juridique\\\/\",\"name\":\"Mentions l\u00e9gales | H\u00f4tel de l'Isard\",\"isPartOf\":{\"@id\":\"https:\\\/\\\/www.hotelisard.com\\\/fr\\\/#website\"},\"datePublished\":\"2023-07-04T12:29:58+00:00\",\"dateModified\":\"2023-09-18T13:32:30+00:00\",\"description\":\"Veuillez lire l'avis juridique suivant, en gardant \u00e0 l'esprit qu'en continuant \u00e0 visiter ces pages, vous acceptez les termes de cet avis juridique.\",\"breadcrumb\":{\"@id\":\"https:\\\/\\\/www.hotelisard.com\\\/fr\\\/avis-juridique\\\/#breadcrumb\"},\"inLanguage\":\"fr-FR\",\"potentialAction\":[{\"@type\":\"ReadAction\",\"target\":[\"https:\\\/\\\/www.hotelisard.com\\\/fr\\\/avis-juridique\\\/\"]}]},{\"@type\":\"BreadcrumbList\",\"@id\":\"https:\\\/\\\/www.hotelisard.com\\\/fr\\\/avis-juridique\\\/#breadcrumb\",\"itemListElement\":[{\"@type\":\"ListItem\",\"position\":1,\"name\":\"Home\",\"item\":\"https:\\\/\\\/www.hotelisard.com\\\/fr\\\/\"},{\"@type\":\"ListItem\",\"position\":2,\"name\":\"Avis juridique\"}]},{\"@type\":\"WebSite\",\"@id\":\"https:\\\/\\\/www.hotelisard.com\\\/fr\\\/#website\",\"url\":\"https:\\\/\\\/www.hotelisard.com\\\/fr\\\/\",\"name\":\"Hotel Isard\",\"description\":\"Hotel Isard\",\"publisher\":{\"@id\":\"https:\\\/\\\/www.hotelisard.com\\\/fr\\\/#organization\"},\"potentialAction\":[{\"@type\":\"SearchAction\",\"target\":{\"@type\":\"EntryPoint\",\"urlTemplate\":\"https:\\\/\\\/www.hotelisard.com\\\/fr\\\/?s={search_term_string}\"},\"query-input\":{\"@type\":\"PropertyValueSpecification\",\"valueRequired\":true,\"valueName\":\"search_term_string\"}}],\"inLanguage\":\"fr-FR\"},{\"@type\":\"Organization\",\"@id\":\"https:\\\/\\\/www.hotelisard.com\\\/fr\\\/#organization\",\"name\":\"Hotel Isard\",\"url\":\"https:\\\/\\\/www.hotelisard.com\\\/fr\\\/\",\"logo\":{\"@type\":\"ImageObject\",\"inLanguage\":\"fr-FR\",\"@id\":\"https:\\\/\\\/www.hotelisard.com\\\/fr\\\/#\\\/schema\\\/logo\\\/image\\\/\",\"url\":\"https:\\\/\\\/www.hotelisard.com\\\/wp-content\\\/uploads\\\/2023\\\/03\\\/LOGO-ISARD@2x.png\",\"contentUrl\":\"https:\\\/\\\/www.hotelisard.com\\\/wp-content\\\/uploads\\\/2023\\\/03\\\/LOGO-ISARD@2x.png\",\"width\":309,\"height\":118,\"caption\":\"Hotel Isard\"},\"image\":{\"@id\":\"https:\\\/\\\/www.hotelisard.com\\\/fr\\\/#\\\/schema\\\/logo\\\/image\\\/\"}}]}<\/script>\n<!-- \/ Yoast SEO Premium plugin. -->","yoast_head_json":{"title":"Mentions l\u00e9gales | H\u00f4tel de l'Isard","description":"Veuillez lire l'avis juridique suivant, en gardant \u00e0 l'esprit qu'en continuant \u00e0 visiter ces pages, vous acceptez les termes de cet avis juridique.","robots":{"index":"index","follow":"follow","max-snippet":"max-snippet:-1","max-image-preview":"max-image-preview:large","max-video-preview":"max-video-preview:-1"},"canonical":"https:\/\/www.hotelisard.com\/fr\/avis-juridique\/","og_locale":"fr_FR","og_type":"article","og_title":"Avis juridique","og_description":"Veuillez lire l'avis juridique suivant, en gardant \u00e0 l'esprit qu'en continuant \u00e0 visiter ces pages, vous acceptez les termes de cet avis juridique.","og_url":"https:\/\/www.hotelisard.com\/fr\/avis-juridique\/","og_site_name":"Hotel Isard","article_modified_time":"2023-09-18T13:32:30+00:00","twitter_card":"summary_large_image","twitter_misc":{"Dur\u00e9e de lecture estim\u00e9e":"8 minutes"},"schema":{"@context":"https:\/\/schema.org","@graph":[{"@type":"WebPage","@id":"https:\/\/www.hotelisard.com\/fr\/avis-juridique\/","url":"https:\/\/www.hotelisard.com\/fr\/avis-juridique\/","name":"Mentions l\u00e9gales | H\u00f4tel de l'Isard","isPartOf":{"@id":"https:\/\/www.hotelisard.com\/fr\/#website"},"datePublished":"2023-07-04T12:29:58+00:00","dateModified":"2023-09-18T13:32:30+00:00","description":"Veuillez lire l'avis juridique suivant, en gardant \u00e0 l'esprit qu'en continuant \u00e0 visiter ces pages, vous acceptez les termes de cet avis juridique.","breadcrumb":{"@id":"https:\/\/www.hotelisard.com\/fr\/avis-juridique\/#breadcrumb"},"inLanguage":"fr-FR","potentialAction":[{"@type":"ReadAction","target":["https:\/\/www.hotelisard.com\/fr\/avis-juridique\/"]}]},{"@type":"BreadcrumbList","@id":"https:\/\/www.hotelisard.com\/fr\/avis-juridique\/#breadcrumb","itemListElement":[{"@type":"ListItem","position":1,"name":"Home","item":"https:\/\/www.hotelisard.com\/fr\/"},{"@type":"ListItem","position":2,"name":"Avis juridique"}]},{"@type":"WebSite","@id":"https:\/\/www.hotelisard.com\/fr\/#website","url":"https:\/\/www.hotelisard.com\/fr\/","name":"Hotel Isard","description":"Hotel Isard","publisher":{"@id":"https:\/\/www.hotelisard.com\/fr\/#organization"},"potentialAction":[{"@type":"SearchAction","target":{"@type":"EntryPoint","urlTemplate":"https:\/\/www.hotelisard.com\/fr\/?s={search_term_string}"},"query-input":{"@type":"PropertyValueSpecification","valueRequired":true,"valueName":"search_term_string"}}],"inLanguage":"fr-FR"},{"@type":"Organization","@id":"https:\/\/www.hotelisard.com\/fr\/#organization","name":"Hotel Isard","url":"https:\/\/www.hotelisard.com\/fr\/","logo":{"@type":"ImageObject","inLanguage":"fr-FR","@id":"https:\/\/www.hotelisard.com\/fr\/#\/schema\/logo\/image\/","url":"https:\/\/www.hotelisard.com\/wp-content\/uploads\/2023\/03\/LOGO-ISARD@2x.png","contentUrl":"https:\/\/www.hotelisard.com\/wp-content\/uploads\/2023\/03\/LOGO-ISARD@2x.png","width":309,"height":118,"caption":"Hotel Isard"},"image":{"@id":"https:\/\/www.hotelisard.com\/fr\/#\/schema\/logo\/image\/"}}]}},"_links":{"self":[{"href":"https:\/\/www.hotelisard.com\/fr\/wp-json\/wp\/v2\/pages\/5081","targetHints":{"allow":["GET"]}}],"collection":[{"href":"https:\/\/www.hotelisard.com\/fr\/wp-json\/wp\/v2\/pages"}],"about":[{"href":"https:\/\/www.hotelisard.com\/fr\/wp-json\/wp\/v2\/types\/page"}],"author":[{"embeddable":true,"href":"https:\/\/www.hotelisard.com\/fr\/wp-json\/wp\/v2\/users\/4"}],"replies":[{"embeddable":true,"href":"https:\/\/www.hotelisard.com\/fr\/wp-json\/wp\/v2\/comments?post=5081"}],"version-history":[{"count":0,"href":"https:\/\/www.hotelisard.com\/fr\/wp-json\/wp\/v2\/pages\/5081\/revisions"}],"wp:attachment":[{"href":"https:\/\/www.hotelisard.com\/fr\/wp-json\/wp\/v2\/media?parent=5081"}],"wp:term":[{"taxonomy":"categoria_pagina","embeddable":true,"href":"https:\/\/www.hotelisard.com\/fr\/wp-json\/wp\/v2\/categoria_pagina?post=5081"}],"curies":[{"name":"wp","href":"https:\/\/api.w.org\/{rel}","templated":true}]}}