{"id":6969,"date":"2023-09-18T15:56:22","date_gmt":"2023-09-18T13:56:22","guid":{"rendered":"https:\/\/www.hotelisard.com\/politica-de-privacidad\/"},"modified":"2023-10-03T09:27:33","modified_gmt":"2023-10-03T07:27:33","slug":"politique-de-confidentialite","status":"publish","type":"page","link":"https:\/\/www.hotelisard.com\/fr\/politique-de-confidentialite\/","title":{"rendered":"Politique de confidentialit\u00e9"},"content":{"rendered":"\t\t<div data-elementor-type=\"wp-post\" data-elementor-id=\"6969\" class=\"elementor elementor-6969 elementor-6943\" data-elementor-post-type=\"page\">\n\t\t\t\t\t\t<section class=\"elementor-section elementor-top-section elementor-element elementor-element-b4befea elementor-section-boxed elementor-section-height-default elementor-section-height-default\" data-id=\"b4befea\" data-element_type=\"section\" data-e-type=\"section\">\n\t\t\t\t\t\t<div class=\"elementor-container elementor-column-gap-default\">\n\t\t\t\t\t<div class=\"elementor-column elementor-col-100 elementor-top-column elementor-element elementor-element-e64d4e7\" data-id=\"e64d4e7\" data-element_type=\"column\" data-e-type=\"column\">\n\t\t\t<div class=\"elementor-widget-wrap elementor-element-populated\">\n\t\t\t\t\t\t<div class=\"elementor-element elementor-element-df1238c elementor-widget elementor-widget-heading\" data-id=\"df1238c\" data-element_type=\"widget\" data-e-type=\"widget\" data-widget_type=\"heading.default\">\n\t\t\t\t<div class=\"elementor-widget-container\">\n\t\t\t\t\t<h1 class=\"elementor-heading-title elementor-size-default\">Politique de confidentialit\u00e9<\/h1>\t\t\t\t<\/div>\n\t\t\t\t<\/div>\n\t\t\t\t\t<\/div>\n\t\t<\/div>\n\t\t\t\t\t<\/div>\n\t\t<\/section>\n\t\t\t\t<section class=\"elementor-section elementor-top-section elementor-element elementor-element-36d0259 elementor-section-boxed elementor-section-height-default elementor-section-height-default\" data-id=\"36d0259\" data-element_type=\"section\" data-e-type=\"section\">\n\t\t\t\t\t\t<div class=\"elementor-container elementor-column-gap-default\">\n\t\t\t\t\t<div class=\"elementor-column elementor-col-100 elementor-top-column elementor-element elementor-element-1cdcc2f\" data-id=\"1cdcc2f\" data-element_type=\"column\" data-e-type=\"column\">\n\t\t\t<div class=\"elementor-widget-wrap elementor-element-populated\">\n\t\t\t\t\t\t<div class=\"elementor-element elementor-element-ab0b6dc elementor-widget elementor-widget-heading\" data-id=\"ab0b6dc\" data-element_type=\"widget\" data-e-type=\"widget\" data-widget_type=\"heading.default\">\n\t\t\t\t<div class=\"elementor-widget-container\">\n\t\t\t\t\t<p class=\"elementor-heading-title elementor-size-default\">HOTEL DE L'ISARD S.L. s'engage \u00e0 prot\u00e9ger votre vie priv\u00e9e et \u00e0 d\u00e9velopper une technologie qui vous offre l'exp\u00e9rience la plus s\u00fbre sur le site Web. Cette d\u00e9claration de confidentialit\u00e9 s'applique au site web www.hotelisard.com et r\u00e9git la collecte et l'utilisation des donn\u00e9es. En acceptant la politique de confidentialit\u00e9, vous consentez aux pratiques d\u00e9crites dans cette d\u00e9claration.<\/p>\t\t\t\t<\/div>\n\t\t\t\t<\/div>\n\t\t\t\t\t<\/div>\n\t\t<\/div>\n\t\t\t\t\t<\/div>\n\t\t<\/section>\n\t\t\t\t<section class=\"elementor-section elementor-top-section elementor-element elementor-element-d02f9ae elementor-section-boxed elementor-section-height-default elementor-section-height-default\" data-id=\"d02f9ae\" data-element_type=\"section\" data-e-type=\"section\">\n\t\t\t\t\t\t<div class=\"elementor-container elementor-column-gap-default\">\n\t\t\t\t\t<div class=\"elementor-column elementor-col-100 elementor-top-column elementor-element elementor-element-ed99da3\" data-id=\"ed99da3\" data-element_type=\"column\" data-e-type=\"column\">\n\t\t\t<div class=\"elementor-widget-wrap elementor-element-populated\">\n\t\t\t\t\t\t<div class=\"elementor-element elementor-element-5ade01c elementor-widget elementor-widget-toggle\" data-id=\"5ade01c\" data-element_type=\"widget\" data-e-type=\"widget\" data-widget_type=\"toggle.default\">\n\t\t\t\t<div class=\"elementor-widget-container\">\n\t\t\t\t\t\t\t<div class=\"elementor-toggle\">\n\t\t\t\t\t\t\t<div class=\"elementor-toggle-item\">\n\t\t\t\t\t<div id=\"elementor-tab-title-9521\" class=\"elementor-tab-title\" data-tab=\"1\" role=\"button\" aria-controls=\"elementor-tab-content-9521\" aria-expanded=\"false\">\n\t\t\t\t\t\t\t\t\t\t\t\t<span class=\"elementor-toggle-icon elementor-toggle-icon-right\" aria-hidden=\"true\">\n\t\t\t\t\t\t\t\t\t\t\t\t\t\t\t<span class=\"elementor-toggle-icon-closed\"><i class=\"fas fa-chevron-down\"><\/i><\/span>\n\t\t\t\t\t\t\t\t<span class=\"elementor-toggle-icon-opened\"><i class=\"elementor-toggle-icon-opened fas fa-chevron-up\"><\/i><\/span>\n\t\t\t\t\t\t\t\t\t\t\t\t\t<\/span>\n\t\t\t\t\t\t\t\t\t\t\t\t<a class=\"elementor-toggle-title\" tabindex=\"0\">Qui est le responsable du traitement des donn\u00e9es ?<\/a>\n\t\t\t\t\t<\/div>\n\n\t\t\t\t\t<div id=\"elementor-tab-content-9521\" class=\"elementor-tab-content elementor-clearfix\" data-tab=\"1\" role=\"region\" aria-labelledby=\"elementor-tab-title-9521\"><p>Nous vous informons que les donn\u00e9es personnelles que vous fournissez par le biais de ce site web seront trait\u00e9es par <strong>HOTEL DE L&rsquo;ISARD S.L<\/strong>., en sa qualit\u00e9 de responsable du traitement. HOTEL DE L&rsquo;ISARD S.L. est le propri\u00e9taire de ce site web, une soci\u00e9t\u00e9 dont le si\u00e8ge social est situ\u00e9 \u00e0 AVDA. MERITXELL, 34 &#8211; AD500 ANDORRA LA VIEJA, NRT L-705558-F, inscrite au Registre du Commerce sous le num\u00e9ro 903437R et inscrite au Registre des Soci\u00e9t\u00e9s du Gouvernement du MI sous le num\u00e9ro 10409, livre S-123 folios 137 \u00e0 14 ci-apr\u00e8s \u00ab\u00a0HOTEL DE L&rsquo;ISARD S.L.\u00a0\u00bb.<\/p><\/div>\n\t\t\t\t<\/div>\n\t\t\t\t\t\t\t<div class=\"elementor-toggle-item\">\n\t\t\t\t\t<div id=\"elementor-tab-title-9522\" class=\"elementor-tab-title\" data-tab=\"2\" role=\"button\" aria-controls=\"elementor-tab-content-9522\" aria-expanded=\"false\">\n\t\t\t\t\t\t\t\t\t\t\t\t<span class=\"elementor-toggle-icon elementor-toggle-icon-right\" aria-hidden=\"true\">\n\t\t\t\t\t\t\t\t\t\t\t\t\t\t\t<span class=\"elementor-toggle-icon-closed\"><i class=\"fas fa-chevron-down\"><\/i><\/span>\n\t\t\t\t\t\t\t\t<span class=\"elementor-toggle-icon-opened\"><i class=\"elementor-toggle-icon-opened fas fa-chevron-up\"><\/i><\/span>\n\t\t\t\t\t\t\t\t\t\t\t\t\t<\/span>\n\t\t\t\t\t\t\t\t\t\t\t\t<a class=\"elementor-toggle-title\" tabindex=\"0\">Quelles sont les donn\u00e9es collect\u00e9es ?<\/a>\n\t\t\t\t\t<\/div>\n\n\t\t\t\t\t<div id=\"elementor-tab-content-9522\" class=\"elementor-tab-content elementor-clearfix\" data-tab=\"2\" role=\"region\" aria-labelledby=\"elementor-tab-title-9522\"><p>Nous vous informons que les donn\u00e9es personnelles que vous fournissez par le biais de ce site web seront trait\u00e9es par <strong>HOTEL DE L&rsquo;ISARD S.L<\/strong>., en sa qualit\u00e9 de responsable du traitement. HOTEL DE L&rsquo;ISARD S.L. est le propri\u00e9taire de ce site web, une soci\u00e9t\u00e9 dont le si\u00e8ge social est situ\u00e9 \u00e0 AVDA. MERITXELL, 34 &#8211; AD500 ANDORRA LA VIEJA, NRT L-705558-F, inscrite au Registre du Commerce sous le num\u00e9ro 903437R et inscrite au Registre des Soci\u00e9t\u00e9s du Gouvernement du MI sous le num\u00e9ro 10409, livre S-123 folios 137 \u00e0 14 ci-apr\u00e8s \u00ab\u00a0HOTEL DE L&rsquo;ISARD S.L.\u00a0\u00bb.<\/p><\/div>\n\t\t\t\t<\/div>\n\t\t\t\t\t\t\t<div class=\"elementor-toggle-item\">\n\t\t\t\t\t<div id=\"elementor-tab-title-9523\" class=\"elementor-tab-title\" data-tab=\"3\" role=\"button\" aria-controls=\"elementor-tab-content-9523\" aria-expanded=\"false\">\n\t\t\t\t\t\t\t\t\t\t\t\t<span class=\"elementor-toggle-icon elementor-toggle-icon-right\" aria-hidden=\"true\">\n\t\t\t\t\t\t\t\t\t\t\t\t\t\t\t<span class=\"elementor-toggle-icon-closed\"><i class=\"fas fa-chevron-down\"><\/i><\/span>\n\t\t\t\t\t\t\t\t<span class=\"elementor-toggle-icon-opened\"><i class=\"elementor-toggle-icon-opened fas fa-chevron-up\"><\/i><\/span>\n\t\t\t\t\t\t\t\t\t\t\t\t\t<\/span>\n\t\t\t\t\t\t\t\t\t\t\t\t<a class=\"elementor-toggle-title\" tabindex=\"0\">Quelles sont les donn\u00e9es collect\u00e9es ?<\/a>\n\t\t\t\t\t<\/div>\n\n\t\t\t\t\t<div id=\"elementor-tab-content-9523\" class=\"elementor-tab-content elementor-clearfix\" data-tab=\"3\" role=\"region\" aria-labelledby=\"elementor-tab-title-9523\"><p>Conform\u00e9ment aux dispositions de la loi 29\/2021, du 28 octobre, sur la protection des donn\u00e9es \u00e0 caract\u00e8re personnel (ci-apr\u00e8s, \u00ab\u00a0LQDP\u00a0\u00bb), et aux r\u00e8glements qui la d\u00e9veloppent, les utilisateurs de ce site web <a href=\"http:\/\/www.hotelisard.com\">www.hotelisard.com<\/a> \u00a0sont inform\u00e9s qu&rsquo;il ne collectera que les donn\u00e9es personnelles strictement n\u00e9cessaires \u00e0 la r\u00e9alisation des objectifs d\u00e9crits ci-dessous et que ces donn\u00e9es seront trait\u00e9es dans le plus grand respect des principes \u00e9tablis dans les r\u00e8glements sur la protection des donn\u00e9es.<\/p><\/div>\n\t\t\t\t<\/div>\n\t\t\t\t\t\t\t<div class=\"elementor-toggle-item\">\n\t\t\t\t\t<div id=\"elementor-tab-title-9524\" class=\"elementor-tab-title\" data-tab=\"4\" role=\"button\" aria-controls=\"elementor-tab-content-9524\" aria-expanded=\"false\">\n\t\t\t\t\t\t\t\t\t\t\t\t<span class=\"elementor-toggle-icon elementor-toggle-icon-right\" aria-hidden=\"true\">\n\t\t\t\t\t\t\t\t\t\t\t\t\t\t\t<span class=\"elementor-toggle-icon-closed\"><i class=\"fas fa-chevron-down\"><\/i><\/span>\n\t\t\t\t\t\t\t\t<span class=\"elementor-toggle-icon-opened\"><i class=\"elementor-toggle-icon-opened fas fa-chevron-up\"><\/i><\/span>\n\t\t\t\t\t\t\t\t\t\t\t\t\t<\/span>\n\t\t\t\t\t\t\t\t\t\t\t\t<a class=\"elementor-toggle-title\" tabindex=\"0\">Recueillons-nous des cookies?<\/a>\n\t\t\t\t\t<\/div>\n\n\t\t\t\t\t<div id=\"elementor-tab-content-9524\" class=\"elementor-tab-content elementor-clearfix\" data-tab=\"4\" role=\"region\" aria-labelledby=\"elementor-tab-title-9524\"><p>Notre site web, www.hotelisard.com, utilise des cookies et d&rsquo;autres technologies connexes (par commodit\u00e9, toutes les technologies sont d\u00e9sign\u00e9es par le terme \u00ab\u00a0cookies\u00a0\u00bb). Des cookies sont \u00e9galement plac\u00e9s par des tiers avec lesquels nous avons pass\u00e9 des contrats. Le lien suivant vous informera sur l&rsquo;utilisation des cookies sur notre site web https:\/\/www.hotelisard.com\/fr\/politique-de-cookies-ue\/<\/p><\/div>\n\t\t\t\t<\/div>\n\t\t\t\t\t\t\t<div class=\"elementor-toggle-item\">\n\t\t\t\t\t<div id=\"elementor-tab-title-9525\" class=\"elementor-tab-title\" data-tab=\"5\" role=\"button\" aria-controls=\"elementor-tab-content-9525\" aria-expanded=\"false\">\n\t\t\t\t\t\t\t\t\t\t\t\t<span class=\"elementor-toggle-icon elementor-toggle-icon-right\" aria-hidden=\"true\">\n\t\t\t\t\t\t\t\t\t\t\t\t\t\t\t<span class=\"elementor-toggle-icon-closed\"><i class=\"fas fa-chevron-down\"><\/i><\/span>\n\t\t\t\t\t\t\t\t<span class=\"elementor-toggle-icon-opened\"><i class=\"elementor-toggle-icon-opened fas fa-chevron-up\"><\/i><\/span>\n\t\t\t\t\t\t\t\t\t\t\t\t\t<\/span>\n\t\t\t\t\t\t\t\t\t\t\t\t<a class=\"elementor-toggle-title\" tabindex=\"0\">Dans quel but traitons-nous vos donn\u00e9es ?<\/a>\n\t\t\t\t\t<\/div>\n\n\t\t\t\t\t<div id=\"elementor-tab-content-9525\" class=\"elementor-tab-content elementor-clearfix\" data-tab=\"5\" role=\"region\" aria-labelledby=\"elementor-tab-title-9525\"><p><strong>HOTEL DE L&rsquo;ISARD S.L. <\/strong>peut traiter vos donn\u00e9es personnelles aux fins d\u00e9crites ci-dessous :<\/p><ul><li>Effectuer le check-in et le check-out ;<\/li><li>Mettre \u00e0 la disposition des autorit\u00e9s charg\u00e9es de l&rsquo;application de la loi des copies des documents d&rsquo;identit\u00e9 de tous les h\u00f4tes ;<\/li><li>Traiter les codes promotionnels et les paiements.<\/li><li>Vous fournir un service coh\u00e9rent et personnalis\u00e9, en vous conseillant sur les services dont vous pouvez b\u00e9n\u00e9ficier dans nos installations (en fonction de votre utilisation ant\u00e9rieure ou des pr\u00e9f\u00e9rences que vous nous avez communiqu\u00e9es) ;<\/li><li>Pour vous fournir des services de stockage de bagages, de coffre-fort et de parking ;<\/li><li>Acheter ou r\u00e9server des services offerts par des tiers, lorsque vous nous le demandez et en votre nom (par exemple, pour coordonner des excursions et d&rsquo;autres visites touristiques, pour organiser des taxis ou des v\u00e9hicules avec chauffeur, et pour faciliter la r\u00e9servation de restaurants et d&rsquo;\u00e9v\u00e9nements) ;<\/li><li>G\u00e9rer et vous fournir l&rsquo;acc\u00e8s au Wi-Fi, \u00e0 la t\u00e9l\u00e9vision et \u00e0 d&rsquo;autres services de connectivit\u00e9 (y compris l&rsquo;acc\u00e8s aux services du centre d&rsquo;affaires tels que les t\u00e9l\u00e9copieurs et les photocopieurs) et aux syst\u00e8mes de divertissement (tels que la PlayStation ou la vid\u00e9o \u00e0 la demande) ;<\/li><li>Vous fournir un service de restauration dans votre chambre (y compris en respectant les restrictions alimentaires, les besoins en mati\u00e8re de sant\u00e9 ou d&rsquo;autres besoins personnels que vous nous communiquez) ;<\/li><li>Vous fournir un service de chambre (y compris le nettoyage, les services de blanchisserie et toute autre chose que vous pourriez demander pour votre confort et que nous pouvons vous fournir, comme un oreiller, une couette ou un chargeur de t\u00e9l\u00e9phone portable)\u00a0;<\/li><li>Traiter toutes les autres demandes et requ\u00eates, ou vos plaintes et suggestions ; et d\u00e9terminer si vous avez droit \u00e0 des produits et services soumis \u00e0 des restrictions d&rsquo;\u00e2ge (tels que l&rsquo;alcool ou les divertissements pour adultes dans les chambres).<\/li><\/ul><p>Les bases qui nous l\u00e9gitiment \u00e0 traiter vos donn\u00e9es en relation avec chacune des finalit\u00e9s susmentionn\u00e9es sont le fait qu&rsquo;elles sont n\u00e9cessaires \u00e0 l&rsquo;ex\u00e9cution du contrat d&rsquo;achat de votre s\u00e9jour dans nos locaux ou \u00e0 l&rsquo;achat de services aupr\u00e8s de tiers, nos obligations l\u00e9gales (par exemple, en relation avec la collecte de documents d&rsquo;identit\u00e9 ou l&rsquo;\u00e9mission de factures), le consentement que vous exprimez en indiquant vos pr\u00e9f\u00e9rences alimentaires, et notre int\u00e9r\u00eat l\u00e9gitime \u00e0 respecter vos pr\u00e9f\u00e9rences (par exemple, en relation avec le fait que vous souhaitiez que votre chambre soit proche de l&rsquo;ascenseur ou \u00e0 un \u00e9tage plus \u00e9lev\u00e9).<\/p><p><strong>Cr\u00e9er un compte utilisateur pour nos h\u00f4tels<\/strong><\/p><p>Nous collectons les donn\u00e9es que vous fournissez lorsque vous vous inscrivez sur notre site web afin de cr\u00e9er un compte personnel qui facilitera la gestion de vos r\u00e9servations ou de vos achats et l&rsquo;\u00e9valuation de nos services. La base qui l\u00e9gitime cette activit\u00e9 de traitement est l&rsquo;ex\u00e9cution du contrat d&rsquo;utilisation que vous signez \u00e0 la fin de l&rsquo;enregistrement.<\/p><p><strong>Pour g\u00e9rer vos r\u00e9servations ou vos achats en ligne ou par t\u00e9l\u00e9phone<\/strong><\/p><p>Nous traitons les donn\u00e9es que vous nous fournissez dans le cadre de l&rsquo;achat de nos produits et services (par exemple, lorsque vous r\u00e9servez votre s\u00e9jour dans notre h\u00f4tel) ou de promotions qui combinent nos services et produits avec ceux de nos partenaires (par exemple, des nuits d&rsquo;h\u00f4tel et des billets pour assister \u00e0 un spectacle), afin de formaliser votre achat ou votre r\u00e9servation et de vous communiquer toute information connexe par courrier \u00e9lectronique ou par t\u00e9l\u00e9phone, ainsi que pour g\u00e9rer et d\u00e9livrer les documents accr\u00e9ditant la r\u00e9servation ou l&rsquo;achat et toute communication connexe n\u00e9cessaire pour formaliser la r\u00e9servation ou la vente et toute communication connexe n\u00e9cessaire pour formaliser cette r\u00e9servation ou cette vente. Nous pouvons \u00e9galement utiliser les donn\u00e9es fournies lors de l&rsquo;achat ou de la r\u00e9servation pour g\u00e9rer, administrer, fournir, \u00e9tendre et am\u00e9liorer les services et les produits contract\u00e9s, et pour extraire des statistiques relatives \u00e0 l&rsquo;int\u00e9r\u00eat suscit\u00e9 par ces derniers et par nos promotions. Concr\u00e8tement, nous pouvons collecter le num\u00e9ro et la date d&rsquo;expiration de l&rsquo;une des cartes de cr\u00e9dit, ainsi que le nom du titulaire de la carte, \u00e0 titre de garantie de la r\u00e9servation et de contr\u00f4le de la fraude, et ajouter \u00e0 ces donn\u00e9es le code figurant au dos de la carte afin de l&rsquo;utiliser comme garantie de paiement \u00e0 partir du moment o\u00f9 vous entrez dans l&rsquo;h\u00f4tel. La base de ces traitements est le contrat de vente ou de r\u00e9servation du produit ou du service que vous signez lorsque vous effectuez l&rsquo;achat ou la r\u00e9servation, ainsi que notre int\u00e9r\u00eat l\u00e9gitime \u00e0 am\u00e9liorer la qualit\u00e9 des services que nous vous offrons.<\/p><p><strong>Analyser l&rsquo;\u00e9valuation de nos services et l&rsquo;int\u00e9r\u00eat pour nos campagnes de marketing<\/strong><\/p><p>Nous pouvons traiter les informations que vous nous fournissez, par exemple lors de l&rsquo;achat ou de la r\u00e9servation de produits ou de services, pour vous demander un retour d&rsquo;information. Nous pouvons \u00e9galement extraire des statistiques agr\u00e9g\u00e9es (c&rsquo;est-\u00e0-dire lorsque le r\u00e9sultat statistique ne comprend aucune information personnelle) en rapport avec l&rsquo;int\u00e9r\u00eat de nos campagnes de marketing. La base de ces traitements est notre int\u00e9r\u00eat l\u00e9gitime \u00e0 am\u00e9liorer la qualit\u00e9 de nos services et des \u00e9v\u00e9nements que nous g\u00e9rons ou promouvons, ainsi que nos campagnes de marketing.<\/p><p><strong>Pour vous envoyer des informations, des promotions et des r\u00e9ductions qui vous int\u00e9ressent.<\/strong><\/p><p>Nous traitons votre adresse \u00e9lectronique lorsque vous vous abonnez \u00e0 notre service de lettre d&rsquo;information, afin de vous informer des nouveaut\u00e9s, des \u00e9v\u00e9nements, des contenus exclusifs, des r\u00e9ductions ou des promotions, pour que vous puissiez profiter au mieux de nos installations et de nos services. En outre, nous collectons votre adresse \u00e9lectronique lorsque vous achetez nos services, afin de vous informer des nouveaut\u00e9s, des \u00e9v\u00e9nements, des contenus exclusifs, des r\u00e9ductions ou promotions et des concours ou tirages au sort, pour que vous puissiez profiter au mieux des services qui vous int\u00e9ressent. La base juridique de ce traitement est votre consentement, et vous pouvez retirer votre consentement \u00e0 tout moment en exer\u00e7ant votre droit comme indiqu\u00e9 ci-dessous dans la pr\u00e9sente politique ou en cliquant sur le lien figurant au bas de chaque courriel. La seule cons\u00e9quence du retrait de votre consentement est que vous ne recevrez plus les informations que nous vous envoyons et que vous ne pourrez plus participer aux promotions, concours ou loteries r\u00e9serv\u00e9s \u00e0 nos abonn\u00e9s.<\/p><p>Si vous recevez les informations et avez achet\u00e9 nos services, la base juridique de ce traitement est notre int\u00e9r\u00eat l\u00e9gitime \u00e0 vous tenir inform\u00e9 de nos produits et services li\u00e9s \u00e0 ceux que vous avez achet\u00e9s, auquel vous pouvez vous opposer \u00e0 tout moment, comme dans le cas pr\u00e9c\u00e9dent et avec les m\u00eames cons\u00e9quences, en exer\u00e7ant votre droit comme indiqu\u00e9 ci-dessous dans cette politique ou par le biais du lien \u00e0 cet effet au bas de tous nos courriels.<\/p><p><strong>Pour traiter vos demandes, requ\u00eates ou plaintes<\/strong><\/p><p>Nous collectons les donn\u00e9es \u00e0 caract\u00e8re personnel que vous nous fournissez par courrier \u00e9lectronique, par t\u00e9l\u00e9phone, en utilisant le formulaire de la page de contact ou dans le cadre de demandes d&rsquo;exercice de vos droits, afin de traiter vos demandes, requ\u00eates ou r\u00e9clamations relatives \u00e0 nos services ou \u00e0 vos droits en ce qui concerne vos donn\u00e9es \u00e0 caract\u00e8re personnel. La base juridique de ce traitement est votre consentement \u00e0 nous soumettre ou \u00e0 nous fournir ces donn\u00e9es, notre obligation l\u00e9gale de r\u00e9pondre \u00e0 vos demandes de droits et notre int\u00e9r\u00eat l\u00e9gitime \u00e0 vous r\u00e9pondre. La fourniture de vos donn\u00e9es personnelles est donc volontaire, mais si vous ne nous fournissez pas les donn\u00e9es personnelles dont nous avons besoin, nous ne serons pas en mesure de traiter votre demande, votre requ\u00eate ou votre plainte. Vous pouvez r\u00e9voquer votre consentement \u00e0 tout moment, mais cette r\u00e9vocation rendra \u00e9galement impossible la poursuite du traitement de votre demande, requ\u00eate ou plainte.<\/p><p><strong>Traiter toute plainte future<\/strong><\/p><p>Nous conservons les donn\u00e9es qui peuvent \u00eatre n\u00e9cessaires pour traiter vos \u00e9ventuelles r\u00e9clamations, ou les n\u00f4tres, sur la base de notre int\u00e9r\u00eat l\u00e9gitime \u00e0 nous d\u00e9fendre afin de sauvegarder nos droits.<\/p><p><strong>Contr\u00f4ler l&rsquo;acc\u00e8s \u00e0 nos installations, \u00e9v\u00e9nements ou services au moyen de billets ou de badges<\/strong><\/p><p>Nous utilisons vos donn\u00e9es de r\u00e9servation et votre carte d&rsquo;identit\u00e9 ou votre passeport, voire un document prouvant votre statut de personne prot\u00e9g\u00e9e par le Covid-19 (dans ce dernier cas uniquement si nous sommes l\u00e9galement tenus de le faire), pour vous autoriser ou vous refuser l&rsquo;acc\u00e8s \u00e0 nos installations et, \u00e9ventuellement, aux zones r\u00e9serv\u00e9es de nos \u00e9v\u00e9nements ou services, ainsi que pour analyser et contr\u00f4ler l&rsquo;utilisation et la logistique des diff\u00e9rentes zones, et pour assurer votre sant\u00e9 et votre s\u00e9curit\u00e9 (y compris la pr\u00e9vention de la propagation des maladies et la recherche des contacts des personnes affect\u00e9es par le Covid-19). La base juridique de ce traitement est le contrat de vente de votre chambre ou le contrat de services auquel vous \u00eates partie, et dans le cas o\u00f9 nous demandons des documents prouvant votre statut de personne prot\u00e9g\u00e9e par le Covid-19, notre obligation l\u00e9gale.<\/p><p><strong>Pour la garde et la restitution de vos objets perdus dans nos locaux.<\/strong><\/p><p>Si vous avez perdu un t\u00e9l\u00e9phone portable ou tout autre objet contenant des donn\u00e9es \u00e0 caract\u00e8re personnel, nous conserverons ces donn\u00e9es \u00e0 caract\u00e8re personnel jusqu&rsquo;\u00e0 ce que le propri\u00e9taire l\u00e9gitime de l&rsquo;objet perdu le r\u00e9clame avec succ\u00e8s \u00e0 notre point de service client\u00e8le ou, apr\u00e8s un d\u00e9lai raisonnable, nous le remettons aux autorit\u00e9s polici\u00e8res afin qu&rsquo;elles puissent prendre les dispositions n\u00e9cessaires pour sa conservation et sa restitution \u00e9ventuelle. Notre base l\u00e9gitime pour le traitement des donn\u00e9es personnelles des t\u00e9l\u00e9phones portables, portefeuilles, sacs \u00e0 dos et autres objets susceptibles de contenir des donn\u00e9es personnelles est notre int\u00e9r\u00eat l\u00e9gitime \u00e0 pr\u00e9venir leur vol et \u00e0 vous les restituer.<\/p><p><strong>Promouvoir nos installations, nos produits et nos services<\/strong><\/p><p>Si vous avez sign\u00e9 un contrat ou un consentement de cession de droit \u00e0 l&rsquo;image avec nous, nous pouvons collecter des photographies ou des vid\u00e9os de nos installations, produits ou services dans lesquelles vous \u00eates identifi\u00e9, et peut-\u00eatre visible, et ensuite les utiliser dans des campagnes promotionnelles ou les publier dans les m\u00e9dias, tels que la presse nationale ou internationale, notre site web ou nos r\u00e9seaux sociaux. Si vous avez sign\u00e9 un consentement de cession de droits d&rsquo;image, nous vous informons que vous pouvez le r\u00e9voquer \u00e0 tout moment car nous retirons votre image de notre site web et\/ou de nos r\u00e9seaux, sans que la r\u00e9vocation n&rsquo;ait d&rsquo;effet sur la diffusion de votre image qui a eu lieu avant le traitement de celle-ci.<\/p><p>En outre, nous pouvons enregistrer graphiquement l&rsquo;ambiance de nos locaux afin de promouvoir nos locaux, nos produits et nos services et, \u00e9ventuellement, votre image et votre voix peuvent appara\u00eetre dans ce mat\u00e9riel graphique. Contrairement au paragraphe pr\u00e9c\u00e9dent, dans ce cas, la base juridique du traitement de vos images est notre int\u00e9r\u00eat l\u00e9gitime, auquel vous pouvez vous opposer \u00e0 tout moment si vous estimez qu&rsquo;il est contraire \u00e0 vos propres int\u00e9r\u00eats. Afin d&rsquo;\u00e9valuer votre opposition \u00e0 notre int\u00e9r\u00eat l\u00e9gitime et, le cas \u00e9ch\u00e9ant, de retirer imm\u00e9diatement les images qui vous identifient, nous vous demanderons de nous indiquer o\u00f9 vous les avez vues.<\/p><p><strong>\u00c9tablir ou maintenir une relation avec nos fournisseurs<\/strong><\/p><p>Si vous repr\u00e9sentez un fournisseur de produits ou de services, nous recueillons vos coordonn\u00e9es et votre signature aux fins suivantes :<\/p><ol><li>G\u00e9rer nos relations de toute nature avec le fournisseur que vous repr\u00e9sentez<\/li><li>G\u00e9rer le dossier correspondant dans notre liste de fournisseurs autoris\u00e9s<\/li><li>G\u00e9rer les devis et les factures du fournisseur que vous repr\u00e9sentez.<\/li><\/ol><p>Les traitements li\u00e9s aux finalit\u00e9s a) et b) sont l\u00e9gitim\u00e9s par le contrat de travail ou de service que vous avez sign\u00e9 avec le fournisseur que vous repr\u00e9sentez et par notre int\u00e9r\u00eat l\u00e9gitime \u00e0 contacter le fournisseur. Les traitements li\u00e9s \u00e0 la finalit\u00e9 c) sont l\u00e9gitim\u00e9s par le fait qu&rsquo;ils sont n\u00e9cessaires \u00e0 l&rsquo;ex\u00e9cution du contrat que vous avez sign\u00e9 avec nous.<\/p><p><strong>Pr\u00e9server la s\u00e9curit\u00e9 gr\u00e2ce \u00e0 la vid\u00e9osurveillance<\/strong><\/p><p>Nous recueillons votre image par le biais de nos syst\u00e8mes de vid\u00e9osurveillance afin de pr\u00e9server la s\u00e9curit\u00e9 des personnes, des biens et des installations elles-m\u00eames et de disposer d&rsquo;un enregistrement vid\u00e9o comme preuve d&rsquo;\u00e9ventuels d\u00e9lits. La base de l\u00e9gitimit\u00e9 de ce traitement est l&rsquo;int\u00e9r\u00eat public pour la s\u00e9curit\u00e9 publique, notre int\u00e9r\u00eat l\u00e9gitime pour la s\u00e9curit\u00e9 de nos locaux et l&rsquo;int\u00e9r\u00eat l\u00e9gitime des tiers qui souhaitent demander une protection juridique pour un d\u00e9lit qui peut \u00eatre prouv\u00e9 par quelques minutes d&rsquo;enregistrement.<\/p><p><strong>S\u00e9lectionner et recruter notre personnel<\/strong><\/p><p>Nous traitons les donn\u00e9es des CV que vous nous envoyez volontairement pour g\u00e9rer la relation avec les candidats \u00e0 un emploi chez HUERSA, y compris le processus de recherche, de filtrage et de stockage des CV des candidats potentiels, le processus de s\u00e9lection du personnel et le processus de recrutement. La base de l\u00e9gitimit\u00e9 de ce traitement est votre consentement, que vous exprimez en nous envoyant votre CV, l&rsquo;ex\u00e9cution de mesures pr\u00e9contractuelles et, si nous n&rsquo;avons pas de processus de recrutement ouvert ou si vous n&rsquo;\u00eates pas s\u00e9lectionn\u00e9 et que nous consid\u00e9rons que vous pourriez correspondre \u00e0 de futurs processus de s\u00e9lection, notre int\u00e9r\u00eat l\u00e9gitime \u00e0 conserver votre CV pour l&rsquo;inclure dans ces futurs processus.<\/p><p><strong>Pour assurer le bon fonctionnement de notre site web (cookies fonctionnels)<\/strong><\/p><p>Nous utilisons des cookies fonctionnels pour assurer le bon fonctionnement de notre site web.<\/p><p>Ces cookies \u00e9tant n\u00e9cessaires au bon fonctionnement du site web, leur utilisation ne requiert pas votre consentement explicite, et la base qui nous l\u00e9gitime \u00e0 les utiliser est notre int\u00e9r\u00eat l\u00e9gitime \u00e0 pouvoir vous offrir les services de notre site web. Vous trouverez plus d&rsquo;informations sur ces cookies dans notre politique en mati\u00e8re de cookies.<\/p><p><strong>Extraire des statistiques agr\u00e9g\u00e9es sur l&rsquo;utilisation de notre site web par les visiteurs (cookies analytiques).<\/strong><\/p><p>Nous utilisons des cookies analytiques ou statistiques pour identifier les pages les plus et les moins visit\u00e9es, analyser le contenu qui int\u00e9resse le plus nos visiteurs et mesurer le succ\u00e8s de nos campagnes d&rsquo;information, tout cela dans le but d&rsquo;am\u00e9liorer les services que nous vous offrons par l&rsquo;interm\u00e9diaire du site web. Tous ces objectifs fournissent des r\u00e9sultats agr\u00e9g\u00e9s, dans lesquels il n&rsquo;est pas possible d&rsquo;identifier les int\u00e9r\u00eats d&rsquo;une personne en particulier. Ces cookies n&rsquo;\u00e9tant pas n\u00e9cessaires, nous ne les utiliserons pas tant que nous n&rsquo;aurons pas obtenu votre consentement, et le fait que vous ne donniez ou ne retiriez pas votre consentement n&rsquo;aura d&rsquo;autre effet que d&rsquo;entraver notre objectif d&rsquo;am\u00e9liorer le site web en analysant des statistiques agr\u00e9g\u00e9es sur les habitudes de navigation de nos visiteurs. Vous trouverez plus d&rsquo;informations sur ces cookies dans notre politique en mati\u00e8re de cookies.<\/p><p><strong>Pour vous envoyer de la publicit\u00e9 directe personnalis\u00e9e (cookies publicitaires)<\/strong><\/p><p>Nous utilisons nos propres cookies publicitaires et ceux de tiers pour envoyer de la publicit\u00e9 personnalis\u00e9e, soit de notre part, soit de la part de nos partenaires. Ces cookies n&rsquo;\u00e9tant pas n\u00e9cessaires, nous ne les utiliserons pas tant que nous n&rsquo;aurons pas obtenu votre consentement, et le fait que vous ne donniez pas ou retiriez votre consentement n&rsquo;aura pas d&rsquo;autre effet que le fait que votre visite sur notre site web ne pourra pas \u00eatre utilis\u00e9e pour am\u00e9liorer l&rsquo;int\u00e9r\u00eat de la publicit\u00e9 que vous recevrez. Vous trouverez plus d&rsquo;informations sur ces cookies dans notre politique en mati\u00e8re de cookies.<\/p><p><strong>Pour utiliser les services de Google<\/strong><\/p><p>En outre, en vertu d&rsquo;une obligation impos\u00e9e par Google LLC aux entit\u00e9s qui, comme nous, utilisent les outils Google Analytics et Google Ads, nous vous informons que ces deux services sont exploit\u00e9s par Google Inc. 1600 Amphitheatre Parkway, Mountain View, CA 94043, USA, et que Google Inc. est un b\u00e9n\u00e9ficiaire de ces services. Les informations g\u00e9n\u00e9r\u00e9es par les cookies concernant votre utilisation de ce site et vos pr\u00e9f\u00e9rences en mati\u00e8re de publicit\u00e9 sont g\u00e9n\u00e9ralement transmises \u00e0 un serveur de Google aux \u00c9tats-Unis et y sont stock\u00e9es. Pour plus d&rsquo;informations, veuillez consulter la page d\u00e9crivant l&rsquo;utilisation des informations par Google sur notre site web et\/ou la politique de confidentialit\u00e9 de Google pour ces services.<\/p><p>Nous vous informons que nous avons activ\u00e9 la fonction d&rsquo;anonymisation de l&rsquo;IP sur notre site Internet afin d&rsquo;ajouter des garanties suppl\u00e9mentaires aux clauses contractuelles standard prot\u00e9geant ce transfert international de donn\u00e9es vers les \u00c9tats-Unis. Ce faisant, Google raccourcira votre adresse IP avant de la transmettre aux \u00c9tats-Unis (processus d&rsquo;obscurcissement de votre identit\u00e9). Ce n&rsquo;est que dans des cas exceptionnels que l&rsquo;adresse IP compl\u00e8te est transmise \u00e0 un serveur de Google aux Etats-Unis et raccourcie. Google garantit que l&rsquo;adresse IP transmise par votre navigateur \u00e0 Google Analytics ne sera pas trait\u00e9e avec d&rsquo;autres donn\u00e9es d\u00e9tenues par Google.<\/p><p>Vous pouvez consulter les cat\u00e9gories de donn\u00e9es personnelles trait\u00e9es par ces services \u00e0 l&rsquo;adresse privacy.google.com\/businesses\/adsservices.<\/p><p><strong>\u00c0 d&rsquo;autres fins qui ne sont pas incompatibles avec ce qui pr\u00e9c\u00e8de<\/strong><\/p><p>Nous pouvons utiliser vos donn\u00e9es personnelles \u00e0 d&rsquo;autres fins qui ne sont pas incompatibles avec ce qui pr\u00e9c\u00e8de (telles que des fins d&rsquo;archivage dans l&rsquo;int\u00e9r\u00eat public, des fins de recherche scientifique ou historique, ou des fins statistiques) lorsque cela est autoris\u00e9 par les lois applicables en mati\u00e8re de protection des donn\u00e9es et, bien entendu, en agissant conform\u00e9ment \u00e0 ces lois et \u00e0 toutes les autres lois applicables.<\/p><\/div>\n\t\t\t\t<\/div>\n\t\t\t\t\t\t\t<div class=\"elementor-toggle-item\">\n\t\t\t\t\t<div id=\"elementor-tab-title-9526\" class=\"elementor-tab-title\" data-tab=\"6\" role=\"button\" aria-controls=\"elementor-tab-content-9526\" aria-expanded=\"false\">\n\t\t\t\t\t\t\t\t\t\t\t\t<span class=\"elementor-toggle-icon elementor-toggle-icon-right\" aria-hidden=\"true\">\n\t\t\t\t\t\t\t\t\t\t\t\t\t\t\t<span class=\"elementor-toggle-icon-closed\"><i class=\"fas fa-chevron-down\"><\/i><\/span>\n\t\t\t\t\t\t\t\t<span class=\"elementor-toggle-icon-opened\"><i class=\"elementor-toggle-icon-opened fas fa-chevron-up\"><\/i><\/span>\n\t\t\t\t\t\t\t\t\t\t\t\t\t<\/span>\n\t\t\t\t\t\t\t\t\t\t\t\t<a class=\"elementor-toggle-title\" tabindex=\"0\">Combien de temps mes donn\u00e9es seront-elles conserv\u00e9es ?<\/a>\n\t\t\t\t\t<\/div>\n\n\t\t\t\t\t<div id=\"elementor-tab-content-9526\" class=\"elementor-tab-content elementor-clearfix\" data-tab=\"6\" role=\"region\" aria-labelledby=\"elementor-tab-title-9526\"><p><strong>HOTEL DE L&rsquo;ISARD S.L<\/strong>. conservera vos donn\u00e9es personnelles pendant la dur\u00e9e n\u00e9cessaire aux fins d\u00e9crites ci-dessus. Dans le cas o\u00f9 il existe une l\u00e9gislation qui oblige <strong>HOTEL DE L&rsquo;ISARD S.L<\/strong>. \u00e0 conserver vos donn\u00e9es personnelles,<strong> HOTEL DE L&rsquo;ISARD S.L. <\/strong>conservera vos donn\u00e9es personnelles pendant cette p\u00e9riode suppl\u00e9mentaire, mais elles seront bloqu\u00e9es et ne seront trait\u00e9es que pour assurer leur conservation. \u00c0 la fin de cette p\u00e9riode, les donn\u00e9es personnelles seront supprim\u00e9es.<\/p><\/div>\n\t\t\t\t<\/div>\n\t\t\t\t\t\t\t<div class=\"elementor-toggle-item\">\n\t\t\t\t\t<div id=\"elementor-tab-title-9527\" class=\"elementor-tab-title\" data-tab=\"7\" role=\"button\" aria-controls=\"elementor-tab-content-9527\" aria-expanded=\"false\">\n\t\t\t\t\t\t\t\t\t\t\t\t<span class=\"elementor-toggle-icon elementor-toggle-icon-right\" aria-hidden=\"true\">\n\t\t\t\t\t\t\t\t\t\t\t\t\t\t\t<span class=\"elementor-toggle-icon-closed\"><i class=\"fas fa-chevron-down\"><\/i><\/span>\n\t\t\t\t\t\t\t\t<span class=\"elementor-toggle-icon-opened\"><i class=\"elementor-toggle-icon-opened fas fa-chevron-up\"><\/i><\/span>\n\t\t\t\t\t\t\t\t\t\t\t\t\t<\/span>\n\t\t\t\t\t\t\t\t\t\t\t\t<a class=\"elementor-toggle-title\" tabindex=\"0\">\u00c0 qui transmettrons-nous vos donn\u00e9es ?<\/a>\n\t\t\t\t\t<\/div>\n\n\t\t\t\t\t<div id=\"elementor-tab-content-9527\" class=\"elementor-tab-content elementor-clearfix\" data-tab=\"7\" role=\"region\" aria-labelledby=\"elementor-tab-title-9527\"><p>En r\u00e8gle g\u00e9n\u00e9rale, vos donn\u00e9es ne seront pas transmises \u00e0 des tiers sans votre consentement expr\u00e8s. Afin d&rsquo;atteindre les objectifs susmentionn\u00e9s, et uniquement lorsque cela est n\u00e9cessaire, vos donn\u00e9es personnelles peuvent \u00eatre communiqu\u00e9es \u00e0 :<\/p><p>\u00a0<\/p><ol><li>Les sous-traitants de <strong>HOTEL DE L&rsquo;ISARD S.L.<\/strong> qui doivent traiter vos donn\u00e9es personnelles en relation avec la finalit\u00e9 en question, ce qu&rsquo;ils feront selon les instructions de cette entit\u00e9 et conform\u00e9ment \u00e0 sa politique de confidentialit\u00e9 et \u00e0 toutes les mesures de s\u00e9curit\u00e9 et de confidentialit\u00e9 appropri\u00e9es que <strong>HOTEL DE L&rsquo;ISARD S.L.<\/strong> met en place.<\/li><li>les administrations publiques comp\u00e9tentes, dans les cas pr\u00e9vus par la loi et aux fins qui y sont d\u00e9finies.<\/li><\/ol><\/div>\n\t\t\t\t<\/div>\n\t\t\t\t\t\t\t<div class=\"elementor-toggle-item\">\n\t\t\t\t\t<div id=\"elementor-tab-title-9528\" class=\"elementor-tab-title\" data-tab=\"8\" role=\"button\" aria-controls=\"elementor-tab-content-9528\" aria-expanded=\"false\">\n\t\t\t\t\t\t\t\t\t\t\t\t<span class=\"elementor-toggle-icon elementor-toggle-icon-right\" aria-hidden=\"true\">\n\t\t\t\t\t\t\t\t\t\t\t\t\t\t\t<span class=\"elementor-toggle-icon-closed\"><i class=\"fas fa-chevron-down\"><\/i><\/span>\n\t\t\t\t\t\t\t\t<span class=\"elementor-toggle-icon-opened\"><i class=\"elementor-toggle-icon-opened fas fa-chevron-up\"><\/i><\/span>\n\t\t\t\t\t\t\t\t\t\t\t\t\t<\/span>\n\t\t\t\t\t\t\t\t\t\t\t\t<a class=\"elementor-toggle-title\" tabindex=\"0\">Allons-nous transmettre vos donn\u00e9es dans des pays autres que l'Andorre ?<\/a>\n\t\t\t\t\t<\/div>\n\n\t\t\t\t\t<div id=\"elementor-tab-content-9528\" class=\"elementor-tab-content elementor-clearfix\" data-tab=\"8\" role=\"region\" aria-labelledby=\"elementor-tab-title-9528\"><p>Services de pr\u00e9-r\u00e9servation et de r\u00e9servation : Witbooking (INTEDOCS SOLUCIONES DIGITALES SL,) bas\u00e9 en Espagne.<a href=\"https:\/\/booking.hotelisard.com\/hotelisard\/es\/availability?_gl=1*17g2s9y*_ga*MTM0NjM3MzI3LjE2ODk3NzM4MTI.*_ga_T1W7TQ5T7H*MTY5NDUxMTYyMy43Ni4x\"><em>https:\/\/booking.hotelisard.com\/hotelisard\/es\/availability?_gl=1*17g2s9y*_ga*MTM0NjM3MzI3LjE2ODk3NzM4MTI.*_ga_T1W7TQ5T7H*MTY5NDUxMTYyMy43Ni4x<\/em><\/a><\/p><\/div>\n\t\t\t\t<\/div>\n\t\t\t\t\t\t\t<div class=\"elementor-toggle-item\">\n\t\t\t\t\t<div id=\"elementor-tab-title-9529\" class=\"elementor-tab-title\" data-tab=\"9\" role=\"button\" aria-controls=\"elementor-tab-content-9529\" aria-expanded=\"false\">\n\t\t\t\t\t\t\t\t\t\t\t\t<span class=\"elementor-toggle-icon elementor-toggle-icon-right\" aria-hidden=\"true\">\n\t\t\t\t\t\t\t\t\t\t\t\t\t\t\t<span class=\"elementor-toggle-icon-closed\"><i class=\"fas fa-chevron-down\"><\/i><\/span>\n\t\t\t\t\t\t\t\t<span class=\"elementor-toggle-icon-opened\"><i class=\"elementor-toggle-icon-opened fas fa-chevron-up\"><\/i><\/span>\n\t\t\t\t\t\t\t\t\t\t\t\t\t<\/span>\n\t\t\t\t\t\t\t\t\t\t\t\t<a class=\"elementor-toggle-title\" tabindex=\"0\">Quels sont vos droits ?<\/a>\n\t\t\t\t\t<\/div>\n\n\t\t\t\t\t<div id=\"elementor-tab-content-9529\" class=\"elementor-tab-content elementor-clearfix\" data-tab=\"9\" role=\"region\" aria-labelledby=\"elementor-tab-title-9529\"><p>Conform\u00e9ment \u00e0 la LQPD et \u00e0 ses r\u00e8glements d&rsquo;application, <strong>HOTEL DE L&rsquo;ISARD S.L.<\/strong> vous informe que vous disposez des droits d&rsquo;acc\u00e8s, de rectification, de limitation du traitement, de portabilit\u00e9, de suppression et d&rsquo;opposition de vos donn\u00e9es personnelles, reconnus dans la r\u00e9glementation susmentionn\u00e9e. Pour exercer ces droits, vous devez envoyer une communication \u00e9crite et sign\u00e9e \u00e0 l&rsquo;adresse \u00e9lectronique <a href=\"mailto:p.privacidad@hotelisard.com\">p.privacidad@hotelisard.com<\/a> , \u00e0 laquelle vous devez joindre une copie de votre passeport ou autre document d&rsquo;identit\u00e9 national. En cas de violation de vos droits, notamment lorsque vous n&rsquo;avez pas obtenu satisfaction dans leur exercice, vous pouvez introduire une r\u00e9clamation aupr\u00e8s de l&rsquo;Agence andorrane de protection des donn\u00e9es. Vous pouvez \u00e9galement obtenir plus d&rsquo;informations sur vos droits en vous adressant \u00e0 ces organismes.<\/p><\/div>\n\t\t\t\t<\/div>\n\t\t\t\t\t\t\t<div class=\"elementor-toggle-item\">\n\t\t\t\t\t<div id=\"elementor-tab-title-95210\" class=\"elementor-tab-title\" data-tab=\"10\" role=\"button\" aria-controls=\"elementor-tab-content-95210\" aria-expanded=\"false\">\n\t\t\t\t\t\t\t\t\t\t\t\t<span class=\"elementor-toggle-icon elementor-toggle-icon-right\" aria-hidden=\"true\">\n\t\t\t\t\t\t\t\t\t\t\t\t\t\t\t<span class=\"elementor-toggle-icon-closed\"><i class=\"fas fa-chevron-down\"><\/i><\/span>\n\t\t\t\t\t\t\t\t<span class=\"elementor-toggle-icon-opened\"><i class=\"elementor-toggle-icon-opened fas fa-chevron-up\"><\/i><\/span>\n\t\t\t\t\t\t\t\t\t\t\t\t\t<\/span>\n\t\t\t\t\t\t\t\t\t\t\t\t<a class=\"elementor-toggle-title\" tabindex=\"0\">Puis-je retirer mon consentement ?<\/a>\n\t\t\t\t\t<\/div>\n\n\t\t\t\t\t<div id=\"elementor-tab-content-95210\" class=\"elementor-tab-content elementor-clearfix\" data-tab=\"10\" role=\"region\" aria-labelledby=\"elementor-tab-title-95210\"><p>Le consentement donn\u00e9 pour une finalit\u00e9 sp\u00e9cifique peut \u00eatre retir\u00e9 \u00e0 tout moment, sans affecter la l\u00e9galit\u00e9 du traitement fond\u00e9 sur le consentement avant son retrait. Dans ce cas, <strong>HOTEL DE L&rsquo;ISARD S.L.<\/strong> cessera de traiter les donn\u00e9es personnelles ou, le cas \u00e9ch\u00e9ant, cessera de le faire pour cette finalit\u00e9 sp\u00e9cifique, sauf pour des raisons l\u00e9gitimes imp\u00e9rieuses, ou pour l&rsquo;exercice ou la d\u00e9fense d&rsquo;\u00e9ventuelles r\u00e9clamations.<\/p><\/div>\n\t\t\t\t<\/div>\n\t\t\t\t\t\t\t<div class=\"elementor-toggle-item\">\n\t\t\t\t\t<div id=\"elementor-tab-title-95211\" class=\"elementor-tab-title\" data-tab=\"11\" role=\"button\" aria-controls=\"elementor-tab-content-95211\" aria-expanded=\"false\">\n\t\t\t\t\t\t\t\t\t\t\t\t<span class=\"elementor-toggle-icon elementor-toggle-icon-right\" aria-hidden=\"true\">\n\t\t\t\t\t\t\t\t\t\t\t\t\t\t\t<span class=\"elementor-toggle-icon-closed\"><i class=\"fas fa-chevron-down\"><\/i><\/span>\n\t\t\t\t\t\t\t\t<span class=\"elementor-toggle-icon-opened\"><i class=\"elementor-toggle-icon-opened fas fa-chevron-up\"><\/i><\/span>\n\t\t\t\t\t\t\t\t\t\t\t\t\t<\/span>\n\t\t\t\t\t\t\t\t\t\t\t\t<a class=\"elementor-toggle-title\" tabindex=\"0\">Quelles mesures de s\u00e9curit\u00e9 prendrons-nous pour prot\u00e9ger vos donn\u00e9es ?<\/a>\n\t\t\t\t\t<\/div>\n\n\t\t\t\t\t<div id=\"elementor-tab-content-95211\" class=\"elementor-tab-content elementor-clearfix\" data-tab=\"11\" role=\"region\" aria-labelledby=\"elementor-tab-title-95211\"><p><strong>HOTEL DE L&rsquo;ISARD S.L. <\/strong>garantit que le traitement de vos donn\u00e9es personnelles est soumis au plus strict devoir de confidentialit\u00e9 et que les mesures techniques et organisationnelles n\u00e9cessaires ont \u00e9t\u00e9 mises en place pour garantir la s\u00e9curit\u00e9 de vos donn\u00e9es personnelles et \u00e9viter leur alt\u00e9ration, leur mauvaise utilisation, leur perte, leur vol et leur traitement et\/ou acc\u00e8s non autoris\u00e9.<\/p><\/div>\n\t\t\t\t<\/div>\n\t\t\t\t\t\t\t<div class=\"elementor-toggle-item\">\n\t\t\t\t\t<div id=\"elementor-tab-title-95212\" class=\"elementor-tab-title\" data-tab=\"12\" role=\"button\" aria-controls=\"elementor-tab-content-95212\" aria-expanded=\"false\">\n\t\t\t\t\t\t\t\t\t\t\t\t<span class=\"elementor-toggle-icon elementor-toggle-icon-right\" aria-hidden=\"true\">\n\t\t\t\t\t\t\t\t\t\t\t\t\t\t\t<span class=\"elementor-toggle-icon-closed\"><i class=\"fas fa-chevron-down\"><\/i><\/span>\n\t\t\t\t\t\t\t\t<span class=\"elementor-toggle-icon-opened\"><i class=\"elementor-toggle-icon-opened fas fa-chevron-up\"><\/i><\/span>\n\t\t\t\t\t\t\t\t\t\t\t\t\t<\/span>\n\t\t\t\t\t\t\t\t\t\t\t\t<a class=\"elementor-toggle-title\" tabindex=\"0\">Modifications \u00e9ventuelles de la politique de confidentialit\u00e9 ?<\/a>\n\t\t\t\t\t<\/div>\n\n\t\t\t\t\t<div id=\"elementor-tab-content-95212\" class=\"elementor-tab-content elementor-clearfix\" data-tab=\"12\" role=\"region\" aria-labelledby=\"elementor-tab-title-95212\"><p>Cette politique de confidentialit\u00e9 est sujette \u00e0 d&rsquo;\u00e9ventuelles modifications conform\u00e9ment \u00e0 la l\u00e9gislation applicable \u00e0 tout moment. En tout \u00e9tat de cause, toute modification de la pr\u00e9sente politique de confidentialit\u00e9 vous sera d\u00fbment notifi\u00e9e afin que vous soyez inform\u00e9 des changements et que vous puissiez donner votre consentement expr\u00e8s \u00e0 ces changements.<\/p><\/div>\n\t\t\t\t<\/div>\n\t\t\t\t\t\t\t\t<\/div>\n\t\t\t\t\t\t<\/div>\n\t\t\t\t<\/div>\n\t\t\t\t\t<\/div>\n\t\t<\/div>\n\t\t\t\t\t<\/div>\n\t\t<\/section>\n\t\t\t\t<\/div>\n\t\t","protected":false},"excerpt":{"rendered":"<p>Politique de confidentialit\u00e9 HOTEL DE L&rsquo;ISARD S.L. s&rsquo;engage \u00e0 prot\u00e9ger votre vie priv\u00e9e et \u00e0 d\u00e9velopper une technologie qui vous offre l&rsquo;exp\u00e9rience la plus s\u00fbre sur le site Web. Cette d\u00e9claration de confidentialit\u00e9 s&rsquo;applique au site web www.hotelisard.com et r\u00e9git la collecte et l&rsquo;utilisation des donn\u00e9es. En acceptant la politique de confidentialit\u00e9, vous consentez aux [&hellip;]<\/p>\n","protected":false},"author":4,"featured_media":0,"parent":0,"menu_order":0,"comment_status":"closed","ping_status":"closed","template":"","meta":{"ocean_post_layout":"","ocean_both_sidebars_style":"","ocean_both_sidebars_content_width":0,"ocean_both_sidebars_sidebars_width":0,"ocean_sidebar":"0","ocean_second_sidebar":"0","ocean_disable_margins":"on","ocean_add_body_class":"","ocean_shortcode_before_top_bar":"","ocean_shortcode_after_top_bar":"","ocean_shortcode_before_header":"","ocean_shortcode_after_header":"","ocean_has_shortcode":"","ocean_shortcode_after_title":"","ocean_shortcode_before_footer_widgets":"","ocean_shortcode_after_footer_widgets":"","ocean_shortcode_before_footer_bottom":"","ocean_shortcode_after_footer_bottom":"","ocean_display_top_bar":"default","ocean_display_header":"default","ocean_header_style":"","ocean_center_header_left_menu":"0","ocean_custom_header_template":"0","ocean_custom_logo":0,"ocean_custom_retina_logo":0,"ocean_custom_logo_max_width":0,"ocean_custom_logo_tablet_max_width":0,"ocean_custom_logo_mobile_max_width":0,"ocean_custom_logo_max_height":0,"ocean_custom_logo_tablet_max_height":0,"ocean_custom_logo_mobile_max_height":0,"ocean_header_custom_menu":"0","ocean_menu_typo_font_family":"0","ocean_menu_typo_font_subset":"","ocean_menu_typo_font_size":0,"ocean_menu_typo_font_size_tablet":0,"ocean_menu_typo_font_size_mobile":0,"ocean_menu_typo_font_size_unit":"px","ocean_menu_typo_font_weight":"","ocean_menu_typo_font_weight_tablet":"","ocean_menu_typo_font_weight_mobile":"","ocean_menu_typo_transform":"","ocean_menu_typo_transform_tablet":"","ocean_menu_typo_transform_mobile":"","ocean_menu_typo_line_height":0,"ocean_menu_typo_line_height_tablet":0,"ocean_menu_typo_line_height_mobile":0,"ocean_menu_typo_line_height_unit":"","ocean_menu_typo_spacing":0,"ocean_menu_typo_spacing_tablet":0,"ocean_menu_typo_spacing_mobile":0,"ocean_menu_typo_spacing_unit":"","ocean_menu_link_color":"","ocean_menu_link_color_hover":"","ocean_menu_link_color_active":"","ocean_menu_link_background":"","ocean_menu_link_hover_background":"","ocean_menu_link_active_background":"","ocean_menu_social_links_bg":"","ocean_menu_social_hover_links_bg":"","ocean_menu_social_links_color":"","ocean_menu_social_hover_links_color":"","ocean_disable_title":"on","ocean_disable_heading":"default","ocean_post_title":"","ocean_post_subheading":"","ocean_post_title_style":"","ocean_post_title_background_color":"","ocean_post_title_background":0,"ocean_post_title_bg_image_position":"","ocean_post_title_bg_image_attachment":"","ocean_post_title_bg_image_repeat":"","ocean_post_title_bg_image_size":"","ocean_post_title_height":0,"ocean_post_title_bg_overlay":0.5,"ocean_post_title_bg_overlay_color":"","ocean_disable_breadcrumbs":"default","ocean_breadcrumbs_color":"","ocean_breadcrumbs_separator_color":"","ocean_breadcrumbs_links_color":"","ocean_breadcrumbs_links_hover_color":"","ocean_display_footer_widgets":"default","ocean_display_footer_bottom":"default","ocean_custom_footer_template":"0","footnotes":""},"categoria_pagina":[],"class_list":["post-6969","page","type-page","status-publish","hentry","entry"],"yoast_head":"<!-- This site is optimized with the Yoast SEO Premium plugin v20.10 (Yoast SEO v27.5) - https:\/\/yoast.com\/product\/yoast-seo-premium-wordpress\/ -->\n<title>Preguntas frecuentes | Hotel de l&#039;Isard<\/title>\n<meta name=\"description\" content=\"Ponemos a tu disposici\u00f3n una lista de preguntas frecuentes para que tengas las respuestas de una manera m\u00e1s r\u00e1pida y f\u00e1cil. \u00a1Haz tu reserva!\" \/>\n<meta name=\"robots\" content=\"index, follow, max-snippet:-1, max-image-preview:large, max-video-preview:-1\" \/>\n<link rel=\"canonical\" href=\"https:\/\/www.hotelisard.com\/fr\/politique-de-confidentialite\/\" \/>\n<meta property=\"og:locale\" content=\"fr_FR\" \/>\n<meta property=\"og:type\" content=\"article\" \/>\n<meta property=\"og:title\" content=\"Politique de confidentialit\u00e9\" \/>\n<meta property=\"og:description\" content=\"Ponemos a tu disposici\u00f3n una lista de preguntas frecuentes para que tengas las respuestas de una manera m\u00e1s r\u00e1pida y f\u00e1cil. \u00a1Haz tu reserva!\" \/>\n<meta property=\"og:url\" content=\"https:\/\/www.hotelisard.com\/fr\/politique-de-confidentialite\/\" \/>\n<meta property=\"og:site_name\" content=\"Hotel Isard\" \/>\n<meta property=\"article:modified_time\" content=\"2023-10-03T07:27:33+00:00\" \/>\n<meta name=\"twitter:card\" content=\"summary_large_image\" \/>\n<meta name=\"twitter:label1\" content=\"Dur\u00e9e de lecture estim\u00e9e\" \/>\n\t<meta name=\"twitter:data1\" content=\"20 minutes\" \/>\n<script type=\"application\/ld+json\" class=\"yoast-schema-graph\">{\"@context\":\"https:\\\/\\\/schema.org\",\"@graph\":[{\"@type\":\"WebPage\",\"@id\":\"https:\\\/\\\/www.hotelisard.com\\\/fr\\\/politique-de-confidentialite\\\/\",\"url\":\"https:\\\/\\\/www.hotelisard.com\\\/fr\\\/politique-de-confidentialite\\\/\",\"name\":\"Preguntas frecuentes | Hotel de l'Isard\",\"isPartOf\":{\"@id\":\"https:\\\/\\\/www.hotelisard.com\\\/fr\\\/#website\"},\"datePublished\":\"2023-09-18T13:56:22+00:00\",\"dateModified\":\"2023-10-03T07:27:33+00:00\",\"description\":\"Ponemos a tu disposici\u00f3n una lista de preguntas frecuentes para que tengas las respuestas de una manera m\u00e1s r\u00e1pida y f\u00e1cil. \u00a1Haz tu reserva!\",\"breadcrumb\":{\"@id\":\"https:\\\/\\\/www.hotelisard.com\\\/fr\\\/politique-de-confidentialite\\\/#breadcrumb\"},\"inLanguage\":\"fr-FR\",\"potentialAction\":[{\"@type\":\"ReadAction\",\"target\":[\"https:\\\/\\\/www.hotelisard.com\\\/fr\\\/politique-de-confidentialite\\\/\"]}]},{\"@type\":\"BreadcrumbList\",\"@id\":\"https:\\\/\\\/www.hotelisard.com\\\/fr\\\/politique-de-confidentialite\\\/#breadcrumb\",\"itemListElement\":[{\"@type\":\"ListItem\",\"position\":1,\"name\":\"Home\",\"item\":\"https:\\\/\\\/www.hotelisard.com\\\/fr\\\/\"},{\"@type\":\"ListItem\",\"position\":2,\"name\":\"Politique de confidentialit\u00e9\"}]},{\"@type\":\"WebSite\",\"@id\":\"https:\\\/\\\/www.hotelisard.com\\\/fr\\\/#website\",\"url\":\"https:\\\/\\\/www.hotelisard.com\\\/fr\\\/\",\"name\":\"Hotel Isard\",\"description\":\"Hotel Isard\",\"publisher\":{\"@id\":\"https:\\\/\\\/www.hotelisard.com\\\/fr\\\/#organization\"},\"potentialAction\":[{\"@type\":\"SearchAction\",\"target\":{\"@type\":\"EntryPoint\",\"urlTemplate\":\"https:\\\/\\\/www.hotelisard.com\\\/fr\\\/?s={search_term_string}\"},\"query-input\":{\"@type\":\"PropertyValueSpecification\",\"valueRequired\":true,\"valueName\":\"search_term_string\"}}],\"inLanguage\":\"fr-FR\"},{\"@type\":\"Organization\",\"@id\":\"https:\\\/\\\/www.hotelisard.com\\\/fr\\\/#organization\",\"name\":\"Hotel Isard\",\"url\":\"https:\\\/\\\/www.hotelisard.com\\\/fr\\\/\",\"logo\":{\"@type\":\"ImageObject\",\"inLanguage\":\"fr-FR\",\"@id\":\"https:\\\/\\\/www.hotelisard.com\\\/fr\\\/#\\\/schema\\\/logo\\\/image\\\/\",\"url\":\"https:\\\/\\\/www.hotelisard.com\\\/wp-content\\\/uploads\\\/2023\\\/03\\\/LOGO-ISARD@2x.png\",\"contentUrl\":\"https:\\\/\\\/www.hotelisard.com\\\/wp-content\\\/uploads\\\/2023\\\/03\\\/LOGO-ISARD@2x.png\",\"width\":309,\"height\":118,\"caption\":\"Hotel Isard\"},\"image\":{\"@id\":\"https:\\\/\\\/www.hotelisard.com\\\/fr\\\/#\\\/schema\\\/logo\\\/image\\\/\"}}]}<\/script>\n<!-- \/ Yoast SEO Premium plugin. -->","yoast_head_json":{"title":"Preguntas frecuentes | Hotel de l'Isard","description":"Ponemos a tu disposici\u00f3n una lista de preguntas frecuentes para que tengas las respuestas de una manera m\u00e1s r\u00e1pida y f\u00e1cil. \u00a1Haz tu reserva!","robots":{"index":"index","follow":"follow","max-snippet":"max-snippet:-1","max-image-preview":"max-image-preview:large","max-video-preview":"max-video-preview:-1"},"canonical":"https:\/\/www.hotelisard.com\/fr\/politique-de-confidentialite\/","og_locale":"fr_FR","og_type":"article","og_title":"Politique de confidentialit\u00e9","og_description":"Ponemos a tu disposici\u00f3n una lista de preguntas frecuentes para que tengas las respuestas de una manera m\u00e1s r\u00e1pida y f\u00e1cil. \u00a1Haz tu reserva!","og_url":"https:\/\/www.hotelisard.com\/fr\/politique-de-confidentialite\/","og_site_name":"Hotel Isard","article_modified_time":"2023-10-03T07:27:33+00:00","twitter_card":"summary_large_image","twitter_misc":{"Dur\u00e9e de lecture estim\u00e9e":"20 minutes"},"schema":{"@context":"https:\/\/schema.org","@graph":[{"@type":"WebPage","@id":"https:\/\/www.hotelisard.com\/fr\/politique-de-confidentialite\/","url":"https:\/\/www.hotelisard.com\/fr\/politique-de-confidentialite\/","name":"Preguntas frecuentes | Hotel de l'Isard","isPartOf":{"@id":"https:\/\/www.hotelisard.com\/fr\/#website"},"datePublished":"2023-09-18T13:56:22+00:00","dateModified":"2023-10-03T07:27:33+00:00","description":"Ponemos a tu disposici\u00f3n una lista de preguntas frecuentes para que tengas las respuestas de una manera m\u00e1s r\u00e1pida y f\u00e1cil. \u00a1Haz tu reserva!","breadcrumb":{"@id":"https:\/\/www.hotelisard.com\/fr\/politique-de-confidentialite\/#breadcrumb"},"inLanguage":"fr-FR","potentialAction":[{"@type":"ReadAction","target":["https:\/\/www.hotelisard.com\/fr\/politique-de-confidentialite\/"]}]},{"@type":"BreadcrumbList","@id":"https:\/\/www.hotelisard.com\/fr\/politique-de-confidentialite\/#breadcrumb","itemListElement":[{"@type":"ListItem","position":1,"name":"Home","item":"https:\/\/www.hotelisard.com\/fr\/"},{"@type":"ListItem","position":2,"name":"Politique de confidentialit\u00e9"}]},{"@type":"WebSite","@id":"https:\/\/www.hotelisard.com\/fr\/#website","url":"https:\/\/www.hotelisard.com\/fr\/","name":"Hotel Isard","description":"Hotel Isard","publisher":{"@id":"https:\/\/www.hotelisard.com\/fr\/#organization"},"potentialAction":[{"@type":"SearchAction","target":{"@type":"EntryPoint","urlTemplate":"https:\/\/www.hotelisard.com\/fr\/?s={search_term_string}"},"query-input":{"@type":"PropertyValueSpecification","valueRequired":true,"valueName":"search_term_string"}}],"inLanguage":"fr-FR"},{"@type":"Organization","@id":"https:\/\/www.hotelisard.com\/fr\/#organization","name":"Hotel Isard","url":"https:\/\/www.hotelisard.com\/fr\/","logo":{"@type":"ImageObject","inLanguage":"fr-FR","@id":"https:\/\/www.hotelisard.com\/fr\/#\/schema\/logo\/image\/","url":"https:\/\/www.hotelisard.com\/wp-content\/uploads\/2023\/03\/LOGO-ISARD@2x.png","contentUrl":"https:\/\/www.hotelisard.com\/wp-content\/uploads\/2023\/03\/LOGO-ISARD@2x.png","width":309,"height":118,"caption":"Hotel Isard"},"image":{"@id":"https:\/\/www.hotelisard.com\/fr\/#\/schema\/logo\/image\/"}}]}},"_links":{"self":[{"href":"https:\/\/www.hotelisard.com\/fr\/wp-json\/wp\/v2\/pages\/6969","targetHints":{"allow":["GET"]}}],"collection":[{"href":"https:\/\/www.hotelisard.com\/fr\/wp-json\/wp\/v2\/pages"}],"about":[{"href":"https:\/\/www.hotelisard.com\/fr\/wp-json\/wp\/v2\/types\/page"}],"author":[{"embeddable":true,"href":"https:\/\/www.hotelisard.com\/fr\/wp-json\/wp\/v2\/users\/4"}],"replies":[{"embeddable":true,"href":"https:\/\/www.hotelisard.com\/fr\/wp-json\/wp\/v2\/comments?post=6969"}],"version-history":[{"count":0,"href":"https:\/\/www.hotelisard.com\/fr\/wp-json\/wp\/v2\/pages\/6969\/revisions"}],"wp:attachment":[{"href":"https:\/\/www.hotelisard.com\/fr\/wp-json\/wp\/v2\/media?parent=6969"}],"wp:term":[{"taxonomy":"categoria_pagina","embeddable":true,"href":"https:\/\/www.hotelisard.com\/fr\/wp-json\/wp\/v2\/categoria_pagina?post=6969"}],"curies":[{"name":"wp","href":"https:\/\/api.w.org\/{rel}","templated":true}]}}